{"id":3478,"date":"2024-05-08T09:09:51","date_gmt":"2024-05-08T08:09:51","guid":{"rendered":"https:\/\/espaciolaplaza.es\/?post_type=mec-events&#038;p=3478"},"modified":"2024-05-08T10:44:59","modified_gmt":"2024-05-08T09:44:59","slug":"cine-filmoteca-as-bestas","status":"publish","type":"mec-events","link":"http:\/\/espaciolaplaza.es\/index.php\/events\/cine-filmoteca-as-bestas\/","title":{"rendered":"Cine filmoteca &#8216;As bestas&#8217;"},"content":{"rendered":"<p>No te pierdas este <strong>jueves 9 de mayo a las 19:30 h<\/strong>. la proyecci\u00f3n en el <strong>Teatro Municipal<\/strong> de la pel\u00edcula <strong>&#8216;As Bestas&#8217;<\/strong>,\u00a0ganadora de 9 Premios Goya .<\/p>\n<p><em><strong>Sinopsis:\u00a0\u00a0<\/strong>Antoine y Olga son una pareja francesa que se instal\u00f3 hace tiempo en una aldea del interior de Galicia. All\u00ed llevan una vida tranquila, aunque su convivencia con los lugare\u00f1os no es tan id\u00edlica como desear\u00edan. Un conflicto con sus vecinos, los hermanos Anta, har\u00e1 que la tensi\u00f3n crezca en la aldea hasta alcanzar un punto de no retorno.<\/em><\/p>\n<p><strong>Pel\u00edcula:\u00a0\u00a0<\/strong>T\u00edtulo original: As bestas. A\u00f1o: 2022. Duraci\u00f3n: 137 min. Pa\u00eds: Espa\u00f1a.\u00a0 Direcci\u00f3n: Rodrigo Sorogoyen. Guion: Isabel Pe\u00f1a, Rodrigo Sorogoyen. Reparto: Marina Fo\u00efs, Denis M\u00e9nochet, Luis Zahera, Diego Anido, Mar\u00eda Colomb, Luisa Merelas. M\u00fasica: Olivier Arson. Fotograf\u00eda: \u00c1lex de Pablo. Compa\u00f1\u00edas: Coproducci\u00f3n Espa\u00f1a-Francia; Arcadia Motion Pictures, Caballo Films, Cronos Entertainment AIE, Le Pacte, RTVE, Movistar Plus+, Canal+, Cin\u00e9+ G\u00e9nero: Thriller. Drama | Vida rural.<\/p>\n<p><iframe loading=\"lazy\" title=\"As bestas - Trailer final\" width=\"800\" height=\"450\" src=\"https:\/\/www.youtube.com\/embed\/8FfTwEbN9YA?feature=oembed\" frameborder=\"0\" allow=\"accelerometer; autoplay; clipboard-write; encrypted-media; gyroscope; picture-in-picture; web-share\" referrerpolicy=\"strict-origin-when-cross-origin\" allowfullscreen><\/iframe><\/p>\n","protected":false},"excerpt":{"rendered":"<p>No te pierdas este jueves 9 de mayo a las 19:30 h. la proyecci\u00f3n en el Teatro Municipal de la pel\u00edcula &#8216;As Bestas&#8217;,\u00a0ganadora de 9 Premios Goya . Sinopsis:\u00a0\u00a0Antoine y Olga son una pareja francesa que se instal\u00f3 hace tiempo en una aldea del interior de Galicia. All\u00ed llevan una vida tranquila, aunque su convivencia [&hellip;]<\/p>\n","protected":false},"author":2,"featured_media":3470,"template":"","tags":[624,164,210,58,83,129,627,626,17,240,625,40],"mec_category":[313],"_links":{"self":[{"href":"http:\/\/espaciolaplaza.es\/index.php\/wp-json\/wp\/v2\/mec-events\/3478"}],"collection":[{"href":"http:\/\/espaciolaplaza.es\/index.php\/wp-json\/wp\/v2\/mec-events"}],"about":[{"href":"http:\/\/espaciolaplaza.es\/index.php\/wp-json\/wp\/v2\/types\/mec-events"}],"author":[{"embeddable":true,"href":"http:\/\/espaciolaplaza.es\/index.php\/wp-json\/wp\/v2\/users\/2"}],"wp:featuredmedia":[{"embeddable":true,"href":"http:\/\/espaciolaplaza.es\/index.php\/wp-json\/wp\/v2\/media\/3470"}],"wp:attachment":[{"href":"http:\/\/espaciolaplaza.es\/index.php\/wp-json\/wp\/v2\/media?parent=3478"}],"wp:term":[{"taxonomy":"post_tag","embeddable":true,"href":"http:\/\/espaciolaplaza.es\/index.php\/wp-json\/wp\/v2\/tags?post=3478"},{"taxonomy":"mec_category","embeddable":true,"href":"http:\/\/espaciolaplaza.es\/index.php\/wp-json\/wp\/v2\/mec_category?post=3478"}],"curies":[{"name":"wp","href":"https:\/\/api.w.org\/{rel}","templated":true}]}}