{"id":4159,"date":"2025-04-01T10:19:55","date_gmt":"2025-04-01T09:19:55","guid":{"rendered":"https:\/\/espaciolaplaza.es\/?post_type=mec-events&#038;p=4159"},"modified":"2025-04-15T10:06:55","modified_gmt":"2025-04-15T09:06:55","slug":"cine-comercial-the-alto-knights","status":"publish","type":"mec-events","link":"http:\/\/espaciolaplaza.es\/index.php\/events\/cine-comercial-the-alto-knights\/","title":{"rendered":"Cine Comercial: &#8216;The Alto Knights&#8217;"},"content":{"rendered":"<div class=\"credits\">No te pierdas este finde semana la proyecci\u00f3n de la pel\u00edcula <em>&#8216;The Alto Knights&#8217;<\/em>, en el\u00a0<strong>Teatro Municipal<\/strong>\u00a0de\u00a0<strong>Los Corrales de Buelna<\/strong>.<\/div>\n<div>\n<ul>\n<li>D\u00edas: 4, 5, 6 y 7 de abril.<\/li>\n<li>Hora: 17:00 y 20:00 h.<\/li>\n<li>Lugar: Teatro Municipal de Los Corrales de Buelna.<\/li>\n<li>Entrada general: 4,71\u20ac venta de entradas en taquilla y en\u00a0<a href=\"https:\/\/www.reservaentradas.com\/cine\/cantabria\/teatroloscorralesdebuelna\">reservaentradas.com<\/a><\/li>\n<\/ul>\n<\/div>\n<p><em>La pel\u00edcula sigue a dos de los jefes del crimen organizado m\u00e1s notorios de Nueva York, Frank Costello (De Niro) y Vito Genovese (De Niro), en su pugna por el control de las calles de la ciudad. Tras haber sido los mejores amigos, unos celos mezquinos y una serie de traiciones les llevan a una colisi\u00f3n mortal que cambiar\u00e1 la forma de la Mafia (y de Am\u00e9rica) para siempre. (FILMAFFINITY)<\/em><\/p>\n<dl class=\"movie-info\">\n<dt>\n<dl class=\"movie-info\">\n<dt>\n<dl class=\"movie-info\">\n<dt>T\u00edtulo original: The Alto Knights<span class=\"show-akas ui-corner-all\">aka\u00a0<i class=\"fa-solid fa-caret-down\"><\/i><\/span><\/dt>\n<dt>A\u00f1o: 2025<\/dt>\n<dt>Duraci\u00f3n: 122 min.<\/dt>\n<dt>Pa\u00eds:\u00a0Estados Unidos<\/dt>\n<dt>Direcci\u00f3n: Barry Levinson<\/dt>\n<dt>Guion: Nicholas Pileggi<\/dt>\n<\/dl>\n<\/dt>\n<\/dl>\n<\/dt>\n<\/dl>\n<p>\u00a1Te esperamos!<\/p>\n","protected":false},"excerpt":{"rendered":"<p>No te pierdas este finde semana la proyecci\u00f3n de la pel\u00edcula &#8216;The Alto Knights&#8217;, en el\u00a0Teatro Municipal\u00a0de\u00a0Los Corrales de Buelna. D\u00edas: 4, 5, 6 y 7 de abril. Hora: 17:00 y 20:00 h. Lugar: Teatro Municipal de Los Corrales de Buelna. Entrada general: 4,71\u20ac venta de entradas en taquilla y en\u00a0reservaentradas.com La pel\u00edcula sigue a [&hellip;]<\/p>\n","protected":false},"author":2,"featured_media":0,"template":"","tags":[164,210,38,673,793,83,17,897,41,326,134,40,896],"mec_category":[313],"_links":{"self":[{"href":"http:\/\/espaciolaplaza.es\/index.php\/wp-json\/wp\/v2\/mec-events\/4159"}],"collection":[{"href":"http:\/\/espaciolaplaza.es\/index.php\/wp-json\/wp\/v2\/mec-events"}],"about":[{"href":"http:\/\/espaciolaplaza.es\/index.php\/wp-json\/wp\/v2\/types\/mec-events"}],"author":[{"embeddable":true,"href":"http:\/\/espaciolaplaza.es\/index.php\/wp-json\/wp\/v2\/users\/2"}],"wp:attachment":[{"href":"http:\/\/espaciolaplaza.es\/index.php\/wp-json\/wp\/v2\/media?parent=4159"}],"wp:term":[{"taxonomy":"post_tag","embeddable":true,"href":"http:\/\/espaciolaplaza.es\/index.php\/wp-json\/wp\/v2\/tags?post=4159"},{"taxonomy":"mec_category","embeddable":true,"href":"http:\/\/espaciolaplaza.es\/index.php\/wp-json\/wp\/v2\/mec_category?post=4159"}],"curies":[{"name":"wp","href":"https:\/\/api.w.org\/{rel}","templated":true}]}}