{"id":523,"date":"2021-09-24T15:46:06","date_gmt":"2021-09-24T15:46:06","guid":{"rendered":"http:\/\/laplaza.webcantabria.com\/?page_id=523"},"modified":"2023-03-22T15:48:01","modified_gmt":"2023-03-22T14:48:01","slug":"fiestas-populares","status":"publish","type":"page","link":"http:\/\/espaciolaplaza.es\/index.php\/oficina-de-turismo\/fiestas-populares\/","title":{"rendered":"FIESTAS POPULARES"},"content":{"rendered":"\t\t<div data-elementor-type=\"wp-page\" data-elementor-id=\"523\" class=\"elementor elementor-523\" data-elementor-post-type=\"page\">\n\t\t\t\t\t\t\t\t\t<section class=\"elementor-section elementor-top-section elementor-element elementor-element-a82e1c1 elementor-section-height-min-height elementor-section-items-top elementor-section-stretched elementor-section-boxed elementor-section-height-default\" data-id=\"a82e1c1\" data-element_type=\"section\" data-settings=\"{&quot;stretch_section&quot;:&quot;section-stretched&quot;,&quot;background_background&quot;:&quot;classic&quot;,&quot;shape_divider_bottom&quot;:&quot;mountains&quot;}\">\n\t\t\t\t\t<div class=\"elementor-shape elementor-shape-bottom\" data-negative=\"false\">\n\t\t\t<svg xmlns=\"http:\/\/www.w3.org\/2000\/svg\" viewBox=\"0 0 1000 100\" preserveAspectRatio=\"none\">\n\t<path class=\"elementor-shape-fill\" opacity=\"0.33\" d=\"M473,67.3c-203.9,88.3-263.1-34-320.3,0C66,119.1,0,59.7,0,59.7V0h1000v59.7 c0,0-62.1,26.1-94.9,29.3c-32.8,3.3-62.8-12.3-75.8-22.1C806,49.6,745.3,8.7,694.9,4.7S492.4,59,473,67.3z\"\/>\n\t<path class=\"elementor-shape-fill\" opacity=\"0.66\" d=\"M734,67.3c-45.5,0-77.2-23.2-129.1-39.1c-28.6-8.7-150.3-10.1-254,39.1 s-91.7-34.4-149.2,0C115.7,118.3,0,39.8,0,39.8V0h1000v36.5c0,0-28.2-18.5-92.1-18.5C810.2,18.1,775.7,67.3,734,67.3z\"\/>\n\t<path class=\"elementor-shape-fill\" d=\"M766.1,28.9c-200-57.5-266,65.5-395.1,19.5C242,1.8,242,5.4,184.8,20.6C128,35.8,132.3,44.9,89.9,52.5C28.6,63.7,0,0,0,0 h1000c0,0-9.9,40.9-83.6,48.1S829.6,47,766.1,28.9z\"\/>\n<\/svg>\t\t<\/div>\n\t\t\t\t\t<div class=\"elementor-container elementor-column-gap-default\">\n\t\t\t\t\t<div class=\"elementor-column elementor-col-100 elementor-top-column elementor-element elementor-element-f5ff178\" data-id=\"f5ff178\" data-element_type=\"column\" data-settings=\"{&quot;background_background&quot;:&quot;classic&quot;}\">\n\t\t\t<div class=\"elementor-widget-wrap\">\n\t\t\t\t\t\t\t\t\t<\/div>\n\t\t<\/div>\n\t\t\t\t\t\t\t<\/div>\n\t\t<\/section>\n\t\t\t\t<section class=\"elementor-section elementor-top-section elementor-element elementor-element-3619a7c elementor-section-boxed elementor-section-height-default elementor-section-height-default\" data-id=\"3619a7c\" data-element_type=\"section\">\n\t\t\t\t\t\t<div class=\"elementor-container elementor-column-gap-default\">\n\t\t\t\t\t<div class=\"elementor-column elementor-col-100 elementor-top-column elementor-element elementor-element-1c8c4f9\" data-id=\"1c8c4f9\" data-element_type=\"column\">\n\t\t\t<div class=\"elementor-widget-wrap elementor-element-populated\">\n\t\t\t\t\t\t\t\t<div class=\"elementor-element elementor-element-04ce922 elementor-widget elementor-widget-heading\" data-id=\"04ce922\" data-element_type=\"widget\" data-widget_type=\"heading.default\">\n\t\t\t\t<div class=\"elementor-widget-container\">\n\t\t\t<style>\/*! elementor - v3.15.0 - 09-08-2023 *\/\n.elementor-heading-title{padding:0;margin:0;line-height:1}.elementor-widget-heading .elementor-heading-title[class*=elementor-size-]>a{color:inherit;font-size:inherit;line-height:inherit}.elementor-widget-heading .elementor-heading-title.elementor-size-small{font-size:15px}.elementor-widget-heading .elementor-heading-title.elementor-size-medium{font-size:19px}.elementor-widget-heading .elementor-heading-title.elementor-size-large{font-size:29px}.elementor-widget-heading .elementor-heading-title.elementor-size-xl{font-size:39px}.elementor-widget-heading .elementor-heading-title.elementor-size-xxl{font-size:59px}<\/style><h2 class=\"elementor-heading-title elementor-size-default\">Fiestas patronales<\/h2>\t\t<\/div>\n\t\t\t\t<\/div>\n\t\t\t\t<div class=\"elementor-element elementor-element-fb63366 elementor-widget elementor-widget-text-editor\" data-id=\"fb63366\" data-element_type=\"widget\" data-widget_type=\"text-editor.default\">\n\t\t\t\t<div class=\"elementor-widget-container\">\n\t\t\t<style>\/*! elementor - v3.15.0 - 09-08-2023 *\/\n.elementor-widget-text-editor.elementor-drop-cap-view-stacked .elementor-drop-cap{background-color:#69727d;color:#fff}.elementor-widget-text-editor.elementor-drop-cap-view-framed .elementor-drop-cap{color:#69727d;border:3px solid;background-color:transparent}.elementor-widget-text-editor:not(.elementor-drop-cap-view-default) .elementor-drop-cap{margin-top:8px}.elementor-widget-text-editor:not(.elementor-drop-cap-view-default) .elementor-drop-cap-letter{width:1em;height:1em}.elementor-widget-text-editor .elementor-drop-cap{float:left;text-align:center;line-height:1;font-size:50px}.elementor-widget-text-editor .elementor-drop-cap-letter{display:inline-block}<\/style>\t\t\t\t<p class=\"p2\">En nuestro municipio se celebran multitud de fiestas populares que logran dinamizar la actividad y animar la \u00e9poca estival. Entre ellas, destacan las <b>Fiestas Patronales de San Juan<\/b> que celebran el comienzo del verano y las <a href=\"https:\/\/guerrascantabras.net\" target=\"_blank\" rel=\"noopener\"><b>Guerras C\u00e1ntabras<\/b><\/a>, Fiestas de Inter\u00e9s Tur\u00edstico Internacional, que recrean el enfrentamiento entre las tribus de los antiguos c\u00e1ntabros y las tropas romanas en territorio c\u00e1ntabro.<\/p><p class=\"p2\">Cuando llega el oto\u00f1o, y el valle se llena de tonos pardos, rojizos y cobrizos, los casta\u00f1os toman el protagonismo de la vida l\u00fadica y social. Durante los meses de octubre y noviembre, momento id\u00f3neo para atropar casta\u00f1as, se celebran las <b>MAGOSTAS DE BUELNA<\/b>\u00a0en las diferentes localidades del municipio. Tradici\u00f3n ancestral en la que se asan las casta\u00f1as, cortadas con navaja, al calor del fuego, en un ambiente festivo entre canciones y bailes. Tras degustar las casta\u00f1as, se suele a\u00f1adir al festejo vino, chorizo, torreznos, an\u00eds, chocolate caliente y hasta dulces caseros. Como las \u201c<b>carboneras<\/b>\u201d de Coo, elaboradas a base de chocolate y casta\u00f1as, con forma de carb\u00f3n. En Coo adem\u00e1s de las carboneras tiene lugar el festival de m\u00fasica Folk \u201cEL JOYU\u201d durante la magosta.<b><\/b><\/p><p class=\"p2\"><span style=\"color: #000000; font-family: Arial, sans-serif;\">En oto\u00f1o se celebra en la villa de San Mateo, el <strong><a href=\"https:\/\/www.rebujasrock.com\" target=\"_blank\" rel=\"noopener\">Rebujas Rock<\/a>, <\/strong>uno de los mejores festivales de rock del norte de la pen\u00ednsula.<\/span><\/p><table class=\"t1\" cellspacing=\"0\" cellpadding=\"0\"><tbody><tr><td class=\"td1\" valign=\"middle\"><a href=\"https:\/\/guerrascantabras.net\" target=\"_blank\" rel=\"noopener\"><span class=\"s2\">Guerras C\u00e1ntabras <\/span><\/a><\/td><td class=\"td1\" valign=\"middle\"><p class=\"p4\">Los Corrales de Buelna<\/p><\/td><td class=\"td1\" valign=\"middle\"><p class=\"p4\">Finales de Agosto\/Primer fin de semana Septiembre<\/p><\/td><\/tr><tr><td class=\"td1\" valign=\"middle\"><p class=\"p4\">San Juan<\/p><\/td><td class=\"td1\" valign=\"middle\"><p class=\"p4\">Los Corrales de Buelna<\/p><\/td><td class=\"td1\" valign=\"middle\"><p class=\"p4\">24 de Junio<\/p><\/td><\/tr><tr><td class=\"td1\" valign=\"middle\"><p class=\"p4\">Nuestra Sra. de la Rueda<\/p><\/td><td class=\"td1\" valign=\"middle\"><p class=\"p4\">Barros<\/p><\/td><td class=\"td1\" valign=\"middle\"><p class=\"p4\">5 de Agosto<\/p><\/td><\/tr><tr><td class=\"td1\" valign=\"middle\"><p class=\"p4\">Nuestra Sra. de las Caldas<\/p><\/td><td class=\"td1\" valign=\"middle\"><p class=\"p4\">Las Caldas del Besaya<\/p><\/td><td class=\"td1\" valign=\"middle\"><p class=\"p4\">15 de Agosto<\/p><\/td><\/tr><tr><td class=\"td1\" valign=\"middle\"><p class=\"p4\">Nuestra Sra. de la Cuesta<\/p><\/td><td class=\"td1\" valign=\"middle\"><p class=\"p4\">Los Corrales de Buelna<\/p><\/td><td class=\"td1\" valign=\"middle\"><p class=\"p4\">15 de Agosto<\/p><\/td><\/tr><tr><td class=\"td1\" valign=\"middle\"><p class=\"p4\">San Roque<\/p><\/td><td class=\"td1\" valign=\"middle\"><p class=\"p4\">Somahoz<\/p><\/td><td class=\"td1\" valign=\"middle\"><p class=\"p4\">16 de Agosto<\/p><\/td><\/tr><tr><td class=\"td1\" valign=\"middle\"><p class=\"p4\">Los Remedios<\/p><\/td><td class=\"td1\" valign=\"middle\"><p class=\"p4\">Coo<\/p><\/td><td class=\"td1\" valign=\"middle\"><p class=\"p4\">2\u00ba Domingo de Septiembre<\/p><\/td><\/tr><tr><td class=\"td1\" valign=\"middle\"><p class=\"p4\">San Mateo<\/p><\/td><td class=\"td1\" valign=\"middle\"><p class=\"p4\">San Mateo<\/p><\/td><td class=\"td1\" valign=\"middle\"><p class=\"p4\">21 de Septiembre<\/p><\/td><\/tr><tr><td class=\"td1\" valign=\"middle\"><p class=\"p4\">San Cipriano<\/p><\/td><td class=\"td1\" valign=\"middle\"><p class=\"p4\">Los Corrales de Buelna<\/p><\/td><td class=\"td1\" valign=\"middle\"><p class=\"p4\">16 de Septiembre<\/p><\/td><\/tr><tr><td class=\"td1\" valign=\"middle\"><p class=\"p4\">San Miguel<\/p><\/td><td class=\"td1\" valign=\"middle\"><p class=\"p4\">Los Corrales de Buelna<\/p><\/td><td class=\"td1\" valign=\"middle\"><p class=\"p4\">29 de Septiembre<\/p><\/td><\/tr><\/tbody><\/table>\t\t\t\t\t\t<\/div>\n\t\t\t\t<\/div>\n\t\t\t\t\t<\/div>\n\t\t<\/div>\n\t\t\t\t\t\t\t<\/div>\n\t\t<\/section>\n\t\t\t\t<section class=\"elementor-section elementor-top-section elementor-element elementor-element-16abf30 elementor-section-boxed elementor-section-height-default elementor-section-height-default\" data-id=\"16abf30\" data-element_type=\"section\" data-settings=\"{&quot;shape_divider_bottom&quot;:&quot;mountains&quot;}\">\n\t\t\t\t\t<div class=\"elementor-shape elementor-shape-bottom\" data-negative=\"false\">\n\t\t\t<svg xmlns=\"http:\/\/www.w3.org\/2000\/svg\" viewBox=\"0 0 1000 100\" preserveAspectRatio=\"none\">\n\t<path class=\"elementor-shape-fill\" opacity=\"0.33\" d=\"M473,67.3c-203.9,88.3-263.1-34-320.3,0C66,119.1,0,59.7,0,59.7V0h1000v59.7 c0,0-62.1,26.1-94.9,29.3c-32.8,3.3-62.8-12.3-75.8-22.1C806,49.6,745.3,8.7,694.9,4.7S492.4,59,473,67.3z\"\/>\n\t<path class=\"elementor-shape-fill\" opacity=\"0.66\" d=\"M734,67.3c-45.5,0-77.2-23.2-129.1-39.1c-28.6-8.7-150.3-10.1-254,39.1 s-91.7-34.4-149.2,0C115.7,118.3,0,39.8,0,39.8V0h1000v36.5c0,0-28.2-18.5-92.1-18.5C810.2,18.1,775.7,67.3,734,67.3z\"\/>\n\t<path class=\"elementor-shape-fill\" d=\"M766.1,28.9c-200-57.5-266,65.5-395.1,19.5C242,1.8,242,5.4,184.8,20.6C128,35.8,132.3,44.9,89.9,52.5C28.6,63.7,0,0,0,0 h1000c0,0-9.9,40.9-83.6,48.1S829.6,47,766.1,28.9z\"\/>\n<\/svg>\t\t<\/div>\n\t\t\t\t\t<div class=\"elementor-container elementor-column-gap-default\">\n\t\t\t\t\t<div class=\"elementor-column elementor-col-100 elementor-top-column elementor-element elementor-element-c5482cd\" data-id=\"c5482cd\" data-element_type=\"column\">\n\t\t\t<div class=\"elementor-widget-wrap\">\n\t\t\t\t\t\t\t\t\t<\/div>\n\t\t<\/div>\n\t\t\t\t\t\t\t<\/div>\n\t\t<\/section>\n\t\t\t\t\t\t\t<\/div>\n\t\t","protected":false},"excerpt":{"rendered":"<p>Fiestas patronales En nuestro municipio se celebran multitud de fiestas populares que logran dinamizar la actividad y animar la \u00e9poca estival. Entre ellas, destacan las Fiestas Patronales de San Juan que celebran el comienzo del verano y las Guerras C\u00e1ntabras, Fiestas de Inter\u00e9s Tur\u00edstico Internacional, que recrean el enfrentamiento entre las tribus de los antiguos [&hellip;]<\/p>\n","protected":false},"author":1,"featured_media":0,"parent":159,"menu_order":0,"comment_status":"closed","ping_status":"closed","template":"elementor_header_footer","meta":{"footnotes":""},"_links":{"self":[{"href":"http:\/\/espaciolaplaza.es\/index.php\/wp-json\/wp\/v2\/pages\/523"}],"collection":[{"href":"http:\/\/espaciolaplaza.es\/index.php\/wp-json\/wp\/v2\/pages"}],"about":[{"href":"http:\/\/espaciolaplaza.es\/index.php\/wp-json\/wp\/v2\/types\/page"}],"author":[{"embeddable":true,"href":"http:\/\/espaciolaplaza.es\/index.php\/wp-json\/wp\/v2\/users\/1"}],"replies":[{"embeddable":true,"href":"http:\/\/espaciolaplaza.es\/index.php\/wp-json\/wp\/v2\/comments?post=523"}],"version-history":[{"count":18,"href":"http:\/\/espaciolaplaza.es\/index.php\/wp-json\/wp\/v2\/pages\/523\/revisions"}],"predecessor-version":[{"id":2477,"href":"http:\/\/espaciolaplaza.es\/index.php\/wp-json\/wp\/v2\/pages\/523\/revisions\/2477"}],"up":[{"embeddable":true,"href":"http:\/\/espaciolaplaza.es\/index.php\/wp-json\/wp\/v2\/pages\/159"}],"wp:attachment":[{"href":"http:\/\/espaciolaplaza.es\/index.php\/wp-json\/wp\/v2\/media?parent=523"}],"curies":[{"name":"wp","href":"https:\/\/api.w.org\/{rel}","templated":true}]}}