{"id":2617,"date":"2023-07-04T12:26:59","date_gmt":"2023-07-04T11:26:59","guid":{"rendered":"http:\/\/espaciolaplaza.es\/?post_type=mec-events&#038;p=2617"},"modified":"2023-07-04T12:26:59","modified_gmt":"2023-07-04T11:26:59","slug":"retransmision-de-la-opera-turandot-en-el-teatro-municipal-de-los-corrales-de-buelna","status":"publish","type":"mec-events","link":"https:\/\/espaciolaplaza.es\/index.php\/events\/retransmision-de-la-opera-turandot-en-el-teatro-municipal-de-los-corrales-de-buelna\/","title":{"rendered":"Retransmisi\u00f3n de la \u00f3pera Turandot en el Teatro Municipal de Los Corrales de Buelna"},"content":{"rendered":"<p>&nbsp;<\/p>\n<p>El pr\u00f3ximo 14 de julio, a las 21.00 horas, el Teatro Municipal de Los Corrales de Buelna acoger\u00e1 la retransmisi\u00f3n, en directo, de la \u00f3pera TURANDOT, desde el Teatro Real.<\/p>\n<p>Con entrada libre hasta completar aforo.<\/p>\n<p>Los espectadores podr\u00e1n disfrutar de las mejores voces\u00a0 del g\u00e9nero, que dar\u00e1n vida a los protagonistas de Turandot, de Giacomo Puccini, \u00faltima \u00f3pera del compositor, con la que invitaremos a los espectadores a resolver los tres enigmas de la cruel princesa china que construyen el drama y cuya soluci\u00f3n, camino al triunfo del amor, culmina con una de las arias m\u00e1s conocidas y hermosas de la historia de la \u00f3pera, Nessun dorma.<\/p>\n<p>&nbsp;<\/p>\n<p>&nbsp;<\/p>\n<p>&nbsp;<\/p>\n<p>&nbsp;<\/p>\n","protected":false},"excerpt":{"rendered":"<p>&nbsp; El pr\u00f3ximo 14 de julio, a las 21.00 horas, el Teatro Municipal de Los Corrales de Buelna acoger\u00e1 la retransmisi\u00f3n, en directo, de la \u00f3pera TURANDOT, desde el Teatro Real. Con entrada libre hasta completar aforo. Los espectadores podr\u00e1n disfrutar de las mejores voces\u00a0 del g\u00e9nero, que dar\u00e1n vida a los protagonistas de Turandot, [&hellip;]<\/p>\n","protected":false},"author":2,"featured_media":2619,"template":"","tags":[296,17,293,39,134,295,294],"mec_category":[],"_links":{"self":[{"href":"https:\/\/espaciolaplaza.es\/index.php\/wp-json\/wp\/v2\/mec-events\/2617"}],"collection":[{"href":"https:\/\/espaciolaplaza.es\/index.php\/wp-json\/wp\/v2\/mec-events"}],"about":[{"href":"https:\/\/espaciolaplaza.es\/index.php\/wp-json\/wp\/v2\/types\/mec-events"}],"author":[{"embeddable":true,"href":"https:\/\/espaciolaplaza.es\/index.php\/wp-json\/wp\/v2\/users\/2"}],"wp:featuredmedia":[{"embeddable":true,"href":"https:\/\/espaciolaplaza.es\/index.php\/wp-json\/wp\/v2\/media\/2619"}],"wp:attachment":[{"href":"https:\/\/espaciolaplaza.es\/index.php\/wp-json\/wp\/v2\/media?parent=2617"}],"wp:term":[{"taxonomy":"post_tag","embeddable":true,"href":"https:\/\/espaciolaplaza.es\/index.php\/wp-json\/wp\/v2\/tags?post=2617"},{"taxonomy":"mec_category","embeddable":true,"href":"https:\/\/espaciolaplaza.es\/index.php\/wp-json\/wp\/v2\/mec_category?post=2617"}],"curies":[{"name":"wp","href":"https:\/\/api.w.org\/{rel}","templated":true}]}}