{"id":2711,"date":"2023-08-11T12:27:56","date_gmt":"2023-08-11T11:27:56","guid":{"rendered":"https:\/\/espaciolaplaza.es\/?post_type=mec-events&#038;p=2711"},"modified":"2023-08-11T12:27:56","modified_gmt":"2023-08-11T11:27:56","slug":"certamen-asi-suena-los-corrales-de-buelna","status":"publish","type":"mec-events","link":"https:\/\/espaciolaplaza.es\/index.php\/events\/certamen-asi-suena-los-corrales-de-buelna\/","title":{"rendered":"Certamen `As\u00ed Suena Los Corrales de Buelna\u00b4"},"content":{"rendered":"<p style=\"font-weight: 400;\">La Concejal\u00eda de Educaci\u00f3n y Ciudadan\u00eda del Ayuntamiento de Los Corrales de Buelna anuncia la primera edici\u00f3n del certamen `As\u00ed Suena Los Corrales de Buelna\u00b4, que pretende descubrir nuevos talentos musicales y contribuir a la difusi\u00f3n de la cultura hecha en el municipio.<\/p>\n<p style=\"font-weight: 400;\">El objetivo es seleccionar a un m\u00e1ximo de 10 grupos, agrupaciones o solistas locales, de cualquier estilo musical, a los cuales se les ofrecer\u00e1 la oportunidad de participar en la grabaci\u00f3n de un disco recopilatorio que incluya dos canciones de su repertorio.<\/p>\n<p style=\"font-weight: 400;\"><strong>Resumen de las bases<\/strong><\/p>\n<ul style=\"font-weight: 400;\">\n<li>Fechas: presentaci\u00f3n de trabajos del 14 de agosto al 14 de septiembre<\/li>\n<li>Podr\u00e1n presentarse al certamen todos los grupos musicales, agrupaciones o solistas cuyos miembros sean mayores de edad y que, al menos uno de ellos, est\u00e9 empadronado en Los Corrales de Buelna.<\/li>\n<li>Para participar deber\u00e1n adjuntar a la ficha de Inscripci\u00f3n una maqueta con dos de sus temas en formato audio o v\u00eddeo, as\u00ed como una fotograf\u00eda promocional.<\/li>\n<li>Las maquetas recibidas ser\u00e1n valoradas por un jurado que seleccionar\u00e1 a los 10 grupos o solistas que aparecer\u00e1n en el disco.<\/li>\n<li>El jurado estar\u00e1 integrado por el alcalde o persona en quien delegue; concejal de cultura o persona en quien delegue, as\u00ed como por miembros de la asociaci\u00f3n cultural Diamantes Musicales, encargada de la producci\u00f3n del disco.<\/li>\n<\/ul>\n<p style=\"font-weight: 400;\"><strong>Informaci\u00f3n<\/strong><\/p>\n<ul style=\"font-weight: 400;\">\n<li>Tno.: 605 06 68 77<\/li>\n<li>Email:\u00a0<a href=\"mailto:diamantesmusicales@diamantesmusicales.com\">diamantesmusicales@diamantesmusicales.com<\/a><\/li>\n<li>Web:\u00a0<a href=\"https:\/\/docs.google.com\/forms\/d\/e\/1FAIpQLScpdMBJ8pr0iKxIy0veWatQLn_c8V7NkA3L6LBzyiSOXphbOg\/viewform\" data-saferedirecturl=\"https:\/\/www.google.com\/url?q=https:\/\/docs.google.com\/forms\/d\/e\/1FAIpQLScpdMBJ8pr0iKxIy0veWatQLn_c8V7NkA3L6LBzyiSOXphbOg\/viewform&amp;source=gmail&amp;ust=1691839417764000&amp;usg=AOvVaw2pI_VD3jHiDd6J5GTvEM0h\">formulario<\/a><\/li>\n<\/ul>\n","protected":false},"excerpt":{"rendered":"<p>La Concejal\u00eda de Educaci\u00f3n y Ciudadan\u00eda del Ayuntamiento de Los Corrales de Buelna anuncia la primera edici\u00f3n del certamen `As\u00ed Suena Los Corrales de Buelna\u00b4, que pretende descubrir nuevos talentos musicales y contribuir a la difusi\u00f3n de la cultura hecha en el municipio. El objetivo es seleccionar a un m\u00e1ximo de 10 grupos, agrupaciones o [&hellip;]<\/p>\n","protected":false},"author":1,"featured_media":2674,"template":"","tags":[],"mec_category":[319],"_links":{"self":[{"href":"https:\/\/espaciolaplaza.es\/index.php\/wp-json\/wp\/v2\/mec-events\/2711"}],"collection":[{"href":"https:\/\/espaciolaplaza.es\/index.php\/wp-json\/wp\/v2\/mec-events"}],"about":[{"href":"https:\/\/espaciolaplaza.es\/index.php\/wp-json\/wp\/v2\/types\/mec-events"}],"author":[{"embeddable":true,"href":"https:\/\/espaciolaplaza.es\/index.php\/wp-json\/wp\/v2\/users\/1"}],"wp:featuredmedia":[{"embeddable":true,"href":"https:\/\/espaciolaplaza.es\/index.php\/wp-json\/wp\/v2\/media\/2674"}],"wp:attachment":[{"href":"https:\/\/espaciolaplaza.es\/index.php\/wp-json\/wp\/v2\/media?parent=2711"}],"wp:term":[{"taxonomy":"post_tag","embeddable":true,"href":"https:\/\/espaciolaplaza.es\/index.php\/wp-json\/wp\/v2\/tags?post=2711"},{"taxonomy":"mec_category","embeddable":true,"href":"https:\/\/espaciolaplaza.es\/index.php\/wp-json\/wp\/v2\/mec_category?post=2711"}],"curies":[{"name":"wp","href":"https:\/\/api.w.org\/{rel}","templated":true}]}}