{"id":2874,"date":"2023-09-22T12:39:26","date_gmt":"2023-09-22T11:39:26","guid":{"rendered":"http:\/\/espaciolaplaza.es\/?post_type=mec-events&#038;p=2874"},"modified":"2023-09-25T09:09:40","modified_gmt":"2023-09-25T08:09:40","slug":"humanidades-y-ciencias-sociales-rutas-y-senderos-a-traves-del-patrimonio-natural-de-cantabria","status":"publish","type":"mec-events","link":"https:\/\/espaciolaplaza.es\/index.php\/events\/humanidades-y-ciencias-sociales-rutas-y-senderos-a-traves-del-patrimonio-natural-de-cantabria\/","title":{"rendered":"Humanidades y Ciencias Sociales: \u00abRutas y senderos a trav\u00e9s del patrimonio natural de Cantabria\u00bb"},"content":{"rendered":"<p>Continuamos al\u00a0<strong>curso octubre-diciembre 2023<\/strong>\u00a0del programa\u00a0<strong>UNATE<\/strong> los d\u00edas <strong>5<\/strong> y <strong>19<\/strong> de<strong> octubre <\/strong>y el<strong> 2 <\/strong>y<strong> 16 de noviembre<\/strong> con el <strong>t<\/strong><strong>aller \u00abRutas y senderos a trav\u00e9s del patrimonio natural de Cantabria\u00bb<\/strong>\u00a0de la mano de\u00a0<b>Jes\u00fas Garc\u00eda Diaz<\/b>. Un curso que contar\u00e1 con<strong> 4\u00a0sesiones<\/strong>\u00a0de\u00a0<strong>4 horas lectivas <\/strong>cada una.<\/p>\n<p>El taller tendr\u00e1 lugar en el <strong>Espacio La Plaza<\/strong> los jueves a las <strong>17:30 h<\/strong>.<\/p>\n<p><strong>Matr\u00edcula gratuita<\/strong>\u00a0por orden de inscripci\u00f3n en los tel\u00e9fonos\u00a0<strong>942 22 89 22\u00a0<\/strong>y\u00a0<strong>683 13 33 70<\/strong>.<\/p>\n<p>&nbsp;<\/p>\n<p>\u00a1Te esperamos!<\/p>\n","protected":false},"excerpt":{"rendered":"<p>Continuamos al\u00a0curso octubre-diciembre 2023\u00a0del programa\u00a0UNATE los d\u00edas 5 y 19 de octubre y el 2 y 16 de noviembre con el taller \u00abRutas y senderos a trav\u00e9s del patrimonio natural de Cantabria\u00bb\u00a0de la mano de\u00a0Jes\u00fas Garc\u00eda Diaz. Un curso que contar\u00e1 con 4\u00a0sesiones\u00a0de\u00a04 horas lectivas cada una. El taller tendr\u00e1 lugar en el Espacio La [&hellip;]<\/p>\n","protected":false},"author":2,"featured_media":2863,"template":"","tags":[128,102,83,17,87,354,281,167],"mec_category":[321,352],"_links":{"self":[{"href":"https:\/\/espaciolaplaza.es\/index.php\/wp-json\/wp\/v2\/mec-events\/2874"}],"collection":[{"href":"https:\/\/espaciolaplaza.es\/index.php\/wp-json\/wp\/v2\/mec-events"}],"about":[{"href":"https:\/\/espaciolaplaza.es\/index.php\/wp-json\/wp\/v2\/types\/mec-events"}],"author":[{"embeddable":true,"href":"https:\/\/espaciolaplaza.es\/index.php\/wp-json\/wp\/v2\/users\/2"}],"wp:featuredmedia":[{"embeddable":true,"href":"https:\/\/espaciolaplaza.es\/index.php\/wp-json\/wp\/v2\/media\/2863"}],"wp:attachment":[{"href":"https:\/\/espaciolaplaza.es\/index.php\/wp-json\/wp\/v2\/media?parent=2874"}],"wp:term":[{"taxonomy":"post_tag","embeddable":true,"href":"https:\/\/espaciolaplaza.es\/index.php\/wp-json\/wp\/v2\/tags?post=2874"},{"taxonomy":"mec_category","embeddable":true,"href":"https:\/\/espaciolaplaza.es\/index.php\/wp-json\/wp\/v2\/mec_category?post=2874"}],"curies":[{"name":"wp","href":"https:\/\/api.w.org\/{rel}","templated":true}]}}