{"id":2960,"date":"2023-10-11T11:52:21","date_gmt":"2023-10-11T10:52:21","guid":{"rendered":"http:\/\/espaciolaplaza.es\/?post_type=mec-events&#038;p=2960"},"modified":"2023-10-11T12:20:21","modified_gmt":"2023-10-11T11:20:21","slug":"filmoteca-regional-proyeccion-el-profeta","status":"publish","type":"mec-events","link":"https:\/\/espaciolaplaza.es\/index.php\/events\/filmoteca-regional-proyeccion-el-profeta\/","title":{"rendered":"Filmoteca regional: proyecci\u00f3n &#8216;El profeta&#8217;"},"content":{"rendered":"<p>No te pierdas este\u00a0<strong>jueves 9 de noviembre<\/strong>\u00a0no te pierdas la proyecci\u00f3n de la pel\u00edcula\u00a0<strong>\u2018<\/strong><b>El profeta\u2019<\/b>\u00a0en el\u00a0<strong>Teatro Municipal<\/strong>\u00a0de Los Corrales de Buelna.<\/p>\n<p><em>El joven Malik El Djebena (Tahar Rahim), un franc\u00e9s de origen \u00e1rabe, ingresa en prisi\u00f3n para cumplir una pena de seis a\u00f1os. Aunque al principio la vida en la c\u00e1rcel le resulta muy dura porque est\u00e1 completamente solo, se adapta r\u00e1pidamente y, gracias a su carisma, se gana poco a poco la simpat\u00eda de los miembros de la mafia corsa, que tienen sobornados a los guardias y controlan todo lo que pasa en prisi\u00f3n. (FILMAFFINITY)<\/em><\/p>\n<p>&nbsp;<\/p>\n<p>\u00a1Te esperamos!<\/p>\n","protected":false},"excerpt":{"rendered":"<p>No te pierdas este\u00a0jueves 9 de noviembre\u00a0no te pierdas la proyecci\u00f3n de la pel\u00edcula\u00a0\u2018El profeta\u2019\u00a0en el\u00a0Teatro Municipal\u00a0de Los Corrales de Buelna. El joven Malik El Djebena (Tahar Rahim), un franc\u00e9s de origen \u00e1rabe, ingresa en prisi\u00f3n para cumplir una pena de seis a\u00f1os. Aunque al principio la vida en la c\u00e1rcel le resulta muy dura [&hellip;]<\/p>\n","protected":false},"author":2,"featured_media":2954,"template":"","tags":[58,38,402,398,17,41,326,40],"mec_category":[313],"_links":{"self":[{"href":"https:\/\/espaciolaplaza.es\/index.php\/wp-json\/wp\/v2\/mec-events\/2960"}],"collection":[{"href":"https:\/\/espaciolaplaza.es\/index.php\/wp-json\/wp\/v2\/mec-events"}],"about":[{"href":"https:\/\/espaciolaplaza.es\/index.php\/wp-json\/wp\/v2\/types\/mec-events"}],"author":[{"embeddable":true,"href":"https:\/\/espaciolaplaza.es\/index.php\/wp-json\/wp\/v2\/users\/2"}],"wp:featuredmedia":[{"embeddable":true,"href":"https:\/\/espaciolaplaza.es\/index.php\/wp-json\/wp\/v2\/media\/2954"}],"wp:attachment":[{"href":"https:\/\/espaciolaplaza.es\/index.php\/wp-json\/wp\/v2\/media?parent=2960"}],"wp:term":[{"taxonomy":"post_tag","embeddable":true,"href":"https:\/\/espaciolaplaza.es\/index.php\/wp-json\/wp\/v2\/tags?post=2960"},{"taxonomy":"mec_category","embeddable":true,"href":"https:\/\/espaciolaplaza.es\/index.php\/wp-json\/wp\/v2\/mec_category?post=2960"}],"curies":[{"name":"wp","href":"https:\/\/api.w.org\/{rel}","templated":true}]}}