{"id":2966,"date":"2023-10-11T12:15:35","date_gmt":"2023-10-11T11:15:35","guid":{"rendered":"http:\/\/espaciolaplaza.es\/?post_type=mec-events&#038;p=2966"},"modified":"2023-10-11T12:15:35","modified_gmt":"2023-10-11T11:15:35","slug":"filmoteca-regional-proyeccion-un-blues-para-teheran","status":"publish","type":"mec-events","link":"https:\/\/espaciolaplaza.es\/index.php\/events\/filmoteca-regional-proyeccion-un-blues-para-teheran\/","title":{"rendered":"Filmoteca regional: proyecci\u00f3n &#8216;Un blues para Teher\u00e1n&#8217;"},"content":{"rendered":"<p>No te pierdas este\u00a0<strong>jueves 11 de enero<\/strong>\u00a0no te pierdas la proyecci\u00f3n de la pel\u00edcula\u00a0<strong>\u2018Un blues para Teher\u00e1n<\/strong><b>\u2019<\/b>\u00a0en el\u00a0<strong>Teatro Municipal<\/strong>\u00a0de Los Corrales de Buelna.<\/p>\n<p><em>Diferentes rostros nos muestran un Ir\u00e1n donde tradici\u00f3n y modernidad conviven y se confrontan. Erfan Shafei nos invita a descubrir un pa\u00eds tan misterioso como culto a trav\u00e9s de la m\u00fasica y sus gentes. \u00c9l es un joven kurdo, divertido e ir\u00f3nico, que quiere convertirse en director de cine. Canta, escribe poes\u00eda, vive con sus padres y su loro, pero no sabe nada del amor\u2026<\/em><\/p>\n<p>&nbsp;<\/p>\n<p>\u00a1Te esperamos!<\/p>\n","protected":false},"excerpt":{"rendered":"<p>No te pierdas este\u00a0jueves 11 de enero\u00a0no te pierdas la proyecci\u00f3n de la pel\u00edcula\u00a0\u2018Un blues para Teher\u00e1n\u2019\u00a0en el\u00a0Teatro Municipal\u00a0de Los Corrales de Buelna. Diferentes rostros nos muestran un Ir\u00e1n donde tradici\u00f3n y modernidad conviven y se confrontan. Erfan Shafei nos invita a descubrir un pa\u00eds tan misterioso como culto a trav\u00e9s de la m\u00fasica y [&hellip;]<\/p>\n","protected":false},"author":2,"featured_media":2954,"template":"","tags":[128,58,236,38,102,17,41,326,134],"mec_category":[313],"_links":{"self":[{"href":"https:\/\/espaciolaplaza.es\/index.php\/wp-json\/wp\/v2\/mec-events\/2966"}],"collection":[{"href":"https:\/\/espaciolaplaza.es\/index.php\/wp-json\/wp\/v2\/mec-events"}],"about":[{"href":"https:\/\/espaciolaplaza.es\/index.php\/wp-json\/wp\/v2\/types\/mec-events"}],"author":[{"embeddable":true,"href":"https:\/\/espaciolaplaza.es\/index.php\/wp-json\/wp\/v2\/users\/2"}],"wp:featuredmedia":[{"embeddable":true,"href":"https:\/\/espaciolaplaza.es\/index.php\/wp-json\/wp\/v2\/media\/2954"}],"wp:attachment":[{"href":"https:\/\/espaciolaplaza.es\/index.php\/wp-json\/wp\/v2\/media?parent=2966"}],"wp:term":[{"taxonomy":"post_tag","embeddable":true,"href":"https:\/\/espaciolaplaza.es\/index.php\/wp-json\/wp\/v2\/tags?post=2966"},{"taxonomy":"mec_category","embeddable":true,"href":"https:\/\/espaciolaplaza.es\/index.php\/wp-json\/wp\/v2\/mec_category?post=2966"}],"curies":[{"name":"wp","href":"https:\/\/api.w.org\/{rel}","templated":true}]}}