{"id":3016,"date":"2023-11-02T11:21:40","date_gmt":"2023-11-02T10:21:40","guid":{"rendered":"https:\/\/espaciolaplaza.es\/?post_type=mec-events&#038;p=3016"},"modified":"2023-11-02T11:21:40","modified_gmt":"2023-11-02T10:21:40","slug":"tramas-de-la-memoria-con-jose-maria-campuzano-garcia-barcena","status":"publish","type":"mec-events","link":"https:\/\/espaciolaplaza.es\/index.php\/events\/tramas-de-la-memoria-con-jose-maria-campuzano-garcia-barcena\/","title":{"rendered":"\u00abTramas de la memoria\u00bb con Jos\u00e9 Mar\u00eda Campuzano Garc\u00eda-B\u00e1rcena"},"content":{"rendered":"<p>Este<strong> viernes 10 de noviembre<\/strong> continuamos <strong>\u2018Noviembre literario\u2019\u00a0<\/strong>con <strong>Jos\u00e9 Mar\u00eda Campuzano Garc\u00eda-B\u00e1rcena <\/strong>que nos presentar\u00e1 su \u00faltimo poemario\u00a0<strong>\u00abTramas de la memoria\u00bb<\/strong>.<\/p>\n<p><em>Una mirada desde lo universal que encuentra refugio en la excusa de lo personal. El recuento de sombras recurrentes, pasadas y futuras. Ese acercamiento desencantado a la realidad que se escapa deprisa, para reproducirse otra vez m\u00e1s adelante. Tal vez la despedida, larga y serena, que reescribe el relato del camino, cada huella grabada en la ansiedad del tiempo. Es la tarde sentada a la orilla del r\u00edo donde se sumi\u00f3 el agua. El andamio de sue\u00f1os que apuntala las paredes del aire. Tambi\u00e9n a ratos, la llama que se enciende con el olor a gasolina.<\/em><br \/>\n<em>As\u00ed debi\u00f3 de construirse la trama y el recorrido de estas p\u00e1ginas, pero, sinceramente, no lo s\u00e9. Y tampoco quiero saberlo, por supuesto.<\/em><\/p>\n<p>&nbsp;<\/p>\n<p>El evento tendr\u00e1 lugar en la\u00a0<strong>Biblioteca Municipal<\/strong>\u00a0de\u00a0<strong>Los corrales de Buelna<\/strong>\u00a0a las\u00a0<strong>19:00 h<\/strong>.<\/p>\n<p>&nbsp;<\/p>\n<p>\u00a1Te esperamos!<\/p>\n","protected":false},"excerpt":{"rendered":"<p>Este viernes 10 de noviembre continuamos \u2018Noviembre literario\u2019\u00a0con Jos\u00e9 Mar\u00eda Campuzano Garc\u00eda-B\u00e1rcena que nos presentar\u00e1 su \u00faltimo poemario\u00a0\u00abTramas de la memoria\u00bb. Una mirada desde lo universal que encuentra refugio en la excusa de lo personal. El recuento de sombras recurrentes, pasadas y futuras. Ese acercamiento desencantado a la realidad que se escapa deprisa, para reproducirse [&hellip;]<\/p>\n","protected":false},"author":2,"featured_media":3009,"template":"","tags":[164,30,210,58,208,17,174,434,435,436],"mec_category":[377],"_links":{"self":[{"href":"https:\/\/espaciolaplaza.es\/index.php\/wp-json\/wp\/v2\/mec-events\/3016"}],"collection":[{"href":"https:\/\/espaciolaplaza.es\/index.php\/wp-json\/wp\/v2\/mec-events"}],"about":[{"href":"https:\/\/espaciolaplaza.es\/index.php\/wp-json\/wp\/v2\/types\/mec-events"}],"author":[{"embeddable":true,"href":"https:\/\/espaciolaplaza.es\/index.php\/wp-json\/wp\/v2\/users\/2"}],"wp:featuredmedia":[{"embeddable":true,"href":"https:\/\/espaciolaplaza.es\/index.php\/wp-json\/wp\/v2\/media\/3009"}],"wp:attachment":[{"href":"https:\/\/espaciolaplaza.es\/index.php\/wp-json\/wp\/v2\/media?parent=3016"}],"wp:term":[{"taxonomy":"post_tag","embeddable":true,"href":"https:\/\/espaciolaplaza.es\/index.php\/wp-json\/wp\/v2\/tags?post=3016"},{"taxonomy":"mec_category","embeddable":true,"href":"https:\/\/espaciolaplaza.es\/index.php\/wp-json\/wp\/v2\/mec_category?post=3016"}],"curies":[{"name":"wp","href":"https:\/\/api.w.org\/{rel}","templated":true}]}}