{"id":3838,"date":"2024-11-07T11:10:27","date_gmt":"2024-11-07T10:10:27","guid":{"rendered":"https:\/\/espaciolaplaza.es\/?post_type=mec-events&#038;p=3838"},"modified":"2024-11-07T12:04:31","modified_gmt":"2024-11-07T11:04:31","slug":"exposicion-quelccaya-donde-descansan-las-estrellas","status":"publish","type":"mec-events","link":"https:\/\/espaciolaplaza.es\/index.php\/events\/exposicion-quelccaya-donde-descansan-las-estrellas\/","title":{"rendered":"Exposici\u00f3n: &#8216;Quelccaya: Donde descansan las estrellas&#8217;"},"content":{"rendered":"<p>La exposici\u00f3n de la c\u00e1ntabra <strong>Raquel Garc\u00eda Ceballos<\/strong> llega este viernes, <strong>8 de noviembre<\/strong>, a <strong>Los Corrales de Buelna<\/strong>. La exposici\u00f3n <strong>&#8216;Quelccaya: Donde descansan las estrellas&#8217;<\/strong> tendr\u00e1 lugar en el <strong>Teatro Municipal<\/strong> del 8 de noviembre al 8 de diciembre. La entrada ser\u00e1 gratuita en el horario de apertura del espacio. La inauguraci\u00f3n de la exposici\u00f3n se realizar\u00e1 el d\u00eda 8 de noviembre a las 19:30 horas.<\/p>\n<div dir=\"auto\">Raquel Garc\u00eda Ceballos, la primera mujer europea en ascender al Quelccaya, adem\u00e1s de subir el glaciar tropical m\u00e1s grande del planeta, esta c\u00e1ntabra de 50 a\u00f1os deja constancia de la incidencia del cambio clim\u00e1tico en sus expediciones y se preocupa por las comunidades locales. Fruto de ello tenemos esta magnifica exposici\u00f3n, en la que ni\u00f1os de esta zona de Per\u00fa nos ense\u00f1an los trabajos que realizaron con la colaboraci\u00f3n de esta gran mujer y los ayuntamientos que hemos colaborado con ella.<\/div>\n<p>\u00abComo pintora y monta\u00f1era, fue un honor para m\u00ed equipar una gran pradera con mesas y materiales de pintura para que los ni\u00f1os, de entre 3 y 16 a\u00f1os, pudieran disfrutar de un d\u00eda diferente. Emanuel, nuestro gu\u00eda, tambi\u00e9n jug\u00f3 un papel crucial, comprando juguetes y comida para repartir entre los ni\u00f1os. Este taller, junto con las otras actividades sociales que realizamos, es uno de los recuerdos m\u00e1s preciados que me traje de este viaje. Las pinturas realizadas por esos peque\u00f1os artistas ahora forman parte de una exposici\u00f3n itinerante que recorrer\u00e1 Espa\u00f1a junto a obras m\u00edas.\u00bb<\/p>\n<p>&nbsp;<\/p>\n<div dir=\"auto\">\u00a1No dejen de acudir a esta entra\u00f1able y mas que interesante exposici\u00f3n!<\/div>\n","protected":false},"excerpt":{"rendered":"<p>La exposici\u00f3n de la c\u00e1ntabra Raquel Garc\u00eda Ceballos llega este viernes, 8 de noviembre, a Los Corrales de Buelna. La exposici\u00f3n &#8216;Quelccaya: Donde descansan las estrellas&#8217; tendr\u00e1 lugar en el Teatro Municipal del 8 de noviembre al 8 de diciembre. La entrada ser\u00e1 gratuita en el horario de apertura del espacio. La inauguraci\u00f3n de la [&hellip;]<\/p>\n","protected":false},"author":2,"featured_media":3836,"template":"","tags":[164,210,83,133,276,17,746,571,747,581,134,40],"mec_category":[311],"_links":{"self":[{"href":"https:\/\/espaciolaplaza.es\/index.php\/wp-json\/wp\/v2\/mec-events\/3838"}],"collection":[{"href":"https:\/\/espaciolaplaza.es\/index.php\/wp-json\/wp\/v2\/mec-events"}],"about":[{"href":"https:\/\/espaciolaplaza.es\/index.php\/wp-json\/wp\/v2\/types\/mec-events"}],"author":[{"embeddable":true,"href":"https:\/\/espaciolaplaza.es\/index.php\/wp-json\/wp\/v2\/users\/2"}],"wp:featuredmedia":[{"embeddable":true,"href":"https:\/\/espaciolaplaza.es\/index.php\/wp-json\/wp\/v2\/media\/3836"}],"wp:attachment":[{"href":"https:\/\/espaciolaplaza.es\/index.php\/wp-json\/wp\/v2\/media?parent=3838"}],"wp:term":[{"taxonomy":"post_tag","embeddable":true,"href":"https:\/\/espaciolaplaza.es\/index.php\/wp-json\/wp\/v2\/tags?post=3838"},{"taxonomy":"mec_category","embeddable":true,"href":"https:\/\/espaciolaplaza.es\/index.php\/wp-json\/wp\/v2\/mec_category?post=3838"}],"curies":[{"name":"wp","href":"https:\/\/api.w.org\/{rel}","templated":true}]}}