{"id":1169,"date":"2021-12-16T20:16:58","date_gmt":"2021-12-16T20:16:58","guid":{"rendered":"http:\/\/laplaza.webcantabria.com\/?page_id=1169"},"modified":"2023-03-22T15:42:41","modified_gmt":"2023-03-22T14:42:41","slug":"patrimonio-religioso","status":"publish","type":"page","link":"https:\/\/espaciolaplaza.es\/index.php\/patrimonio-religioso\/","title":{"rendered":"Patrimonio Religioso"},"content":{"rendered":"\t\t<div data-elementor-type=\"wp-page\" data-elementor-id=\"1169\" class=\"elementor elementor-1169\" data-elementor-post-type=\"page\">\n\t\t\t\t\t\t\t\t\t<section class=\"elementor-section elementor-top-section elementor-element elementor-element-7003ffa elementor-section-height-min-height elementor-section-boxed elementor-section-height-default elementor-section-items-middle\" data-id=\"7003ffa\" data-element_type=\"section\" data-settings=\"{&quot;background_background&quot;:&quot;classic&quot;}\">\n\t\t\t\t\t\t<div class=\"elementor-container elementor-column-gap-default\">\n\t\t\t\t\t<div class=\"elementor-column elementor-col-100 elementor-top-column elementor-element elementor-element-f64adc9\" data-id=\"f64adc9\" data-element_type=\"column\">\n\t\t\t<div class=\"elementor-widget-wrap elementor-element-populated\">\n\t\t\t\t\t\t\t\t<div class=\"elementor-element elementor-element-842d4d7 elementor-widget elementor-widget-heading\" data-id=\"842d4d7\" data-element_type=\"widget\" data-widget_type=\"heading.default\">\n\t\t\t\t<div class=\"elementor-widget-container\">\n\t\t\t<style>\/*! elementor - v3.15.0 - 09-08-2023 *\/\n.elementor-heading-title{padding:0;margin:0;line-height:1}.elementor-widget-heading .elementor-heading-title[class*=elementor-size-]>a{color:inherit;font-size:inherit;line-height:inherit}.elementor-widget-heading .elementor-heading-title.elementor-size-small{font-size:15px}.elementor-widget-heading .elementor-heading-title.elementor-size-medium{font-size:19px}.elementor-widget-heading .elementor-heading-title.elementor-size-large{font-size:29px}.elementor-widget-heading .elementor-heading-title.elementor-size-xl{font-size:39px}.elementor-widget-heading .elementor-heading-title.elementor-size-xxl{font-size:59px}<\/style><h2 class=\"elementor-heading-title elementor-size-default\">PATRIMONIO RELIGIOSO<\/h2>\t\t<\/div>\n\t\t\t\t<\/div>\n\t\t\t\t\t<\/div>\n\t\t<\/div>\n\t\t\t\t\t\t\t<\/div>\n\t\t<\/section>\n\t\t\t\t<section class=\"elementor-section elementor-top-section elementor-element elementor-element-2776820 elementor-section-boxed elementor-section-height-default elementor-section-height-default\" data-id=\"2776820\" data-element_type=\"section\" data-settings=\"{&quot;shape_divider_bottom&quot;:&quot;opacity-tilt&quot;}\">\n\t\t\t\t\t<div class=\"elementor-shape elementor-shape-bottom\" data-negative=\"false\">\n\t\t\t<svg xmlns=\"http:\/\/www.w3.org\/2000\/svg\" viewBox=\"0 0 2600 131.1\" preserveAspectRatio=\"none\">\n\t<path class=\"elementor-shape-fill\" d=\"M0 0L2600 0 2600 69.1 0 0z\"\/>\n\t<path class=\"elementor-shape-fill\" style=\"opacity:0.5\" d=\"M0 0L2600 0 2600 69.1 0 69.1z\"\/>\n\t<path class=\"elementor-shape-fill\" style=\"opacity:0.25\" d=\"M2600 0L0 0 0 130.1 2600 69.1z\"\/>\n<\/svg>\t\t<\/div>\n\t\t\t\t\t<div class=\"elementor-container elementor-column-gap-default\">\n\t\t\t\t\t<div class=\"elementor-column elementor-col-100 elementor-top-column elementor-element elementor-element-357e9dc\" data-id=\"357e9dc\" data-element_type=\"column\">\n\t\t\t<div class=\"elementor-widget-wrap elementor-element-populated\">\n\t\t\t\t\t\t\t\t<div class=\"elementor-element elementor-element-110f94e elementor-widget elementor-widget-text-editor\" data-id=\"110f94e\" data-element_type=\"widget\" data-widget_type=\"text-editor.default\">\n\t\t\t\t<div class=\"elementor-widget-container\">\n\t\t\t<style>\/*! elementor - v3.15.0 - 09-08-2023 *\/\n.elementor-widget-text-editor.elementor-drop-cap-view-stacked .elementor-drop-cap{background-color:#69727d;color:#fff}.elementor-widget-text-editor.elementor-drop-cap-view-framed .elementor-drop-cap{color:#69727d;border:3px solid;background-color:transparent}.elementor-widget-text-editor:not(.elementor-drop-cap-view-default) .elementor-drop-cap{margin-top:8px}.elementor-widget-text-editor:not(.elementor-drop-cap-view-default) .elementor-drop-cap-letter{width:1em;height:1em}.elementor-widget-text-editor .elementor-drop-cap{float:left;text-align:center;line-height:1;font-size:50px}.elementor-widget-text-editor .elementor-drop-cap-letter{display:inline-block}<\/style>\t\t\t\t<p class=\"p1\"><span class=\"s1\">La influencia del\u00a0patrimonio\u00a0hist\u00f3rico-art\u00edstico religioso en el conjunto de los bienes culturales de cualquier municipio ha sido siempre muy relevante. Este patrimonio ha formado parte del legado hist\u00f3rico que se ha ido asentando a trav\u00e9s de siglos y que ha contribuido a configurar las caracter\u00edsticas actuales de nuestro pueblo. El municipio de Los Corrales de Buelna posee un gran patrimonio religioso con ermitas, iglesias y santuarios de muy diversa tipolog\u00eda que merecen ser visitados.<\/span><span class=\"s2\"><br \/><\/span><\/p>\t\t\t\t\t\t<\/div>\n\t\t\t\t<\/div>\n\t\t\t\t\t<\/div>\n\t\t<\/div>\n\t\t\t\t\t\t\t<\/div>\n\t\t<\/section>\n\t\t\t\t<section class=\"elementor-section elementor-top-section elementor-element elementor-element-baff3ee elementor-section-boxed elementor-section-height-default elementor-section-height-default\" data-id=\"baff3ee\" data-element_type=\"section\">\n\t\t\t\t\t\t<div class=\"elementor-container elementor-column-gap-default\">\n\t\t\t\t\t<div class=\"elementor-column elementor-col-50 elementor-top-column elementor-element elementor-element-630f4ec\" data-id=\"630f4ec\" data-element_type=\"column\">\n\t\t\t<div class=\"elementor-widget-wrap elementor-element-populated\">\n\t\t\t\t\t\t\t\t<div class=\"elementor-element elementor-element-b45215d elementor-position-top elementor-widget elementor-widget-image-box\" data-id=\"b45215d\" data-element_type=\"widget\" data-widget_type=\"image-box.default\">\n\t\t\t\t<div class=\"elementor-widget-container\">\n\t\t\t<style>\/*! elementor - v3.15.0 - 09-08-2023 *\/\n.elementor-widget-image-box .elementor-image-box-content{width:100%}@media (min-width:768px){.elementor-widget-image-box.elementor-position-left .elementor-image-box-wrapper,.elementor-widget-image-box.elementor-position-right .elementor-image-box-wrapper{display:flex}.elementor-widget-image-box.elementor-position-right .elementor-image-box-wrapper{text-align:right;flex-direction:row-reverse}.elementor-widget-image-box.elementor-position-left .elementor-image-box-wrapper{text-align:left;flex-direction:row}.elementor-widget-image-box.elementor-position-top .elementor-image-box-img{margin:auto}.elementor-widget-image-box.elementor-vertical-align-top .elementor-image-box-wrapper{align-items:flex-start}.elementor-widget-image-box.elementor-vertical-align-middle .elementor-image-box-wrapper{align-items:center}.elementor-widget-image-box.elementor-vertical-align-bottom .elementor-image-box-wrapper{align-items:flex-end}}@media (max-width:767px){.elementor-widget-image-box .elementor-image-box-img{margin-left:auto!important;margin-right:auto!important;margin-bottom:15px}}.elementor-widget-image-box .elementor-image-box-img{display:inline-block}.elementor-widget-image-box .elementor-image-box-title a{color:inherit}.elementor-widget-image-box .elementor-image-box-wrapper{text-align:center}.elementor-widget-image-box .elementor-image-box-description{margin:0}<\/style><div class=\"elementor-image-box-wrapper\"><figure class=\"elementor-image-box-img\"><img decoding=\"async\" loading=\"lazy\" width=\"1280\" height=\"688\" src=\"https:\/\/espaciolaplaza.es\/wp-content\/uploads\/2021\/12\/Iglesia-y-Asilo-1.jpg\" class=\"attachment-full size-full wp-image-1173\" alt=\"\" srcset=\"https:\/\/espaciolaplaza.es\/wp-content\/uploads\/2021\/12\/Iglesia-y-Asilo-1.jpg 1280w, https:\/\/espaciolaplaza.es\/wp-content\/uploads\/2021\/12\/Iglesia-y-Asilo-1-300x161.jpg 300w, https:\/\/espaciolaplaza.es\/wp-content\/uploads\/2021\/12\/Iglesia-y-Asilo-1-1024x550.jpg 1024w, https:\/\/espaciolaplaza.es\/wp-content\/uploads\/2021\/12\/Iglesia-y-Asilo-1-768x413.jpg 768w\" sizes=\"(max-width: 1280px) 100vw, 1280px\" \/><\/figure><div class=\"elementor-image-box-content\"><h3 class=\"elementor-image-box-title\">Iglesia San Vicente M\u00e1rtir\u00a0 y el Asilo de San Jos\u00e9<\/h3><p class=\"elementor-image-box-description\">La Iglesia de San Vicente M\u00e1rtir y el Asilo de San Jos\u00e9 son una de las mejores muestras de patrimonio religioso que tiene el municipio de Los Corrales de Buelna, declarados Bien de Inter\u00e9s Local desde el a\u00f1o 2000. Este conjunto arquitect\u00f3nico fue encargo de Soledad de la Colina, primera condesa de Las Forjas de Buelna, que solicit\u00f3 en 1918 al obispo de Santander el permiso de construir una nueva iglesia parroquial y un asilo para ancianos desamparados.<\/p><\/div><\/div>\t\t<\/div>\n\t\t\t\t<\/div>\n\t\t\t\t<div class=\"elementor-element elementor-element-1fcb7f7 elementor-widget elementor-widget-gallery\" data-id=\"1fcb7f7\" data-element_type=\"widget\" data-settings=\"{&quot;columns&quot;:3,&quot;aspect_ratio&quot;:&quot;1:1&quot;,&quot;lazyload&quot;:&quot;yes&quot;,&quot;gallery_layout&quot;:&quot;grid&quot;,&quot;columns_tablet&quot;:2,&quot;columns_mobile&quot;:1,&quot;gap&quot;:{&quot;unit&quot;:&quot;px&quot;,&quot;size&quot;:10,&quot;sizes&quot;:[]},&quot;gap_tablet&quot;:{&quot;unit&quot;:&quot;px&quot;,&quot;size&quot;:10,&quot;sizes&quot;:[]},&quot;gap_mobile&quot;:{&quot;unit&quot;:&quot;px&quot;,&quot;size&quot;:10,&quot;sizes&quot;:[]},&quot;link_to&quot;:&quot;file&quot;,&quot;overlay_background&quot;:&quot;yes&quot;,&quot;content_hover_animation&quot;:&quot;fade-in&quot;}\" data-widget_type=\"gallery.default\">\n\t\t\t\t<div class=\"elementor-widget-container\">\n\t\t\t<style>\/*! elementor-pro - v3.14.0 - 26-06-2023 *\/\n.elementor-gallery__container{min-height:1px}.elementor-gallery-item{position:relative;overflow:hidden;display:block;text-decoration:none;border:solid var(--image-border-width) var(--image-border-color);border-radius:var(--image-border-radius)}.elementor-gallery-item__content,.elementor-gallery-item__overlay{height:100%;width:100%;position:absolute;top:0;left:0}.elementor-gallery-item__overlay{mix-blend-mode:var(--overlay-mix-blend-mode);transition-duration:var(--overlay-transition-duration);transition-property:mix-blend-mode,transform,opacity,background-color}.elementor-gallery-item__image.e-gallery-image{transition-duration:var(--image-transition-duration);transition-property:filter,transform}.elementor-gallery-item__content{display:flex;flex-direction:column;justify-content:var(--content-justify-content,center);align-items:center;text-align:var(--content-text-align);padding:var(--content-padding)}.elementor-gallery-item__content>div{transition-duration:var(--content-transition-duration)}.elementor-gallery-item__content.elementor-gallery--sequenced-animation>div:nth-child(2){transition-delay:calc(var(--content-transition-delay) \/ 3)}.elementor-gallery-item__content.elementor-gallery--sequenced-animation>div:nth-child(3){transition-delay:calc(var(--content-transition-delay) \/ 3 * 2)}.elementor-gallery-item__content.elementor-gallery--sequenced-animation>div:nth-child(4){transition-delay:calc(var(--content-transition-delay) \/ 3 * 3)}.elementor-gallery-item__description{color:var(--description-text-color,#fff);width:100%}.elementor-gallery-item__title{color:var(--title-text-color,#fff);font-weight:700;width:100%}.elementor-gallery__titles-container{display:flex;flex-wrap:wrap;justify-content:var(--titles-container-justify-content,center);margin-bottom:20px}.elementor-gallery__titles-container:not(.e--pointer-framed) .elementor-item:after,.elementor-gallery__titles-container:not(.e--pointer-framed) .elementor-item:before{background-color:var(--galleries-pointer-bg-color-hover)}.elementor-gallery__titles-container:not(.e--pointer-framed) .elementor-item.elementor-item-active:after,.elementor-gallery__titles-container:not(.e--pointer-framed) .elementor-item.elementor-item-active:before{background-color:var(--galleries-pointer-bg-color-active)}.elementor-gallery__titles-container.e--pointer-framed .elementor-item:before{border-color:var(--galleries-pointer-bg-color-hover);border-width:var(--galleries-pointer-border-width)}.elementor-gallery__titles-container.e--pointer-framed .elementor-item:after{border-color:var(--galleries-pointer-bg-color-hover)}.elementor-gallery__titles-container.e--pointer-framed .elementor-item.elementor-item-active:after,.elementor-gallery__titles-container.e--pointer-framed .elementor-item.elementor-item-active:before{border-color:var(--galleries-pointer-bg-color-active)}.elementor-gallery__titles-container.e--pointer-framed.e--animation-draw .elementor-item:before{border-left-width:var(--galleries-pointer-border-width);border-bottom-width:var(--galleries-pointer-border-width);border-right-width:0;border-top-width:0}.elementor-gallery__titles-container.e--pointer-framed.e--animation-draw .elementor-item:after{border-left-width:0;border-bottom-width:0;border-right-width:var(--galleries-pointer-border-width);border-top-width:var(--galleries-pointer-border-width)}.elementor-gallery__titles-container.e--pointer-framed.e--animation-corners .elementor-item:before{border-left-width:var(--galleries-pointer-border-width);border-bottom-width:0;border-right-width:0;border-top-width:var(--galleries-pointer-border-width)}.elementor-gallery__titles-container.e--pointer-framed.e--animation-corners .elementor-item:after{border-left-width:0;border-bottom-width:var(--galleries-pointer-border-width);border-right-width:var(--galleries-pointer-border-width);border-top-width:0}.elementor-gallery__titles-container .e--pointer-double-line .elementor-item:after,.elementor-gallery__titles-container .e--pointer-double-line .elementor-item:before,.elementor-gallery__titles-container .e--pointer-overline .elementor-item:before,.elementor-gallery__titles-container .e--pointer-underline .elementor-item:after{height:var(--galleries-pointer-border-width)}.elementor-gallery-title{--space-between:10px;cursor:pointer;color:#6d7882;font-weight:500;position:relative;padding:7px 14px;transition:all .3s}.elementor-gallery-title--active{color:#495157}.elementor-gallery-title:not(:last-child){margin-right:var(--space-between)}.elementor-gallery-item__title+.elementor-gallery-item__description{margin-top:var(--description-margin-top)}.e-gallery-item.elementor-gallery-item{transition-property:all}.e-gallery-item.elementor-animated-content .elementor-animated-item--enter-from-bottom,.e-gallery-item.elementor-animated-content .elementor-animated-item--enter-from-left,.e-gallery-item.elementor-animated-content .elementor-animated-item--enter-from-right,.e-gallery-item.elementor-animated-content .elementor-animated-item--enter-from-top,.e-gallery-item:focus .elementor-gallery__item-overlay-bg,.e-gallery-item:focus .elementor-gallery__item-overlay-content,.e-gallery-item:focus .elementor-gallery__item-overlay-content__description,.e-gallery-item:focus .elementor-gallery__item-overlay-content__title,.e-gallery-item:hover .elementor-gallery__item-overlay-bg,.e-gallery-item:hover .elementor-gallery__item-overlay-content,.e-gallery-item:hover .elementor-gallery__item-overlay-content__description,.e-gallery-item:hover .elementor-gallery__item-overlay-content__title{opacity:1}a.elementor-item.elementor-gallery-title{color:var(--galleries-title-color-normal)}a.elementor-item.elementor-gallery-title.elementor-item-active,a.elementor-item.elementor-gallery-title.highlighted,a.elementor-item.elementor-gallery-title:focus,a.elementor-item.elementor-gallery-title:hover{color:var(--galleries-title-color-hover)}a.elementor-item.elementor-gallery-title.elementor-item-active{color:var(--gallery-title-color-active)}.e-con-inner>.elementor-widget-gallery,.e-con>.elementor-widget-gallery{width:var(--container-widget-width);--flex-grow:var(--container-widget-flex-grow)}<\/style>\t\t<div class=\"elementor-gallery__container\">\n\t\t\t\t\t\t\t<a class=\"e-gallery-item elementor-gallery-item elementor-animated-content\" href=\"https:\/\/espaciolaplaza.es\/wp-content\/uploads\/2021\/12\/Cristo-1-1.jpg\" data-elementor-open-lightbox=\"yes\" data-elementor-lightbox-slideshow=\"1fcb7f7\" data-elementor-lightbox-title=\"Cristo 1\" data-e-action-hash=\"#elementor-action%3Aaction%3Dlightbox%26settings%3DeyJpZCI6MTE3MiwidXJsIjoiaHR0cHM6XC9cL2VzcGFjaW9sYXBsYXphLmVzXC93cC1jb250ZW50XC91cGxvYWRzXC8yMDIxXC8xMlwvQ3Jpc3RvLTEtMS5qcGciLCJzbGlkZXNob3ciOiIxZmNiN2Y3In0%3D\">\n\t\t\t\t\t<div class=\"e-gallery-image elementor-gallery-item__image\" data-thumbnail=\"https:\/\/espaciolaplaza.es\/wp-content\/uploads\/2021\/12\/Cristo-1-1-225x300.jpg\" data-width=\"225\" data-height=\"300\" aria-label=\"\" role=\"img\" ><\/div>\n\t\t\t\t\t\t\t\t\t\t\t<div class=\"elementor-gallery-item__overlay\"><\/div>\n\t\t\t\t\t\t\t\t\t\t\t\t\t\t<\/a>\n\t\t\t\t\t\t\t<a class=\"e-gallery-item elementor-gallery-item elementor-animated-content\" href=\"https:\/\/espaciolaplaza.es\/wp-content\/uploads\/2021\/12\/Pila-Bautismal-1.jpg\" data-elementor-open-lightbox=\"yes\" data-elementor-lightbox-slideshow=\"1fcb7f7\" data-elementor-lightbox-title=\"Pila Bautismal\" data-e-action-hash=\"#elementor-action%3Aaction%3Dlightbox%26settings%3DeyJpZCI6MTE3NSwidXJsIjoiaHR0cHM6XC9cL2VzcGFjaW9sYXBsYXphLmVzXC93cC1jb250ZW50XC91cGxvYWRzXC8yMDIxXC8xMlwvUGlsYS1CYXV0aXNtYWwtMS5qcGciLCJzbGlkZXNob3ciOiIxZmNiN2Y3In0%3D\">\n\t\t\t\t\t<div class=\"e-gallery-image elementor-gallery-item__image\" data-thumbnail=\"https:\/\/espaciolaplaza.es\/wp-content\/uploads\/2021\/12\/Pila-Bautismal-1-300x199.jpg\" data-width=\"300\" data-height=\"199\" aria-label=\"\" role=\"img\" ><\/div>\n\t\t\t\t\t\t\t\t\t\t\t<div class=\"elementor-gallery-item__overlay\"><\/div>\n\t\t\t\t\t\t\t\t\t\t\t\t\t\t<\/a>\n\t\t\t\t\t\t\t<a class=\"e-gallery-item elementor-gallery-item elementor-animated-content\" href=\"https:\/\/espaciolaplaza.es\/wp-content\/uploads\/2021\/12\/Iglesia-1.jpg\" data-elementor-open-lightbox=\"yes\" data-elementor-lightbox-slideshow=\"1fcb7f7\" data-elementor-lightbox-title=\"Iglesia\" data-e-action-hash=\"#elementor-action%3Aaction%3Dlightbox%26settings%3DeyJpZCI6MTE3NCwidXJsIjoiaHR0cHM6XC9cL2VzcGFjaW9sYXBsYXphLmVzXC93cC1jb250ZW50XC91cGxvYWRzXC8yMDIxXC8xMlwvSWdsZXNpYS0xLmpwZyIsInNsaWRlc2hvdyI6IjFmY2I3ZjcifQ%3D%3D\">\n\t\t\t\t\t<div class=\"e-gallery-image elementor-gallery-item__image\" data-thumbnail=\"https:\/\/espaciolaplaza.es\/wp-content\/uploads\/2021\/12\/Iglesia-1-300x199.jpg\" data-width=\"300\" data-height=\"199\" aria-label=\"\" role=\"img\" ><\/div>\n\t\t\t\t\t\t\t\t\t\t\t<div class=\"elementor-gallery-item__overlay\"><\/div>\n\t\t\t\t\t\t\t\t\t\t\t\t\t\t<\/a>\n\t\t\t\t\t<\/div>\n\t\t\t<\/div>\n\t\t\t\t<\/div>\n\t\t\t\t\t<\/div>\n\t\t<\/div>\n\t\t\t\t<div class=\"elementor-column elementor-col-50 elementor-top-column elementor-element elementor-element-edec3a0\" data-id=\"edec3a0\" data-element_type=\"column\">\n\t\t\t<div class=\"elementor-widget-wrap elementor-element-populated\">\n\t\t\t\t\t\t\t\t<div class=\"elementor-element elementor-element-d39f7ca elementor-widget elementor-widget-text-editor\" data-id=\"d39f7ca\" data-element_type=\"widget\" data-widget_type=\"text-editor.default\">\n\t\t\t\t<div class=\"elementor-widget-container\">\n\t\t\t\t\t\t\t<p class=\"p2\"><span class=\"s2\">Esta obra arquitect\u00f3nica fue dise\u00f1ada por <b>Leonardo Rucabado G\u00f3mez<\/b>, arquitecto c\u00e1ntabro del siglo XX, en un estilo que entremezclaba la <b>arquitectura regional monta\u00f1esa<\/b> con elementos propios del <b>Renacimiento<\/b>. En su <b>inauguraci\u00f3n el d\u00eda 3 de octubre de 1924<\/b>, <i>El Diario Monta\u00f1\u00e9s<\/i> describe el templo como \u201c<i>Exteriormente la iglesia ofrece el estilo que pudi\u00e9ramos llamar del renacimiento monta\u00f1\u00e9s, siendo su material mamposter\u00eda concertada con contrafuertes de siller\u00eda procediendo la piedra de Las Caldas<\/i>\u201d. El proyecto ser\u00e1 terminado por el arquitecto <b>Deogracias Mariano Lastra<\/b> por la muerte de Leonardo Rucabado, introduciendo algunas modificaciones al dise\u00f1o original.<\/span><\/p><p class=\"p2\"><span class=\"s2\">El conjunto entre Asilo e Iglesia conforma un complejo armonioso unido a trav\u00e9s de un p\u00f3rtico claustral. En el interior destaca el <b>estilo herreriano de la Iglesia<\/b> y un magn\u00edfico retablo <b>altar mayor de estilo rococ\u00f3<\/b> procedente de San Andr\u00e9s del Arroyo, de ah\u00ed que el retablo no encaje perfectamente en el \u00e1bside.<\/span><\/p><p>La obra m\u00e1s relevante<span class=\"Apple-converted-space\">\u00a0 <\/span>de su interior es la escultura de bronce del <b>Cristo de Victorio Macho del a\u00f1o 1926<\/b>, en tonos verdosos, plateados y grises. Aparece sin corona de espinas ni llaga en el costado, con una expresi\u00f3n cadav\u00e9rica pero dotado de gran humanidad. En palabras del autor, la intenci\u00f3n era alejarse de toda estridencia y de todo detalle externo no esencial que pudiera restar a la imagen de su sentido divino. Estas caracter\u00edsticas crearon una cierta controversia en el p\u00fablico general del momento, que no lo entendi\u00f3 del todo. Es un Cristo <b>\u00fanico en su concepci\u00f3n<\/b> que no comparte caracter\u00edsticas con otras im\u00e1genes precedentes.\u00a0<\/p><p class=\"p2\"><span class=\"s2\">La <b>pila bautismal<\/b> del siglo XVIII, procedente de la antigua y desaparecida iglesia medieval, ubicada en el actual cementerio de Los Corrales de Buelna, completa el conjunto.<\/span><\/p><p class=\"p2\"><span class=\"s2\">El <b>Asilo de San Jos\u00e9<\/b> se trata de una composici\u00f3n muy r\u00edgida y sim\u00e9trica compuesta por dos plantas y tres cuerpos en la que <b>Leonardo Rucabado<\/b> utiliza su habitual repertorio de elementos decorativos extra\u00eddos de <b>la arquitectura monta\u00f1esa<\/b>. <\/span><\/p>\t\t\t\t\t\t<\/div>\n\t\t\t\t<\/div>\n\t\t\t\t\t<\/div>\n\t\t<\/div>\n\t\t\t\t\t\t\t<\/div>\n\t\t<\/section>\n\t\t\t\t<section class=\"elementor-section elementor-top-section elementor-element elementor-element-99cebdd elementor-section-boxed elementor-section-height-default elementor-section-height-default\" data-id=\"99cebdd\" data-element_type=\"section\" data-settings=\"{&quot;shape_divider_top&quot;:&quot;opacity-tilt&quot;,&quot;shape_divider_bottom&quot;:&quot;opacity-tilt&quot;}\">\n\t\t\t\t\t<div class=\"elementor-shape elementor-shape-top\" data-negative=\"false\">\n\t\t\t<svg xmlns=\"http:\/\/www.w3.org\/2000\/svg\" viewBox=\"0 0 2600 131.1\" preserveAspectRatio=\"none\">\n\t<path class=\"elementor-shape-fill\" d=\"M0 0L2600 0 2600 69.1 0 0z\"\/>\n\t<path class=\"elementor-shape-fill\" style=\"opacity:0.5\" d=\"M0 0L2600 0 2600 69.1 0 69.1z\"\/>\n\t<path class=\"elementor-shape-fill\" style=\"opacity:0.25\" d=\"M2600 0L0 0 0 130.1 2600 69.1z\"\/>\n<\/svg>\t\t<\/div>\n\t\t\t\t<div class=\"elementor-shape elementor-shape-bottom\" data-negative=\"false\">\n\t\t\t<svg xmlns=\"http:\/\/www.w3.org\/2000\/svg\" viewBox=\"0 0 2600 131.1\" preserveAspectRatio=\"none\">\n\t<path class=\"elementor-shape-fill\" d=\"M0 0L2600 0 2600 69.1 0 0z\"\/>\n\t<path class=\"elementor-shape-fill\" style=\"opacity:0.5\" d=\"M0 0L2600 0 2600 69.1 0 69.1z\"\/>\n\t<path class=\"elementor-shape-fill\" style=\"opacity:0.25\" d=\"M2600 0L0 0 0 130.1 2600 69.1z\"\/>\n<\/svg>\t\t<\/div>\n\t\t\t\t\t<div class=\"elementor-container elementor-column-gap-default\">\n\t\t\t\t\t<div class=\"elementor-column elementor-col-50 elementor-top-column elementor-element elementor-element-01690a6\" data-id=\"01690a6\" data-element_type=\"column\">\n\t\t\t<div class=\"elementor-widget-wrap elementor-element-populated\">\n\t\t\t\t\t\t\t\t<div class=\"elementor-element elementor-element-df10cc8 elementor-position-top elementor-widget elementor-widget-image-box\" data-id=\"df10cc8\" data-element_type=\"widget\" data-widget_type=\"image-box.default\">\n\t\t\t\t<div class=\"elementor-widget-container\">\n\t\t\t<div class=\"elementor-image-box-wrapper\"><figure class=\"elementor-image-box-img\"><img decoding=\"async\" loading=\"lazy\" width=\"1080\" height=\"720\" src=\"https:\/\/espaciolaplaza.es\/wp-content\/uploads\/2021\/12\/Caldas-General-1.jpg\" class=\"attachment-full size-full wp-image-1179\" alt=\"\" srcset=\"https:\/\/espaciolaplaza.es\/wp-content\/uploads\/2021\/12\/Caldas-General-1.jpg 1080w, https:\/\/espaciolaplaza.es\/wp-content\/uploads\/2021\/12\/Caldas-General-1-300x200.jpg 300w, https:\/\/espaciolaplaza.es\/wp-content\/uploads\/2021\/12\/Caldas-General-1-1024x683.jpg 1024w, https:\/\/espaciolaplaza.es\/wp-content\/uploads\/2021\/12\/Caldas-General-1-768x512.jpg 768w\" sizes=\"(max-width: 1080px) 100vw, 1080px\" \/><\/figure><div class=\"elementor-image-box-content\"><h3 class=\"elementor-image-box-title\">Santuario de Nuestra Se\u00f1ora de Las Caldas<\/h3><p class=\"elementor-image-box-description\">El Santuario de Nuestra Se\u00f1ora de Las Caldas, finalizado en el a\u00f1o 1683, es una de las joyas del patrimonio religioso que se encuentran en el municipio, declarado Bien de Inter\u00e9s Cultural en 2001. El conjunto arquitect\u00f3nico se compone de iglesia, claustro y dos cuerpos en sus lados este y sur destinados a usos de celdas, ofertorio, cap\u00edtulo, biblioteca, etc.<\/p><\/div><\/div>\t\t<\/div>\n\t\t\t\t<\/div>\n\t\t\t\t\t<\/div>\n\t\t<\/div>\n\t\t\t\t<div class=\"elementor-column elementor-col-50 elementor-top-column elementor-element elementor-element-0b42fb5\" data-id=\"0b42fb5\" data-element_type=\"column\">\n\t\t\t<div class=\"elementor-widget-wrap elementor-element-populated\">\n\t\t\t\t\t\t\t\t<div class=\"elementor-element elementor-element-7764120 elementor-widget elementor-widget-text-editor\" data-id=\"7764120\" data-element_type=\"widget\" data-widget_type=\"text-editor.default\">\n\t\t\t\t<div class=\"elementor-widget-container\">\n\t\t\t\t\t\t\t<p class=\"p1\"><span class=\"s1\">El templo presenta <b>planta de cruz latina<\/b> con una nave amplia, y capillas laterales entre los contrafuertes, unidas entre s\u00ed por <b>arcos de medio punto<\/b>. Se cubre con una <b>b\u00f3veda de lunetos<\/b> que arranca de una cornisa corrida muy volada y asentada sobre pilares de orden toscano. Sobre el crucero se levanta una <b>c\u00fapula<\/b> sobre pechinas. Todas las cubiertas han sido decoradas con <b>yeser\u00eda de fuerte resalte<\/b>, siguiendo las directrices de la <b>escuela vallisoletana<\/b>.<\/span><\/p><p class=\"p1\"><span class=\"s1\">El <b>claustro<\/b> conocido como \u00ab<b>de las Procesiones<\/b>\u00bb fue construido alg\u00fan tiempo despu\u00e9s. Presenta planta cuadrada con veinte metros de lado. En \u00e9l se conservan algunas obras de arte y en particular <b>un notable conjunto de pintura barroca<\/b>, compuesto por ocho grandes lienzos, realizados<span class=\"Apple-converted-space\">\u00a0 <\/span>en 1773, que representan escenas de la vida de Santo Domingo.<\/span><\/p><p class=\"p1\"><span class=\"s1\">El interior acoge una magn\u00edfica colecci\u00f3n de retablos barrocos, \u00fanica en nuestra regi\u00f3n. El <b>retablo mayor<\/b> est\u00e1 dedicado a la patrona del convento y <b>patrona del valle<\/b> de Buelna, Nuestra Se\u00f1ora de las Caldas, <b>imagen g\u00f3tica del siglo XVI<\/b>, que se venera en un camar\u00edn situado en la hornacina central del retablo. En la estancia que acoge el camar\u00edn de la Virgen existen <b>varios lienzos barrocos<\/b>, como el retrato de <b>Mar\u00eda Ana de Velarde<\/b>, fundadora del Convento (1672) y el del <b>Padre Pozo<\/b>, cronista del convento en 1700. El retablo mayor est\u00e1 acompa\u00f1ado de <b>seis retablos barrocos<\/b> situados en las capillas laterales que exaltan a\u00fan m\u00e1s el esplendor del santuario.<\/span><\/p>\t\t\t\t\t\t<\/div>\n\t\t\t\t<\/div>\n\t\t\t\t<div class=\"elementor-element elementor-element-7934494 elementor-widget elementor-widget-gallery\" data-id=\"7934494\" data-element_type=\"widget\" data-settings=\"{&quot;columns&quot;:3,&quot;aspect_ratio&quot;:&quot;1:1&quot;,&quot;lazyload&quot;:&quot;yes&quot;,&quot;gallery_layout&quot;:&quot;grid&quot;,&quot;columns_tablet&quot;:2,&quot;columns_mobile&quot;:1,&quot;gap&quot;:{&quot;unit&quot;:&quot;px&quot;,&quot;size&quot;:10,&quot;sizes&quot;:[]},&quot;gap_tablet&quot;:{&quot;unit&quot;:&quot;px&quot;,&quot;size&quot;:10,&quot;sizes&quot;:[]},&quot;gap_mobile&quot;:{&quot;unit&quot;:&quot;px&quot;,&quot;size&quot;:10,&quot;sizes&quot;:[]},&quot;link_to&quot;:&quot;file&quot;,&quot;overlay_background&quot;:&quot;yes&quot;,&quot;content_hover_animation&quot;:&quot;fade-in&quot;}\" data-widget_type=\"gallery.default\">\n\t\t\t\t<div class=\"elementor-widget-container\">\n\t\t\t\t\t<div class=\"elementor-gallery__container\">\n\t\t\t\t\t\t\t<a class=\"e-gallery-item elementor-gallery-item elementor-animated-content\" href=\"https:\/\/espaciolaplaza.es\/wp-content\/uploads\/2021\/12\/Caldas-Santuario-y-Balneario-1.jpg\" data-elementor-open-lightbox=\"yes\" data-elementor-lightbox-slideshow=\"7934494\" data-elementor-lightbox-title=\"Caldas, Santuario y Balneario\" data-e-action-hash=\"#elementor-action%3Aaction%3Dlightbox%26settings%3DeyJpZCI6MTE4MCwidXJsIjoiaHR0cHM6XC9cL2VzcGFjaW9sYXBsYXphLmVzXC93cC1jb250ZW50XC91cGxvYWRzXC8yMDIxXC8xMlwvQ2FsZGFzLVNhbnR1YXJpby15LUJhbG5lYXJpby0xLmpwZyIsInNsaWRlc2hvdyI6Ijc5MzQ0OTQifQ%3D%3D\">\n\t\t\t\t\t<div class=\"e-gallery-image elementor-gallery-item__image\" data-thumbnail=\"https:\/\/espaciolaplaza.es\/wp-content\/uploads\/2021\/12\/Caldas-Santuario-y-Balneario-1-300x225.jpg\" data-width=\"300\" data-height=\"225\" aria-label=\"\" role=\"img\" ><\/div>\n\t\t\t\t\t\t\t\t\t\t\t<div class=\"elementor-gallery-item__overlay\"><\/div>\n\t\t\t\t\t\t\t\t\t\t\t\t\t\t<\/a>\n\t\t\t\t\t\t\t<a class=\"e-gallery-item elementor-gallery-item elementor-animated-content\" href=\"https:\/\/espaciolaplaza.es\/wp-content\/uploads\/2021\/12\/Retablo-Calvario-Caldas-1.jpg\" data-elementor-open-lightbox=\"yes\" data-elementor-lightbox-slideshow=\"7934494\" data-elementor-lightbox-title=\"Retablo Calvario Caldas\" data-e-action-hash=\"#elementor-action%3Aaction%3Dlightbox%26settings%3DeyJpZCI6MTE3OCwidXJsIjoiaHR0cHM6XC9cL2VzcGFjaW9sYXBsYXphLmVzXC93cC1jb250ZW50XC91cGxvYWRzXC8yMDIxXC8xMlwvUmV0YWJsby1DYWx2YXJpby1DYWxkYXMtMS5qcGciLCJzbGlkZXNob3ciOiI3OTM0NDk0In0%3D\">\n\t\t\t\t\t<div class=\"e-gallery-image elementor-gallery-item__image\" data-thumbnail=\"https:\/\/espaciolaplaza.es\/wp-content\/uploads\/2021\/12\/Retablo-Calvario-Caldas-1-200x300.jpg\" data-width=\"200\" data-height=\"300\" aria-label=\"\" role=\"img\" ><\/div>\n\t\t\t\t\t\t\t\t\t\t\t<div class=\"elementor-gallery-item__overlay\"><\/div>\n\t\t\t\t\t\t\t\t\t\t\t\t\t\t<\/a>\n\t\t\t\t\t\t\t<a class=\"e-gallery-item elementor-gallery-item elementor-animated-content\" href=\"https:\/\/espaciolaplaza.es\/wp-content\/uploads\/2021\/12\/Santuario-Caldas-interior-1.jpg\" data-elementor-open-lightbox=\"yes\" data-elementor-lightbox-slideshow=\"7934494\" data-elementor-lightbox-title=\"Santuario Caldas, interior\" data-e-action-hash=\"#elementor-action%3Aaction%3Dlightbox%26settings%3DeyJpZCI6MTE3NiwidXJsIjoiaHR0cHM6XC9cL2VzcGFjaW9sYXBsYXphLmVzXC93cC1jb250ZW50XC91cGxvYWRzXC8yMDIxXC8xMlwvU2FudHVhcmlvLUNhbGRhcy1pbnRlcmlvci0xLmpwZyIsInNsaWRlc2hvdyI6Ijc5MzQ0OTQifQ%3D%3D\">\n\t\t\t\t\t<div class=\"e-gallery-image elementor-gallery-item__image\" data-thumbnail=\"https:\/\/espaciolaplaza.es\/wp-content\/uploads\/2021\/12\/Santuario-Caldas-interior-1-225x300.jpg\" data-width=\"225\" data-height=\"300\" aria-label=\"\" role=\"img\" ><\/div>\n\t\t\t\t\t\t\t\t\t\t\t<div class=\"elementor-gallery-item__overlay\"><\/div>\n\t\t\t\t\t\t\t\t\t\t\t\t\t\t<\/a>\n\t\t\t\t\t<\/div>\n\t\t\t<\/div>\n\t\t\t\t<\/div>\n\t\t\t\t\t<\/div>\n\t\t<\/div>\n\t\t\t\t\t\t\t<\/div>\n\t\t<\/section>\n\t\t\t\t<section class=\"elementor-section elementor-top-section elementor-element elementor-element-fc8d420 elementor-section-boxed elementor-section-height-default elementor-section-height-default\" data-id=\"fc8d420\" data-element_type=\"section\">\n\t\t\t\t\t\t<div class=\"elementor-container elementor-column-gap-default\">\n\t\t\t\t\t<div class=\"elementor-column elementor-col-100 elementor-top-column elementor-element elementor-element-0bf1ab6\" data-id=\"0bf1ab6\" data-element_type=\"column\">\n\t\t\t<div class=\"elementor-widget-wrap elementor-element-populated\">\n\t\t\t\t\t\t\t\t<div class=\"elementor-element elementor-element-e8d1f5c elementor-position-left elementor-vertical-align-top elementor-widget elementor-widget-image-box\" data-id=\"e8d1f5c\" data-element_type=\"widget\" data-widget_type=\"image-box.default\">\n\t\t\t\t<div class=\"elementor-widget-container\">\n\t\t\t<div class=\"elementor-image-box-wrapper\"><figure class=\"elementor-image-box-img\"><img decoding=\"async\" loading=\"lazy\" width=\"960\" height=\"720\" src=\"https:\/\/espaciolaplaza.es\/wp-content\/uploads\/2021\/12\/Retablo-de-Ermita-de-la-Rueda-1.jpg\" class=\"attachment-full size-full wp-image-1181\" alt=\"\" srcset=\"https:\/\/espaciolaplaza.es\/wp-content\/uploads\/2021\/12\/Retablo-de-Ermita-de-la-Rueda-1.jpg 960w, https:\/\/espaciolaplaza.es\/wp-content\/uploads\/2021\/12\/Retablo-de-Ermita-de-la-Rueda-1-300x225.jpg 300w, https:\/\/espaciolaplaza.es\/wp-content\/uploads\/2021\/12\/Retablo-de-Ermita-de-la-Rueda-1-768x576.jpg 768w\" sizes=\"(max-width: 960px) 100vw, 960px\" \/><\/figure><div class=\"elementor-image-box-content\"><h3 class=\"elementor-image-box-title\">Algunas de nuestras ermitas<\/h3><p class=\"elementor-image-box-description\">Existen m\u00e1s muestras de patrimonio religioso repartidas por el municipio como es la Ermita de los Remedios en Coo datada del siglo XVII. En esta peque\u00f1a ermita destaca el retablo mayor de estilo barroco que fue tra\u00eddo de Escobedo de Camargo y los relieves laterales. Rese\u00f1able es el mural pintado situado en el \u00e1bside en torno a la imagen de la Virgen de la Ermita de Nuestra Se\u00f1ora de la Rueda en el pueblo de Barros junto al Parque de las Estelas. Situada en Los Corrales de Buelna, est\u00e1 el Santuario de la Virgen de la Cuesta que data del siglo XVII, aunque posee alguna reforma debido al incendio que sufri\u00f3 en el a\u00f1o 1936. A\u00fan as\u00ed, conserva una preciosa pila bautismal rom\u00e1nica con sogueado en la parte superior y sobresale la cubierta con b\u00f3veda de crucer\u00eda.\n<\/p><\/div><\/div>\t\t<\/div>\n\t\t\t\t<\/div>\n\t\t\t\t\t<\/div>\n\t\t<\/div>\n\t\t\t\t\t\t\t<\/div>\n\t\t<\/section>\n\t\t\t\t\t\t\t<\/div>\n\t\t","protected":false},"excerpt":{"rendered":"<p>PATRIMONIO RELIGIOSO La influencia del\u00a0patrimonio\u00a0hist\u00f3rico-art\u00edstico religioso en el conjunto de los bienes culturales de cualquier municipio ha sido siempre muy relevante. Este patrimonio ha formado parte del legado hist\u00f3rico que se ha ido asentando a trav\u00e9s de siglos y que ha contribuido a configurar las caracter\u00edsticas actuales de nuestro pueblo. El municipio de Los Corrales [&hellip;]<\/p>\n","protected":false},"author":1,"featured_media":0,"parent":0,"menu_order":0,"comment_status":"closed","ping_status":"closed","template":"elementor_header_footer","meta":{"footnotes":""},"_links":{"self":[{"href":"https:\/\/espaciolaplaza.es\/index.php\/wp-json\/wp\/v2\/pages\/1169"}],"collection":[{"href":"https:\/\/espaciolaplaza.es\/index.php\/wp-json\/wp\/v2\/pages"}],"about":[{"href":"https:\/\/espaciolaplaza.es\/index.php\/wp-json\/wp\/v2\/types\/page"}],"author":[{"embeddable":true,"href":"https:\/\/espaciolaplaza.es\/index.php\/wp-json\/wp\/v2\/users\/1"}],"replies":[{"embeddable":true,"href":"https:\/\/espaciolaplaza.es\/index.php\/wp-json\/wp\/v2\/comments?post=1169"}],"version-history":[{"count":3,"href":"https:\/\/espaciolaplaza.es\/index.php\/wp-json\/wp\/v2\/pages\/1169\/revisions"}],"predecessor-version":[{"id":2468,"href":"https:\/\/espaciolaplaza.es\/index.php\/wp-json\/wp\/v2\/pages\/1169\/revisions\/2468"}],"wp:attachment":[{"href":"https:\/\/espaciolaplaza.es\/index.php\/wp-json\/wp\/v2\/media?parent=1169"}],"curies":[{"name":"wp","href":"https:\/\/api.w.org\/{rel}","templated":true}]}}