{"id":157,"date":"2021-09-03T23:47:49","date_gmt":"2021-09-03T23:47:49","guid":{"rendered":"http:\/\/laplaza.webcantabria.com\/?page_id=157"},"modified":"2023-10-06T14:00:17","modified_gmt":"2023-10-06T13:00:17","slug":"oij-oficina-informacion-juvenil","status":"publish","type":"page","link":"https:\/\/espaciolaplaza.es\/index.php\/oij-oficina-informacion-juvenil\/","title":{"rendered":"OIJ &#8211; Oficina Informaci\u00f3n Juvenil"},"content":{"rendered":"\t\t<div data-elementor-type=\"wp-page\" data-elementor-id=\"157\" class=\"elementor elementor-157\" data-elementor-post-type=\"page\">\n\t\t\t\t\t\t\t\t\t<section class=\"elementor-section elementor-top-section elementor-element elementor-element-6595ba8 elementor-section-height-min-height elementor-section-stretched elementor-section-boxed elementor-section-height-default elementor-section-items-middle\" data-id=\"6595ba8\" data-element_type=\"section\" data-settings=\"{&quot;stretch_section&quot;:&quot;section-stretched&quot;,&quot;background_background&quot;:&quot;classic&quot;,&quot;shape_divider_bottom&quot;:&quot;mountains&quot;}\">\n\t\t\t\t\t\t\t<div class=\"elementor-background-overlay\"><\/div>\n\t\t\t\t\t\t<div class=\"elementor-shape elementor-shape-bottom\" data-negative=\"false\">\n\t\t\t<svg xmlns=\"http:\/\/www.w3.org\/2000\/svg\" viewBox=\"0 0 1000 100\" preserveAspectRatio=\"none\">\n\t<path class=\"elementor-shape-fill\" opacity=\"0.33\" d=\"M473,67.3c-203.9,88.3-263.1-34-320.3,0C66,119.1,0,59.7,0,59.7V0h1000v59.7 c0,0-62.1,26.1-94.9,29.3c-32.8,3.3-62.8-12.3-75.8-22.1C806,49.6,745.3,8.7,694.9,4.7S492.4,59,473,67.3z\"\/>\n\t<path class=\"elementor-shape-fill\" opacity=\"0.66\" d=\"M734,67.3c-45.5,0-77.2-23.2-129.1-39.1c-28.6-8.7-150.3-10.1-254,39.1 s-91.7-34.4-149.2,0C115.7,118.3,0,39.8,0,39.8V0h1000v36.5c0,0-28.2-18.5-92.1-18.5C810.2,18.1,775.7,67.3,734,67.3z\"\/>\n\t<path class=\"elementor-shape-fill\" d=\"M766.1,28.9c-200-57.5-266,65.5-395.1,19.5C242,1.8,242,5.4,184.8,20.6C128,35.8,132.3,44.9,89.9,52.5C28.6,63.7,0,0,0,0 h1000c0,0-9.9,40.9-83.6,48.1S829.6,47,766.1,28.9z\"\/>\n<\/svg>\t\t<\/div>\n\t\t\t\t\t<div class=\"elementor-container elementor-column-gap-default\">\n\t\t\t\t\t<div class=\"elementor-column elementor-col-100 elementor-top-column elementor-element elementor-element-6a95086\" data-id=\"6a95086\" data-element_type=\"column\">\n\t\t\t<div class=\"elementor-widget-wrap\">\n\t\t\t\t\t\t\t\t\t<\/div>\n\t\t<\/div>\n\t\t\t\t\t\t\t<\/div>\n\t\t<\/section>\n\t\t\t\t<section class=\"elementor-section elementor-top-section elementor-element elementor-element-aec1e4e elementor-section-boxed elementor-section-height-default elementor-section-height-default\" data-id=\"aec1e4e\" data-element_type=\"section\">\n\t\t\t\t\t\t<div class=\"elementor-container elementor-column-gap-default\">\n\t\t\t\t\t<div class=\"elementor-column elementor-col-100 elementor-top-column elementor-element elementor-element-91694aa\" data-id=\"91694aa\" data-element_type=\"column\">\n\t\t\t<div class=\"elementor-widget-wrap elementor-element-populated\">\n\t\t\t\t\t\t\t\t<div class=\"elementor-element elementor-element-38035d2 elementor-widget elementor-widget-heading\" data-id=\"38035d2\" data-element_type=\"widget\" data-widget_type=\"heading.default\">\n\t\t\t\t<div class=\"elementor-widget-container\">\n\t\t\t<style>\/*! elementor - v3.15.0 - 09-08-2023 *\/\n.elementor-heading-title{padding:0;margin:0;line-height:1}.elementor-widget-heading .elementor-heading-title[class*=elementor-size-]>a{color:inherit;font-size:inherit;line-height:inherit}.elementor-widget-heading .elementor-heading-title.elementor-size-small{font-size:15px}.elementor-widget-heading .elementor-heading-title.elementor-size-medium{font-size:19px}.elementor-widget-heading .elementor-heading-title.elementor-size-large{font-size:29px}.elementor-widget-heading .elementor-heading-title.elementor-size-xl{font-size:39px}.elementor-widget-heading .elementor-heading-title.elementor-size-xxl{font-size:59px}<\/style><h2 class=\"elementor-heading-title elementor-size-default\">OFICINA DE INFORMACI\u00d3N JUVENIL<\/h2>\t\t<\/div>\n\t\t\t\t<\/div>\n\t\t\t\t<div class=\"elementor-element elementor-element-b09aafa elementor-widget elementor-widget-text-editor\" data-id=\"b09aafa\" data-element_type=\"widget\" data-widget_type=\"text-editor.default\">\n\t\t\t\t<div class=\"elementor-widget-container\">\n\t\t\t<style>\/*! elementor - v3.15.0 - 09-08-2023 *\/\n.elementor-widget-text-editor.elementor-drop-cap-view-stacked .elementor-drop-cap{background-color:#69727d;color:#fff}.elementor-widget-text-editor.elementor-drop-cap-view-framed .elementor-drop-cap{color:#69727d;border:3px solid;background-color:transparent}.elementor-widget-text-editor:not(.elementor-drop-cap-view-default) .elementor-drop-cap{margin-top:8px}.elementor-widget-text-editor:not(.elementor-drop-cap-view-default) .elementor-drop-cap-letter{width:1em;height:1em}.elementor-widget-text-editor .elementor-drop-cap{float:left;text-align:center;line-height:1;font-size:50px}.elementor-widget-text-editor .elementor-drop-cap-letter{display:inline-block}<\/style>\t\t\t\t<p><span style=\"font-weight: 400;\">Servicio Municipal que pertenece al \u00c1rea de Juventud del Ayuntamiento de Los Corrales de Buelna y dedicado a j\u00f3venes de entre 12 a 30 a\u00f1os. Depende, adem\u00e1s, de la Direcci\u00f3n General de Juventud y Cooperaci\u00f3n al desarrollo del Gobierno de Cantabria.<\/span><\/p>\t\t\t\t\t\t<\/div>\n\t\t\t\t<\/div>\n\t\t\t\t\t<\/div>\n\t\t<\/div>\n\t\t\t\t\t\t\t<\/div>\n\t\t<\/section>\n\t\t\t\t<section class=\"elementor-section elementor-top-section elementor-element elementor-element-45992f0 elementor-section-content-middle elementor-section-boxed elementor-section-height-default elementor-section-height-default\" data-id=\"45992f0\" data-element_type=\"section\" data-settings=\"{&quot;background_background&quot;:&quot;classic&quot;}\">\n\t\t\t\t\t\t<div class=\"elementor-container elementor-column-gap-default\">\n\t\t\t\t\t<div class=\"elementor-column elementor-col-50 elementor-top-column elementor-element elementor-element-3bcf3a4\" data-id=\"3bcf3a4\" data-element_type=\"column\">\n\t\t\t<div class=\"elementor-widget-wrap elementor-element-populated\">\n\t\t\t\t\t\t\t\t<div class=\"elementor-element elementor-element-da06317 elementor-widget elementor-widget-bdt-accordion\" data-id=\"da06317\" data-element_type=\"widget\" data-widget_type=\"bdt-accordion.default\">\n\t\t\t\t<div class=\"elementor-widget-container\">\n\t\t\t        <div class=\"bdt-ep-accordion-container\">\r\n            <div id=\"bdt-ep-accordion-da06317\" class=\"bdt-ep-accordion bdt-accordion\" data-bdt-accordion=\"{&quot;collapsible&quot;:true,&quot;multiple&quot;:false,&quot;transition&quot;:&quot;ease-in-out&quot;}\" data-settings=\"{&quot;id&quot;:&quot;bdt-ep-accordion-da06317&quot;,&quot;activeHash&quot;:&quot;no&quot;,&quot;activeScrollspy&quot;:null,&quot;hashTopOffset&quot;:false,&quot;hashScrollspyTime&quot;:false}\">\r\n                                    <div class=\"bdt-ep-accordion-item\">\r\n                        <div class=\"bdt-ep-accordion-title bdt-accordion-title bdt-flex bdt-flex-middle bdt-flex-between\" id=\"bdt-ep-accordion-informacin-juvenil\" data-accordion-index=\"0\" data-title=\"informaci-n-juvenil\" role=\"heading\">\r\n\r\n                                                            <span class=\"bdt-ep-accordion-icon bdt-flex-align-right\" aria-hidden=\"true\">\r\n\r\n                                                                            <span class=\"bdt-ep-accordion-icon-closed\">\r\n                                            <i aria-hidden=\"true\" class=\"fa-fw fas fa-plus\"><\/i>                                        <\/span>\r\n                                    \r\n                                                                            <span class=\"bdt-ep-accordion-icon-opened\">\r\n                                            <i aria-hidden=\"true\" class=\"fa-fw fas fa-minus\"><\/i>                                        <\/span>\r\n                                    \r\n                                <\/span>\r\n                            \r\n                            <span class=\"bdt-ep-title-text bdt-flex bdt-flex-middle\">\r\n\r\n                                                                INFORMACI\u00d3N JUVENIL                            <\/span>\r\n\r\n                        <\/div>\r\n                        <div class=\"bdt-ep-accordion-content bdt-accordion-content\">\r\n                            <p>\u00a0<\/p><p><span style=\"font-weight: 400;\">&#8211; Corcheras fijas en las que expondremos, de forma peri\u00f3dica, informaci\u00f3n actual y pertinente \u00a0 y expositores m\u00f3viles para la informaci\u00f3n m\u00e1s destacable y que podremos incluso utilizar a modo de escaparate para que resulte m\u00e1s atractivo.<\/span><\/p><p><span style=\"font-weight: 400;\">La informaci\u00f3n est\u00e1 estructurada en distintos bloques tem\u00e1ticos: Formaci\u00f3n\/Educaci\u00f3n, Becas, Empleo: Caplea, Ejecant, Cultura, Ocio y Tiempo Libre, Vivienda, Informaci\u00f3n Local, Subvenciones, Concursos y Cert\u00e1menes<\/span><\/p><p><span style=\"font-weight: 400;\">&#8211;\u00a0 Informaci\u00f3n Europea como becas, subvenciones y cualquier otra informaci\u00f3n que pueda ofrecer nuevas oportunidades de formaci\u00f3n, ocio o empleo a los j\u00f3venes del municipio.<\/span><\/p><p><span style=\"font-weight: 400;\">&#8211;\u00a0 Difusi\u00f3n de Jovenman\u00eda es uno de nuestras principales labores ya que es la herramienta principal y el punto de partida para cualquier joven de nuestra comunidad. En esta web se puede acceder a todas las acciones juveniles y culturales de nuestra Comunidad Aut\u00f3noma.\u00a0 Es tambi\u00e9n de gran utilidad para la Oij de Los Corrales de Buelna ya que nos permiten difundir de manera inmediata informaci\u00f3n de nuestra propia entidad \u00a0 e informaci\u00f3n de nuestro municipio que creamos pueda ser de inter\u00e9s para los j\u00f3venes.<\/span><\/p><p><span style=\"font-weight: 400;\">&#8211; Promocionar las actividades de la Direcci\u00f3n General de Juventud, tales como campos de voluntariado, campamentos de verano, descansos escolares y fines de semana.\u00a0 Adem\u00e1s de otras actividades ofrecidas por la Direcci\u00f3n General de Juventud para desarrollar en nuestra propia localidad como \u201cJuventud en Movimiento\u201d Esta es una de nuestras grandes prioridades ya que consideramos que son ocasiones \u00fanicas para nuestros j\u00f3venes usuarios.<\/span><\/p><p><span style=\"font-weight: 400;\">&#8211; Expedir el carn\u00e9 joven as\u00ed como facilitarles otro tipo de carn\u00e9s como el Isic , Teacher\u00a0 o alberguista es otro de nuestros cometidos.<\/span><\/p><p><span style=\"font-weight: 400;\">&#8211; El trabajo en Red es una gran oportunidad para poder desarrollar nuestro trabajo. El hecho de estar todas las Oijs en red y poder contar con un Centro Coordinador es indispensable para ofrecer un buen servicio a nuestros usuarios ya que adem\u00e1s de poder compartir informaci\u00f3n, actividades o recursos puedes solucionar dudas o problemas de manera inmediata lo que permite ofrecer un servicio r\u00e1pido y eficaz.<\/span><\/p>                        <\/div>\r\n                    <\/div>\r\n                                    <div class=\"bdt-ep-accordion-item\">\r\n                        <div class=\"bdt-ep-accordion-title bdt-accordion-title bdt-flex bdt-flex-middle bdt-flex-between\" id=\"bdt-ep-accordion-dinamizacin-juvenil-en-la-propia-oij\" data-accordion-index=\"1\" data-title=\"dinamizaci-n-juvenil-en-la-propia-oij\" role=\"heading\">\r\n\r\n                                                            <span class=\"bdt-ep-accordion-icon bdt-flex-align-right\" aria-hidden=\"true\">\r\n\r\n                                                                            <span class=\"bdt-ep-accordion-icon-closed\">\r\n                                            <i aria-hidden=\"true\" class=\"fa-fw fas fa-plus\"><\/i>                                        <\/span>\r\n                                    \r\n                                                                            <span class=\"bdt-ep-accordion-icon-opened\">\r\n                                            <i aria-hidden=\"true\" class=\"fa-fw fas fa-minus\"><\/i>                                        <\/span>\r\n                                    \r\n                                <\/span>\r\n                            \r\n                            <span class=\"bdt-ep-title-text bdt-flex bdt-flex-middle\">\r\n\r\n                                                                DINAMIZACI\u00d3N \u00a0JUVENIL EN LA PROPIA OIJ                            <\/span>\r\n\r\n                        <\/div>\r\n                        <div class=\"bdt-ep-accordion-content bdt-accordion-content\">\r\n                            <p>\u00a0<\/p><p>\u00a0<\/p><p><span style=\"font-weight: 400;\">Disponemos de recursos de entretenimiento para que los chic@s puedan disfrutar de sus ratos de ocio y que nuestra oficina sea un lugar de reuni\u00f3n y entretenimiento. Juegos de mesa como el monopoly, ajedrez, parchis, etc. forman parte de nuestros materiales.<\/span><\/p><p><span style=\"font-weight: 400;\">Contamos, adem\u00e1s, de espacios exclusivos para otro tipo de juegos como futbol\u00edn, billar, diana, etc.\u00a0<\/span><\/p><p><span style=\"font-weight: 400;\">Adem\u00e1s, se ha incorporado un espacio de descanso y de reuni\u00f3n con sillones de colores para disfrutar jugando a la play station \u00f3 simplemente para poder reunirse un grupo de amigos.<\/span><\/p><p><span style=\"font-weight: 400;\">Se ha incluido, dentro de la propia Oij, una zona polivalente para tareas escolares o reuniones de trabajo.<\/span><\/p><p><span style=\"font-weight: 400;\">Otro de los elementos a tener en cuenta en este espacio joven es la informatizaci\u00f3n. Conociendo de antemano la importancia que tiene este servicio entre nuestro p\u00fablico. Se han adquirido equipos inform\u00e1ticos con una doble funci\u00f3n: acad\u00e9mica y l\u00fadica.\u00a0<\/span><\/p>                        <\/div>\r\n                    <\/div>\r\n                                    <div class=\"bdt-ep-accordion-item\">\r\n                        <div class=\"bdt-ep-accordion-title bdt-accordion-title bdt-flex bdt-flex-middle bdt-flex-between\" id=\"bdt-ep-accordion-dinamizacin-con-colectivos-e-instituciones\" data-accordion-index=\"2\" data-title=\"dinamizaci-n-con-colectivos-e-instituciones\" role=\"heading\">\r\n\r\n                                                            <span class=\"bdt-ep-accordion-icon bdt-flex-align-right\" aria-hidden=\"true\">\r\n\r\n                                                                            <span class=\"bdt-ep-accordion-icon-closed\">\r\n                                            <i aria-hidden=\"true\" class=\"fa-fw fas fa-plus\"><\/i>                                        <\/span>\r\n                                    \r\n                                                                            <span class=\"bdt-ep-accordion-icon-opened\">\r\n                                            <i aria-hidden=\"true\" class=\"fa-fw fas fa-minus\"><\/i>                                        <\/span>\r\n                                    \r\n                                <\/span>\r\n                            \r\n                            <span class=\"bdt-ep-title-text bdt-flex bdt-flex-middle\">\r\n\r\n                                                                DINAMIZACI\u00d3N CON COLECTIVOS E INSTITUCIONES.                            <\/span>\r\n\r\n                        <\/div>\r\n                        <div class=\"bdt-ep-accordion-content bdt-accordion-content\">\r\n                            <p><span style=\"font-weight: 400;\">El principal referente de la juventud en nuestro municipio es la Oij. Por lo tanto, es el v\u00ednculo con el \u00c1rea de Juventud de nuestro Ayuntamiento y como tal, trabajamos codo con codo con dicha \u00c1rea que est\u00e1 motivada y concienciada con la importancia de la juventud en nuestro municipio.\u00a0<\/span><\/p><p>\u00a0<\/p><p><span style=\"font-weight: 400;\">Una de nuestras metas es colaborar con la red social de nuestro municipio para fomentar la participaci\u00f3n ciudadana, tanto con asociaciones como con otros servicios municipales o incluso con particulares que as\u00ed nos lo soliciten.\u00a0<\/span><\/p><p>\u00a0<\/p><p><span style=\"font-weight: 400;\">Participamos y colaboramos con las actuaciones que nos oferta la Direcci\u00f3n General de Juventud y que consideramos interesantes para nuestros j\u00f3venes vecinos. Nuestra tarea en esta actuaci\u00f3n es la divulgar actividades como Campos de Trabajo, Actividades de fin de Semana, Campamentos de Verano o Descansos escolares.<\/span><\/p><p>\u00a0<\/p><p><span style=\"font-weight: 400;\">Tambi\u00e9n nuestro municipio ha participado en programas que nos ha ofertado la Direcci\u00f3n General de Juventud tales como \u201cJuventud al d\u00eda\u201d o \u201cZona Joven\u201d o actualmente el denominado \u201cJuventud en movimiento\u201d que nos han permitido ofertar actividades pioneras o novedosas como Escape Rom, Vuelo de drones, etc.\u00a0 y que ha hecho que nuestro s chic@s hayan podido beneficiarse de ellas.\u00a0 Pero, adem\u00e1s, nos ha permitido sensibilizarnos con temas como violencia de g\u00e9nero o acoso escolar.<\/span><\/p><p>\u00a0<\/p><p><span style=\"font-weight: 400;\">Destacamos las actividades propias de nuestro servicio juvenil que a\u00f1o tras a\u00f1o hemos acometido con \u00e9xito y que son un referente en nuestro municipio.\u00a0\u00a0<\/span><\/p><p>\u00a0<\/p><ul><li><strong><i>Sab\u00e1tico<\/i><\/strong><span style=\"font-weight: 400;\">: es un programa de ocio alternativo juvenil que organiza el Ayuntamiento de Los Corrales de Buelna. Se realizan dos ediciones, en primavera y en oto\u00f1o.\u00a0 Los s\u00e1bados de 18 a 22 h. de dichos periodos en el CEIP Jos\u00e9 Mar\u00eda de Pereda se llevan a cabo talleres, juegos, torneos deportivos, actividades deportivas, etc.\u00a0<\/span><\/li><\/ul><p><span style=\"font-weight: 400;\">La actividad est\u00e1 organizada por el \u00c1rea de Juventud del Ayuntamiento de Los Corrales de Buelna y nuestra tarea respecto a este programa es la difusi\u00f3n, publicidad e informaci\u00f3n que se realiza con los j\u00f3venes, Centros Escolares, Servicios Municipales, etc.<\/span><\/p><ul><li><strong><i>Descansos escolares<\/i><\/strong><span style=\"font-weight: 400;\"><strong>:<\/strong> Debido al calendario escolar en el que se establecen ciertas semanas de descanso, pero que, en la mayor\u00eda de los casos, no son compatibles con las vacaciones o descansos de los progenitores, el Ayuntamiento de Los Corrales de Buelna, a trav\u00e9s del \u00c1rea de Juventud, ha apostado por la conciliaci\u00f3n familiar y cada semana de descanso escolar ha ofertado de forma totalmente gratuita actividades desde las 8 de la ma\u00f1ana, con servicio de madrugadores hasta las 14 h.\u00a0<\/span><\/li><\/ul><p><span style=\"font-weight: 400;\">Este programa ha incluido actividades bien diferenciadas. Por un lado, se han ofertado actividades tecnol\u00f3gicas como Creaci\u00f3n de videojuegos, Rob\u00f3tica, etc. para una franja de edad amplia, de 5 a 16 a\u00f1os; Y por otro lado se han ofertado actividades m\u00e1s l\u00fadicas como juegos, talleres, hinchables, etc. que abarca edades entre 5 y 12 a\u00f1os.<\/span><\/p><p><span style=\"font-weight: 400;\">Estos proyectos han tenido una gran acogida en nuestro municipio y las familias est\u00e1n muy satisfechas con los resultados.<\/span><\/p><ul><li><strong>S<i>an Juan<\/i><\/strong><span style=\"font-weight: 400;\">: la Oij participa activamente en las fiestas municipales de San Juan gestionando el tema de pe\u00f1as. Siguiendo con nuestro objetivo de animar a los j\u00f3venes a colaborar con las fiestas y de esta manera acercarnos a ellos de una forma distendida y que conozcan nuestro servicio, no solo como un servicio meramente informativo, sino tambi\u00e9n como un servicio l\u00fadico.<\/span><\/li><\/ul><p><span style=\"font-weight: 400;\">En nuestro municipio la Oij es un referente en las fiestas municipales. Desde el a\u00f1o 2008 nuestra oficina est\u00e1 presente en las fiestas de San Juan y cada a\u00f1o la participaci\u00f3n ciudadana, especialmente de j\u00f3venes, es mayor. Nuestro gran trabajo es la de idear y organizar cada a\u00f1o diferentes actividades que les resulten atractivas y divertidas. Convocamos un concurso de pe\u00f1as y en los diferentes d\u00edas tienen que realizar pruebas y actividades puntuables. Adem\u00e1s, tienen que participar en actos comunes de las fiestas como son los desfiles, la quema del Juan\u00f3n, Los fuegos artificiales, etc.\u00a0<\/span><\/p><p><span style=\"font-weight: 400;\">Esto es posible gracias a la importante labor de j\u00f3venes voluntarios que a\u00f1o tras a\u00f1o colaboran con la Oij para que este proyecto salga adelante. La implicaci\u00f3n de los Concejales del \u00e1rea y de otras \u00e1reas que se suman a esta iniciativa es de gran valor y son un gran apoyo para desarrollar esta actividad.<\/span><\/p><p><span style=\"font-weight: 400;\">Durante la pandemia de la Covid19, el \u00c1rea de Juventud y la Oij se han reinventado y han buscado una alternativa de ocio para nuestros j\u00f3venes.\u00a0 De ah\u00ed surgi\u00f3 #junt@senlasredes; un programa por el que se propusieron diariamente actividades; #challenge, quiz, talleres, quedadas, concursos, recursos; una gran variedad de actividades para realizar uni\u00e9ndose a nuestras redes; facebook \u201coijloscorralesdebuelna\u201d y a nuestro instagram \u201coijsanjuan\u201d.<\/span><\/p><p><span style=\"font-weight: 400;\">Una nueva forma de dinamizar la participaci\u00f3n de nuestros j\u00f3venes y ofrecer otras alternativas de ocio adecuadas a la situaci\u00f3n en la que nos encontramos. No olvidando a nuestros usuarios en una situaci\u00f3n tan delicada. Ofreciendo alternativas para seguir en contacto con ellos y que su tiempo de ocio pueda ser ameno, atractivo y divertido.<\/span><\/p><ul><li><strong><i>Halloween<\/i><\/strong><span style=\"font-weight: 400;\">: Nuestro servicio fue el que hace unos a\u00f1os tuvo la iniciativa de organizar halloween en nuestro municipio., Apoyados por el Ayuntamiento de Los Corrales de Buelna y con la colaboraci\u00f3n de las monitoras de ocio y tiempo libre de Corporaciones Locales se puso en marcha esta iniciativa. En un principio bastante modesta. Se organiz\u00f3 en la plaza una gymkhana con \u201cpuestos de miedo\u201d. Los monitores disfrazados para la ocasi\u00f3n ten\u00edan cada uno un stand con actividades varias, y los ni\u00f1os cada vez que realizaban la actividad se les daba chuches. Los siguientes a\u00f1os se segu\u00eda la misma din\u00e1mica, pero introduciendo novedades como el desfile o actuaciones como la de Malabaracirco. En el a\u00f1o 2019 el Ayuntamiento de Los Corrales de Buelna apost\u00f3 por una gran innovaci\u00f3n que tuvo un gran \u00e9xito. El Centro Social \u201cLa Rasilla\u201d se convirti\u00f3 en un espectacular pasaje del terror y desde la 18 h. hasta las 2h le visitaron cerca de 400 personas. Su visita no dej\u00f3 a nadie indiferente. El escenario y la decoraci\u00f3n interior y exterior fue espectacular, as\u00ed como los actores que ambientaron el pasaje del terror. Paralelamente y para que la espera fuera m\u00e1s amena los visitantes pudieron disfrutar de espect\u00e1culos maravillosos de fuego, malabares, etc.<\/span><\/li><\/ul><p><span style=\"font-weight: 400;\">Adem\u00e1s del pasaje del terror se realiz\u00f3 un desfile por las diferentes calles del pueblo y la Plaza del Conde Mansilla se ambient\u00f3 para la ocasi\u00f3n. Unos puestos con diversas actividades: el monstruo tragabolas, la diana de ara\u00f1a, los bolos fantasmitas y las cajas del terror animaron a los m\u00e1s peque\u00f1os. Cada vez que participaban en una de las actividades se les daban los chuches correspondientes. Esta actividad estuvo organizada y realizada por las monitoras de ocio y tiempo libre de corporaciones locales.<\/span><\/p>                        <\/div>\r\n                    <\/div>\r\n                                    <div class=\"bdt-ep-accordion-item\">\r\n                        <div class=\"bdt-ep-accordion-title bdt-accordion-title bdt-flex bdt-flex-middle bdt-flex-between\" id=\"bdt-ep-accordion-asociacionismo\" data-accordion-index=\"3\" data-title=\"asociacionismo\" role=\"heading\">\r\n\r\n                                                            <span class=\"bdt-ep-accordion-icon bdt-flex-align-right\" aria-hidden=\"true\">\r\n\r\n                                                                            <span class=\"bdt-ep-accordion-icon-closed\">\r\n                                            <i aria-hidden=\"true\" class=\"fa-fw fas fa-plus\"><\/i>                                        <\/span>\r\n                                    \r\n                                                                            <span class=\"bdt-ep-accordion-icon-opened\">\r\n                                            <i aria-hidden=\"true\" class=\"fa-fw fas fa-minus\"><\/i>                                        <\/span>\r\n                                    \r\n                                <\/span>\r\n                            \r\n                            <span class=\"bdt-ep-title-text bdt-flex bdt-flex-middle\">\r\n\r\n                                                                ASOCIACIONISMO                            <\/span>\r\n\r\n                        <\/div>\r\n                        <div class=\"bdt-ep-accordion-content bdt-accordion-content\">\r\n                            <p>Nuestra labor en el \u00e1mbito del asociacionismo est\u00e1 contemplada como una labor informativa para personas interesadas en formar una asociaci\u00f3n. En dicho caso, asesoramos y orientamos de aquellos tr\u00e1mites que deben realizar para formar la asociaci\u00f3n.<\/p><p>\u00a0<\/p><p>Otra de las labores que se llevan a cabo relacionadas con las asociaciones juveniles, es la de informar de aquellas subvenciones y ayudas que est\u00e9n dentro de los objetivos a los cuales van dirigidas dichas subvenciones y puedan acogerse a ellas.\u00a0\u00a0<\/p><p>\u00a0<\/p><p>Apoyar en las iniciativas y actividades que desarrollen, sirviendo de enlace entre la administraci\u00f3n y la asociaci\u00f3n, o bien en la tarea de ayuda en la difusi\u00f3n o gesti\u00f3n de la actividad que van a desarrollar.<\/p><p>\u00a0<\/p><p>De una forma particular pueden ser consideradas las pe\u00f1as como una asociaci\u00f3n, ya que hay pe\u00f1as formadas como asociaciones y otras que se forman \u00fanicamente para dicho fin. Aun as\u00ed, hacemos un seguimiento constante con ellas, nos reunimos a lo largo del a\u00f1o y tambi\u00e9n nos sirven como un v\u00ednculo informativo y de difusi\u00f3n.<\/p><p>\u00a0<\/p><p>Un claro ejemplo fue en los carnavales de Los Corrales de Buelna de 2019 en los que la Oij colabor\u00f3 activamente con la Pe\u00f1a Los Papis que son los organizadores del evento.<\/p>                        <\/div>\r\n                    <\/div>\r\n                            <\/div>\r\n        <\/div>\r\n    \t\t<\/div>\n\t\t\t\t<\/div>\n\t\t\t\t\t<\/div>\n\t\t<\/div>\n\t\t\t\t<div class=\"elementor-column elementor-col-50 elementor-top-column elementor-element elementor-element-3f781fc\" data-id=\"3f781fc\" data-element_type=\"column\" data-settings=\"{&quot;background_background&quot;:&quot;classic&quot;}\">\n\t\t\t<div class=\"elementor-widget-wrap elementor-element-populated\">\n\t\t\t\t\t\t\t\t<div class=\"elementor-element elementor-element-5497bca elementor-widget elementor-widget-text-editor\" data-id=\"5497bca\" data-element_type=\"widget\" data-widget_type=\"text-editor.default\">\n\t\t\t\t<div class=\"elementor-widget-container\">\n\t\t\t\t\t\t\t<div class=\"medio\"><div class=\"texto_contenido\"><h4>Oficina Informaci\u00f3n Juvenil (OIJ)<br \/><br \/><\/h4><h5>Espacio La Plaza<\/h5><p>Plaza de la Constituci\u00f3n, 2<br \/>39400\u00a0 Los Corrales de Buelna<\/p><p><strong>E-mail:<\/strong>\u00a0oij@loscorralesdebuelna.es<br \/><strong>Facebook<\/strong>: oijloscorralesdebuelna<br \/><strong>Instagram<\/strong>: @oijsanjuan<\/p><p>\u00a0<\/p><\/div><\/div>\t\t\t\t\t\t<\/div>\n\t\t\t\t<\/div>\n\t\t\t\t\t<\/div>\n\t\t<\/div>\n\t\t\t\t\t\t\t<\/div>\n\t\t<\/section>\n\t\t\t\t<section class=\"elementor-section elementor-top-section elementor-element elementor-element-1bc9c9c elementor-section-boxed elementor-section-height-default elementor-section-height-default\" data-id=\"1bc9c9c\" data-element_type=\"section\" data-settings=\"{&quot;shape_divider_bottom&quot;:&quot;mountains&quot;}\">\n\t\t\t\t\t<div class=\"elementor-shape elementor-shape-bottom\" data-negative=\"false\">\n\t\t\t<svg xmlns=\"http:\/\/www.w3.org\/2000\/svg\" viewBox=\"0 0 1000 100\" preserveAspectRatio=\"none\">\n\t<path class=\"elementor-shape-fill\" opacity=\"0.33\" d=\"M473,67.3c-203.9,88.3-263.1-34-320.3,0C66,119.1,0,59.7,0,59.7V0h1000v59.7 c0,0-62.1,26.1-94.9,29.3c-32.8,3.3-62.8-12.3-75.8-22.1C806,49.6,745.3,8.7,694.9,4.7S492.4,59,473,67.3z\"\/>\n\t<path class=\"elementor-shape-fill\" opacity=\"0.66\" d=\"M734,67.3c-45.5,0-77.2-23.2-129.1-39.1c-28.6-8.7-150.3-10.1-254,39.1 s-91.7-34.4-149.2,0C115.7,118.3,0,39.8,0,39.8V0h1000v36.5c0,0-28.2-18.5-92.1-18.5C810.2,18.1,775.7,67.3,734,67.3z\"\/>\n\t<path class=\"elementor-shape-fill\" d=\"M766.1,28.9c-200-57.5-266,65.5-395.1,19.5C242,1.8,242,5.4,184.8,20.6C128,35.8,132.3,44.9,89.9,52.5C28.6,63.7,0,0,0,0 h1000c0,0-9.9,40.9-83.6,48.1S829.6,47,766.1,28.9z\"\/>\n<\/svg>\t\t<\/div>\n\t\t\t\t\t<div class=\"elementor-container elementor-column-gap-default\">\n\t\t\t\t\t<div class=\"elementor-column elementor-col-100 elementor-top-column elementor-element elementor-element-e0512ec\" data-id=\"e0512ec\" data-element_type=\"column\">\n\t\t\t<div class=\"elementor-widget-wrap elementor-element-populated\">\n\t\t\t\t\t\t\t\t<div class=\"elementor-element elementor-element-8ed07c4 elementor-widget elementor-widget-gallery\" data-id=\"8ed07c4\" data-element_type=\"widget\" data-settings=\"{&quot;lazyload&quot;:&quot;yes&quot;,&quot;gallery_layout&quot;:&quot;grid&quot;,&quot;columns&quot;:4,&quot;columns_tablet&quot;:2,&quot;columns_mobile&quot;:1,&quot;gap&quot;:{&quot;unit&quot;:&quot;px&quot;,&quot;size&quot;:10,&quot;sizes&quot;:[]},&quot;gap_tablet&quot;:{&quot;unit&quot;:&quot;px&quot;,&quot;size&quot;:10,&quot;sizes&quot;:[]},&quot;gap_mobile&quot;:{&quot;unit&quot;:&quot;px&quot;,&quot;size&quot;:10,&quot;sizes&quot;:[]},&quot;link_to&quot;:&quot;file&quot;,&quot;aspect_ratio&quot;:&quot;3:2&quot;,&quot;overlay_background&quot;:&quot;yes&quot;,&quot;content_hover_animation&quot;:&quot;fade-in&quot;}\" data-widget_type=\"gallery.default\">\n\t\t\t\t<div class=\"elementor-widget-container\">\n\t\t\t<style>\/*! elementor-pro - v3.14.0 - 26-06-2023 *\/\n.elementor-gallery__container{min-height:1px}.elementor-gallery-item{position:relative;overflow:hidden;display:block;text-decoration:none;border:solid var(--image-border-width) var(--image-border-color);border-radius:var(--image-border-radius)}.elementor-gallery-item__content,.elementor-gallery-item__overlay{height:100%;width:100%;position:absolute;top:0;left:0}.elementor-gallery-item__overlay{mix-blend-mode:var(--overlay-mix-blend-mode);transition-duration:var(--overlay-transition-duration);transition-property:mix-blend-mode,transform,opacity,background-color}.elementor-gallery-item__image.e-gallery-image{transition-duration:var(--image-transition-duration);transition-property:filter,transform}.elementor-gallery-item__content{display:flex;flex-direction:column;justify-content:var(--content-justify-content,center);align-items:center;text-align:var(--content-text-align);padding:var(--content-padding)}.elementor-gallery-item__content>div{transition-duration:var(--content-transition-duration)}.elementor-gallery-item__content.elementor-gallery--sequenced-animation>div:nth-child(2){transition-delay:calc(var(--content-transition-delay) \/ 3)}.elementor-gallery-item__content.elementor-gallery--sequenced-animation>div:nth-child(3){transition-delay:calc(var(--content-transition-delay) \/ 3 * 2)}.elementor-gallery-item__content.elementor-gallery--sequenced-animation>div:nth-child(4){transition-delay:calc(var(--content-transition-delay) \/ 3 * 3)}.elementor-gallery-item__description{color:var(--description-text-color,#fff);width:100%}.elementor-gallery-item__title{color:var(--title-text-color,#fff);font-weight:700;width:100%}.elementor-gallery__titles-container{display:flex;flex-wrap:wrap;justify-content:var(--titles-container-justify-content,center);margin-bottom:20px}.elementor-gallery__titles-container:not(.e--pointer-framed) .elementor-item:after,.elementor-gallery__titles-container:not(.e--pointer-framed) .elementor-item:before{background-color:var(--galleries-pointer-bg-color-hover)}.elementor-gallery__titles-container:not(.e--pointer-framed) .elementor-item.elementor-item-active:after,.elementor-gallery__titles-container:not(.e--pointer-framed) .elementor-item.elementor-item-active:before{background-color:var(--galleries-pointer-bg-color-active)}.elementor-gallery__titles-container.e--pointer-framed .elementor-item:before{border-color:var(--galleries-pointer-bg-color-hover);border-width:var(--galleries-pointer-border-width)}.elementor-gallery__titles-container.e--pointer-framed .elementor-item:after{border-color:var(--galleries-pointer-bg-color-hover)}.elementor-gallery__titles-container.e--pointer-framed .elementor-item.elementor-item-active:after,.elementor-gallery__titles-container.e--pointer-framed .elementor-item.elementor-item-active:before{border-color:var(--galleries-pointer-bg-color-active)}.elementor-gallery__titles-container.e--pointer-framed.e--animation-draw .elementor-item:before{border-left-width:var(--galleries-pointer-border-width);border-bottom-width:var(--galleries-pointer-border-width);border-right-width:0;border-top-width:0}.elementor-gallery__titles-container.e--pointer-framed.e--animation-draw .elementor-item:after{border-left-width:0;border-bottom-width:0;border-right-width:var(--galleries-pointer-border-width);border-top-width:var(--galleries-pointer-border-width)}.elementor-gallery__titles-container.e--pointer-framed.e--animation-corners .elementor-item:before{border-left-width:var(--galleries-pointer-border-width);border-bottom-width:0;border-right-width:0;border-top-width:var(--galleries-pointer-border-width)}.elementor-gallery__titles-container.e--pointer-framed.e--animation-corners .elementor-item:after{border-left-width:0;border-bottom-width:var(--galleries-pointer-border-width);border-right-width:var(--galleries-pointer-border-width);border-top-width:0}.elementor-gallery__titles-container .e--pointer-double-line .elementor-item:after,.elementor-gallery__titles-container .e--pointer-double-line .elementor-item:before,.elementor-gallery__titles-container .e--pointer-overline .elementor-item:before,.elementor-gallery__titles-container .e--pointer-underline .elementor-item:after{height:var(--galleries-pointer-border-width)}.elementor-gallery-title{--space-between:10px;cursor:pointer;color:#6d7882;font-weight:500;position:relative;padding:7px 14px;transition:all .3s}.elementor-gallery-title--active{color:#495157}.elementor-gallery-title:not(:last-child){margin-right:var(--space-between)}.elementor-gallery-item__title+.elementor-gallery-item__description{margin-top:var(--description-margin-top)}.e-gallery-item.elementor-gallery-item{transition-property:all}.e-gallery-item.elementor-animated-content .elementor-animated-item--enter-from-bottom,.e-gallery-item.elementor-animated-content .elementor-animated-item--enter-from-left,.e-gallery-item.elementor-animated-content .elementor-animated-item--enter-from-right,.e-gallery-item.elementor-animated-content .elementor-animated-item--enter-from-top,.e-gallery-item:focus .elementor-gallery__item-overlay-bg,.e-gallery-item:focus .elementor-gallery__item-overlay-content,.e-gallery-item:focus .elementor-gallery__item-overlay-content__description,.e-gallery-item:focus .elementor-gallery__item-overlay-content__title,.e-gallery-item:hover .elementor-gallery__item-overlay-bg,.e-gallery-item:hover .elementor-gallery__item-overlay-content,.e-gallery-item:hover .elementor-gallery__item-overlay-content__description,.e-gallery-item:hover .elementor-gallery__item-overlay-content__title{opacity:1}a.elementor-item.elementor-gallery-title{color:var(--galleries-title-color-normal)}a.elementor-item.elementor-gallery-title.elementor-item-active,a.elementor-item.elementor-gallery-title.highlighted,a.elementor-item.elementor-gallery-title:focus,a.elementor-item.elementor-gallery-title:hover{color:var(--galleries-title-color-hover)}a.elementor-item.elementor-gallery-title.elementor-item-active{color:var(--gallery-title-color-active)}.e-con-inner>.elementor-widget-gallery,.e-con>.elementor-widget-gallery{width:var(--container-widget-width);--flex-grow:var(--container-widget-flex-grow)}<\/style>\t\t<div class=\"elementor-gallery__container\">\n\t\t\t\t\t\t\t<a class=\"e-gallery-item elementor-gallery-item elementor-animated-content\" href=\"https:\/\/espaciolaplaza.es\/wp-content\/uploads\/2021\/10\/226514036_1242108709556870_2244968646431754650_n-1.jpg\" data-elementor-open-lightbox=\"yes\" data-elementor-lightbox-slideshow=\"8ed07c4\" data-elementor-lightbox-title=\"226514036_1242108709556870_2244968646431754650_n\" data-e-action-hash=\"#elementor-action%3Aaction%3Dlightbox%26settings%3DeyJpZCI6NzE3LCJ1cmwiOiJodHRwczpcL1wvZXNwYWNpb2xhcGxhemEuZXNcL3dwLWNvbnRlbnRcL3VwbG9hZHNcLzIwMjFcLzEwXC8yMjY1MTQwMzZfMTI0MjEwODcwOTU1Njg3MF8yMjQ0OTY4NjQ2NDMxNzU0NjUwX24tMS5qcGciLCJzbGlkZXNob3ciOiI4ZWQwN2M0In0%3D\">\n\t\t\t\t\t<div class=\"e-gallery-image elementor-gallery-item__image\" data-thumbnail=\"https:\/\/espaciolaplaza.es\/wp-content\/uploads\/2021\/10\/226514036_1242108709556870_2244968646431754650_n-1-300x135.jpg\" data-width=\"300\" data-height=\"135\" aria-label=\"\" role=\"img\" ><\/div>\n\t\t\t\t\t\t\t\t\t\t\t<div class=\"elementor-gallery-item__overlay\"><\/div>\n\t\t\t\t\t\t\t\t\t\t\t\t\t\t<\/a>\n\t\t\t\t\t\t\t<a class=\"e-gallery-item elementor-gallery-item elementor-animated-content\" href=\"https:\/\/espaciolaplaza.es\/wp-content\/uploads\/2021\/10\/225808036_1242140736220334_7561100594068917866_n-1.jpg\" data-elementor-open-lightbox=\"yes\" data-elementor-lightbox-slideshow=\"8ed07c4\" data-elementor-lightbox-title=\"225808036_1242140736220334_7561100594068917866_n\" data-e-action-hash=\"#elementor-action%3Aaction%3Dlightbox%26settings%3DeyJpZCI6NzE4LCJ1cmwiOiJodHRwczpcL1wvZXNwYWNpb2xhcGxhemEuZXNcL3dwLWNvbnRlbnRcL3VwbG9hZHNcLzIwMjFcLzEwXC8yMjU4MDgwMzZfMTI0MjE0MDczNjIyMDMzNF83NTYxMTAwNTk0MDY4OTE3ODY2X24tMS5qcGciLCJzbGlkZXNob3ciOiI4ZWQwN2M0In0%3D\">\n\t\t\t\t\t<div class=\"e-gallery-image elementor-gallery-item__image\" data-thumbnail=\"https:\/\/espaciolaplaza.es\/wp-content\/uploads\/2021\/10\/225808036_1242140736220334_7561100594068917866_n-1-300x225.jpg\" data-width=\"300\" data-height=\"225\" aria-label=\"\" role=\"img\" ><\/div>\n\t\t\t\t\t\t\t\t\t\t\t<div class=\"elementor-gallery-item__overlay\"><\/div>\n\t\t\t\t\t\t\t\t\t\t\t\t\t\t<\/a>\n\t\t\t\t\t\t\t<a class=\"e-gallery-item elementor-gallery-item elementor-animated-content\" href=\"https:\/\/espaciolaplaza.es\/wp-content\/uploads\/2021\/10\/233871840_1250855995348808_5613599852264687686_n-1.jpg\" data-elementor-open-lightbox=\"yes\" data-elementor-lightbox-slideshow=\"8ed07c4\" data-elementor-lightbox-title=\"233871840_1250855995348808_5613599852264687686_n\" data-e-action-hash=\"#elementor-action%3Aaction%3Dlightbox%26settings%3DeyJpZCI6NzE5LCJ1cmwiOiJodHRwczpcL1wvZXNwYWNpb2xhcGxhemEuZXNcL3dwLWNvbnRlbnRcL3VwbG9hZHNcLzIwMjFcLzEwXC8yMzM4NzE4NDBfMTI1MDg1NTk5NTM0ODgwOF81NjEzNTk5ODUyMjY0Njg3Njg2X24tMS5qcGciLCJzbGlkZXNob3ciOiI4ZWQwN2M0In0%3D\">\n\t\t\t\t\t<div class=\"e-gallery-image elementor-gallery-item__image\" data-thumbnail=\"https:\/\/espaciolaplaza.es\/wp-content\/uploads\/2021\/10\/233871840_1250855995348808_5613599852264687686_n-1-300x200.jpg\" data-width=\"300\" data-height=\"200\" aria-label=\"\" role=\"img\" ><\/div>\n\t\t\t\t\t\t\t\t\t\t\t<div class=\"elementor-gallery-item__overlay\"><\/div>\n\t\t\t\t\t\t\t\t\t\t\t\t\t\t<\/a>\n\t\t\t\t\t\t\t<a class=\"e-gallery-item elementor-gallery-item elementor-animated-content\" href=\"https:\/\/espaciolaplaza.es\/wp-content\/uploads\/2021\/10\/230984569_1250856065348801_5763783216555401588_n-1.jpg\" data-elementor-open-lightbox=\"yes\" data-elementor-lightbox-slideshow=\"8ed07c4\" data-elementor-lightbox-title=\"230984569_1250856065348801_5763783216555401588_n\" data-e-action-hash=\"#elementor-action%3Aaction%3Dlightbox%26settings%3DeyJpZCI6NzIwLCJ1cmwiOiJodHRwczpcL1wvZXNwYWNpb2xhcGxhemEuZXNcL3dwLWNvbnRlbnRcL3VwbG9hZHNcLzIwMjFcLzEwXC8yMzA5ODQ1NjlfMTI1MDg1NjA2NTM0ODgwMV81NzYzNzgzMjE2NTU1NDAxNTg4X24tMS5qcGciLCJzbGlkZXNob3ciOiI4ZWQwN2M0In0%3D\">\n\t\t\t\t\t<div class=\"e-gallery-image elementor-gallery-item__image\" data-thumbnail=\"https:\/\/espaciolaplaza.es\/wp-content\/uploads\/2021\/10\/230984569_1250856065348801_5763783216555401588_n-1-300x200.jpg\" data-width=\"300\" data-height=\"200\" aria-label=\"\" role=\"img\" ><\/div>\n\t\t\t\t\t\t\t\t\t\t\t<div class=\"elementor-gallery-item__overlay\"><\/div>\n\t\t\t\t\t\t\t\t\t\t\t\t\t\t<\/a>\n\t\t\t\t\t\t\t<a class=\"e-gallery-item elementor-gallery-item elementor-animated-content\" href=\"https:\/\/espaciolaplaza.es\/wp-content\/uploads\/2021\/10\/235033584_1250877448679996_8581243706050645590_n-1.jpg\" data-elementor-open-lightbox=\"yes\" data-elementor-lightbox-slideshow=\"8ed07c4\" data-elementor-lightbox-title=\"235033584_1250877448679996_8581243706050645590_n\" data-e-action-hash=\"#elementor-action%3Aaction%3Dlightbox%26settings%3DeyJpZCI6NzIyLCJ1cmwiOiJodHRwczpcL1wvZXNwYWNpb2xhcGxhemEuZXNcL3dwLWNvbnRlbnRcL3VwbG9hZHNcLzIwMjFcLzEwXC8yMzUwMzM1ODRfMTI1MDg3NzQ0ODY3OTk5Nl84NTgxMjQzNzA2MDUwNjQ1NTkwX24tMS5qcGciLCJzbGlkZXNob3ciOiI4ZWQwN2M0In0%3D\">\n\t\t\t\t\t<div class=\"e-gallery-image elementor-gallery-item__image\" data-thumbnail=\"https:\/\/espaciolaplaza.es\/wp-content\/uploads\/2021\/10\/235033584_1250877448679996_8581243706050645590_n-1-300x169.jpg\" data-width=\"300\" data-height=\"169\" aria-label=\"\" role=\"img\" ><\/div>\n\t\t\t\t\t\t\t\t\t\t\t<div class=\"elementor-gallery-item__overlay\"><\/div>\n\t\t\t\t\t\t\t\t\t\t\t\t\t\t<\/a>\n\t\t\t\t\t\t\t<a class=\"e-gallery-item elementor-gallery-item elementor-animated-content\" href=\"https:\/\/espaciolaplaza.es\/wp-content\/uploads\/2021\/10\/234063006_1250877528679988_921603939977331464_n-1.jpg\" data-elementor-open-lightbox=\"yes\" data-elementor-lightbox-slideshow=\"8ed07c4\" data-elementor-lightbox-title=\"234063006_1250877528679988_921603939977331464_n\" data-e-action-hash=\"#elementor-action%3Aaction%3Dlightbox%26settings%3DeyJpZCI6NzIzLCJ1cmwiOiJodHRwczpcL1wvZXNwYWNpb2xhcGxhemEuZXNcL3dwLWNvbnRlbnRcL3VwbG9hZHNcLzIwMjFcLzEwXC8yMzQwNjMwMDZfMTI1MDg3NzUyODY3OTk4OF85MjE2MDM5Mzk5NzczMzE0NjRfbi0xLmpwZyIsInNsaWRlc2hvdyI6IjhlZDA3YzQifQ%3D%3D\">\n\t\t\t\t\t<div class=\"e-gallery-image elementor-gallery-item__image\" data-thumbnail=\"https:\/\/espaciolaplaza.es\/wp-content\/uploads\/2021\/10\/234063006_1250877528679988_921603939977331464_n-1-300x169.jpg\" data-width=\"300\" data-height=\"169\" aria-label=\"\" role=\"img\" ><\/div>\n\t\t\t\t\t\t\t\t\t\t\t<div class=\"elementor-gallery-item__overlay\"><\/div>\n\t\t\t\t\t\t\t\t\t\t\t\t\t\t<\/a>\n\t\t\t\t\t\t\t<a class=\"e-gallery-item elementor-gallery-item elementor-animated-content\" href=\"https:\/\/espaciolaplaza.es\/wp-content\/uploads\/2021\/10\/225097030_1242096162891458_7856167970053100541_n-1.jpg\" data-elementor-open-lightbox=\"yes\" data-elementor-lightbox-slideshow=\"8ed07c4\" data-elementor-lightbox-title=\"225097030_1242096162891458_7856167970053100541_n\" data-e-action-hash=\"#elementor-action%3Aaction%3Dlightbox%26settings%3DeyJpZCI6NzA4LCJ1cmwiOiJodHRwczpcL1wvZXNwYWNpb2xhcGxhemEuZXNcL3dwLWNvbnRlbnRcL3VwbG9hZHNcLzIwMjFcLzEwXC8yMjUwOTcwMzBfMTI0MjA5NjE2Mjg5MTQ1OF83ODU2MTY3OTcwMDUzMTAwNTQxX24tMS5qcGciLCJzbGlkZXNob3ciOiI4ZWQwN2M0In0%3D\">\n\t\t\t\t\t<div class=\"e-gallery-image elementor-gallery-item__image\" data-thumbnail=\"https:\/\/espaciolaplaza.es\/wp-content\/uploads\/2021\/10\/225097030_1242096162891458_7856167970053100541_n-1-300x200.jpg\" data-width=\"300\" data-height=\"200\" aria-label=\"\" role=\"img\" ><\/div>\n\t\t\t\t\t\t\t\t\t\t\t<div class=\"elementor-gallery-item__overlay\"><\/div>\n\t\t\t\t\t\t\t\t\t\t\t\t\t\t<\/a>\n\t\t\t\t\t\t\t<a class=\"e-gallery-item elementor-gallery-item elementor-animated-content\" href=\"https:\/\/espaciolaplaza.es\/wp-content\/uploads\/2021\/10\/225903543_1242096402891434_8349610492497559458_n-1.jpg\" data-elementor-open-lightbox=\"yes\" data-elementor-lightbox-slideshow=\"8ed07c4\" data-elementor-lightbox-title=\"225903543_1242096402891434_8349610492497559458_n\" data-e-action-hash=\"#elementor-action%3Aaction%3Dlightbox%26settings%3DeyJpZCI6NzA5LCJ1cmwiOiJodHRwczpcL1wvZXNwYWNpb2xhcGxhemEuZXNcL3dwLWNvbnRlbnRcL3VwbG9hZHNcLzIwMjFcLzEwXC8yMjU5MDM1NDNfMTI0MjA5NjQwMjg5MTQzNF84MzQ5NjEwNDkyNDk3NTU5NDU4X24tMS5qcGciLCJzbGlkZXNob3ciOiI4ZWQwN2M0In0%3D\">\n\t\t\t\t\t<div class=\"e-gallery-image elementor-gallery-item__image\" data-thumbnail=\"https:\/\/espaciolaplaza.es\/wp-content\/uploads\/2021\/10\/225903543_1242096402891434_8349610492497559458_n-1-300x200.jpg\" data-width=\"300\" data-height=\"200\" aria-label=\"\" role=\"img\" ><\/div>\n\t\t\t\t\t\t\t\t\t\t\t<div class=\"elementor-gallery-item__overlay\"><\/div>\n\t\t\t\t\t\t\t\t\t\t\t\t\t\t<\/a>\n\t\t\t\t\t<\/div>\n\t\t\t<\/div>\n\t\t\t\t<\/div>\n\t\t\t\t\t<\/div>\n\t\t<\/div>\n\t\t\t\t\t\t\t<\/div>\n\t\t<\/section>\n\t\t\t\t\t\t\t<\/div>\n\t\t","protected":false},"excerpt":{"rendered":"<p>OFICINA DE INFORMACI\u00d3N JUVENIL Servicio Municipal que pertenece al \u00c1rea de Juventud del Ayuntamiento de Los Corrales de Buelna y dedicado a j\u00f3venes de entre 12 a 30 a\u00f1os. Depende, adem\u00e1s, de la Direcci\u00f3n General de Juventud y Cooperaci\u00f3n al desarrollo del Gobierno de Cantabria. INFORMACI\u00d3N JUVENIL \u00a0 &#8211; Corcheras fijas en las que expondremos, [&hellip;]<\/p>\n","protected":false},"author":1,"featured_media":0,"parent":0,"menu_order":0,"comment_status":"closed","ping_status":"closed","template":"elementor_header_footer","meta":{"footnotes":""},"_links":{"self":[{"href":"https:\/\/espaciolaplaza.es\/index.php\/wp-json\/wp\/v2\/pages\/157"}],"collection":[{"href":"https:\/\/espaciolaplaza.es\/index.php\/wp-json\/wp\/v2\/pages"}],"about":[{"href":"https:\/\/espaciolaplaza.es\/index.php\/wp-json\/wp\/v2\/types\/page"}],"author":[{"embeddable":true,"href":"https:\/\/espaciolaplaza.es\/index.php\/wp-json\/wp\/v2\/users\/1"}],"replies":[{"embeddable":true,"href":"https:\/\/espaciolaplaza.es\/index.php\/wp-json\/wp\/v2\/comments?post=157"}],"version-history":[{"count":15,"href":"https:\/\/espaciolaplaza.es\/index.php\/wp-json\/wp\/v2\/pages\/157\/revisions"}],"predecessor-version":[{"id":2934,"href":"https:\/\/espaciolaplaza.es\/index.php\/wp-json\/wp\/v2\/pages\/157\/revisions\/2934"}],"wp:attachment":[{"href":"https:\/\/espaciolaplaza.es\/index.php\/wp-json\/wp\/v2\/media?parent=157"}],"curies":[{"name":"wp","href":"https:\/\/api.w.org\/{rel}","templated":true}]}}