{"id":532,"date":"2021-09-24T15:54:27","date_gmt":"2021-09-24T15:54:27","guid":{"rendered":"http:\/\/laplaza.webcantabria.com\/?page_id=532"},"modified":"2023-07-13T23:55:29","modified_gmt":"2023-07-13T22:55:29","slug":"estelas","status":"publish","type":"page","link":"https:\/\/espaciolaplaza.es\/index.php\/oficina-de-turismo\/estelas\/","title":{"rendered":"PARQUE DE LAS ESTELAS"},"content":{"rendered":"\t\t<div data-elementor-type=\"wp-page\" data-elementor-id=\"532\" class=\"elementor elementor-532\" data-elementor-post-type=\"page\">\n\t\t\t\t\t\t\t\t\t<section class=\"elementor-section elementor-top-section elementor-element elementor-element-e676e73 elementor-section-height-min-height elementor-section-stretched elementor-section-boxed elementor-section-height-default elementor-section-items-middle\" data-id=\"e676e73\" data-element_type=\"section\" data-settings=\"{&quot;stretch_section&quot;:&quot;section-stretched&quot;,&quot;background_background&quot;:&quot;classic&quot;,&quot;shape_divider_bottom&quot;:&quot;mountains&quot;}\">\n\t\t\t\t\t<div class=\"elementor-shape elementor-shape-bottom\" data-negative=\"false\">\n\t\t\t<svg xmlns=\"http:\/\/www.w3.org\/2000\/svg\" viewBox=\"0 0 1000 100\" preserveAspectRatio=\"none\">\n\t<path class=\"elementor-shape-fill\" opacity=\"0.33\" d=\"M473,67.3c-203.9,88.3-263.1-34-320.3,0C66,119.1,0,59.7,0,59.7V0h1000v59.7 c0,0-62.1,26.1-94.9,29.3c-32.8,3.3-62.8-12.3-75.8-22.1C806,49.6,745.3,8.7,694.9,4.7S492.4,59,473,67.3z\"\/>\n\t<path class=\"elementor-shape-fill\" opacity=\"0.66\" d=\"M734,67.3c-45.5,0-77.2-23.2-129.1-39.1c-28.6-8.7-150.3-10.1-254,39.1 s-91.7-34.4-149.2,0C115.7,118.3,0,39.8,0,39.8V0h1000v36.5c0,0-28.2-18.5-92.1-18.5C810.2,18.1,775.7,67.3,734,67.3z\"\/>\n\t<path class=\"elementor-shape-fill\" d=\"M766.1,28.9c-200-57.5-266,65.5-395.1,19.5C242,1.8,242,5.4,184.8,20.6C128,35.8,132.3,44.9,89.9,52.5C28.6,63.7,0,0,0,0 h1000c0,0-9.9,40.9-83.6,48.1S829.6,47,766.1,28.9z\"\/>\n<\/svg>\t\t<\/div>\n\t\t\t\t\t<div class=\"elementor-container elementor-column-gap-default\">\n\t\t\t\t\t<div class=\"elementor-column elementor-col-100 elementor-top-column elementor-element elementor-element-735475b\" data-id=\"735475b\" data-element_type=\"column\">\n\t\t\t<div class=\"elementor-widget-wrap\">\n\t\t\t\t\t\t\t\t\t<\/div>\n\t\t<\/div>\n\t\t\t\t\t\t\t<\/div>\n\t\t<\/section>\n\t\t\t\t<section class=\"elementor-section elementor-top-section elementor-element elementor-element-3b23ed0 elementor-section-boxed elementor-section-height-default elementor-section-height-default\" data-id=\"3b23ed0\" data-element_type=\"section\">\n\t\t\t\t\t\t<div class=\"elementor-container elementor-column-gap-default\">\n\t\t\t\t\t<div class=\"elementor-column elementor-col-100 elementor-top-column elementor-element elementor-element-d47cc8f\" data-id=\"d47cc8f\" data-element_type=\"column\">\n\t\t\t<div class=\"elementor-widget-wrap elementor-element-populated\">\n\t\t\t\t\t\t\t\t<div class=\"elementor-element elementor-element-dd470ab elementor-widget elementor-widget-heading\" data-id=\"dd470ab\" data-element_type=\"widget\" data-widget_type=\"heading.default\">\n\t\t\t\t<div class=\"elementor-widget-container\">\n\t\t\t<style>\/*! elementor - v3.15.0 - 09-08-2023 *\/\n.elementor-heading-title{padding:0;margin:0;line-height:1}.elementor-widget-heading .elementor-heading-title[class*=elementor-size-]>a{color:inherit;font-size:inherit;line-height:inherit}.elementor-widget-heading .elementor-heading-title.elementor-size-small{font-size:15px}.elementor-widget-heading .elementor-heading-title.elementor-size-medium{font-size:19px}.elementor-widget-heading .elementor-heading-title.elementor-size-large{font-size:29px}.elementor-widget-heading .elementor-heading-title.elementor-size-xl{font-size:39px}.elementor-widget-heading .elementor-heading-title.elementor-size-xxl{font-size:59px}<\/style><h2 class=\"elementor-heading-title elementor-size-default\">Parque de las Estelas<\/h2>\t\t<\/div>\n\t\t\t\t<\/div>\n\t\t\t\t<div class=\"elementor-element elementor-element-bc8a826 elementor-widget elementor-widget-text-editor\" data-id=\"bc8a826\" data-element_type=\"widget\" data-widget_type=\"text-editor.default\">\n\t\t\t\t<div class=\"elementor-widget-container\">\n\t\t\t<style>\/*! elementor - v3.15.0 - 09-08-2023 *\/\n.elementor-widget-text-editor.elementor-drop-cap-view-stacked .elementor-drop-cap{background-color:#69727d;color:#fff}.elementor-widget-text-editor.elementor-drop-cap-view-framed .elementor-drop-cap{color:#69727d;border:3px solid;background-color:transparent}.elementor-widget-text-editor:not(.elementor-drop-cap-view-default) .elementor-drop-cap{margin-top:8px}.elementor-widget-text-editor:not(.elementor-drop-cap-view-default) .elementor-drop-cap-letter{width:1em;height:1em}.elementor-widget-text-editor .elementor-drop-cap{float:left;text-align:center;line-height:1;font-size:50px}.elementor-widget-text-editor .elementor-drop-cap-letter{display:inline-block}<\/style>\t\t\t\t<p class=\"p2\">El <b>Parque de las Estelas<\/b>, situado en el pueblo de <b>Barros<\/b>, fue dise\u00f1ado por el arquitecto <b>Pedro Arbea<\/b> e inaugurado en el a\u00f1o <b>2001<\/b> para albergar las dos estelas de Barros. Las estelas, probablemente, sea uno de los <b>vestigios m\u00e1s significativos y emblem\u00e1ticos del pueblo c\u00e1ntabro.<\/b> Los c\u00e1ntabros, t\u00e9rmino romano para hacer referencia a un conjunto de pueblos antiguos del norte peninsular, pueden documentarse desde el siglo III a.C. Como hito destacado est\u00e1n Las <b>Guerras C\u00e1ntabras del a\u00f1o 29 a.C. al a\u00f1o 19 a.C.<\/b>, enfrentamiento que mantuvo el <b>pueblo de los c\u00e1ntabros contra los romanos<\/b> para mantener su independencia respecto al <b>Imperio Romano<\/b>. Con la victoria romana se puede dar por concluida la conquista del Imperio de toda Hispania. En honor a esta resistencia del pueblo c\u00e1ntabro a la conquista romana, actualmente en <b>Los Corrales de Buelna<\/b> se festejan <b>Las Guerra C\u00e1ntabras, Fiesta de Inter\u00e9s Tur\u00edstico Internacional<\/b>, en \u00faltimo fin de<span class=\"Apple-converted-space\">\u00a0 <\/span>semana de agosto y el primero de septiembre.<\/p><p class=\"p3\"><b>Las Estelas<\/b><\/p><p class=\"p2\">Se tratan de grandes piedras de arenisca con <b>forma discoidea<\/b> que se encuentran <b>grabadas por ambas caras<\/b> con s\u00edmbolos como esv\u00e1sticas, aspas o c\u00edrculos conc\u00e9ntricos. Es de destacar que de las ocho estelas c\u00e1ntabras que se conocen, <b>cinco <\/b>fueron encontradas en el municipio de Los Corrales de Buelna, <b>dos en Barros y tres en Lombera.<\/b> La <b>funcionalidad<\/b> y significado de las Estelas siguen siendo todav\u00eda un misterio, entre las distintas teor\u00edas destacan las que sostienen que eran elementos de culto solar y\/o lunar, o utilizados como elementos funerarios, aunque podr\u00eda ser posible que desempe\u00f1asen ambas funciones. Tampoco hay una <b>cronolog\u00eda<\/b> exacta establecida para su elaboraci\u00f3n, que puede abarcar un per\u00edodo bastante ampl\u00edo desde el <b>siglo III a.C<\/b>., primera referencia documentada, hasta el <b>siglo I d.C<\/b>. con la conquista romana del pueblo c\u00e1ntabro.<\/p>\t\t\t\t\t\t<\/div>\n\t\t\t\t<\/div>\n\t\t\t\t\t<\/div>\n\t\t<\/div>\n\t\t\t\t\t\t\t<\/div>\n\t\t<\/section>\n\t\t\t\t<section data-bdt-sticky=\"show-on-up: true;position: start\" class=\"bdt-sticky elementor-section elementor-top-section elementor-element elementor-element-3b1f096 elementor-section-boxed elementor-section-height-default elementor-section-height-default\" data-id=\"3b1f096\" data-element_type=\"section\" data-settings=\"{&quot;background_background&quot;:&quot;classic&quot;}\">\n\t\t\t\t\t\t<div class=\"elementor-container elementor-column-gap-default\">\n\t\t\t\t\t<div class=\"elementor-column elementor-col-100 elementor-top-column elementor-element elementor-element-a295497\" data-id=\"a295497\" data-element_type=\"column\">\n\t\t\t<div class=\"elementor-widget-wrap elementor-element-populated\">\n\t\t\t\t\t\t\t\t<div class=\"elementor-element elementor-element-5c25fbf elementor-invisible elementor-widget elementor-widget-heading\" data-id=\"5c25fbf\" data-element_type=\"widget\" data-settings=\"{&quot;_animation&quot;:&quot;flash&quot;}\" data-widget_type=\"heading.default\">\n\t\t\t\t<div class=\"elementor-widget-container\">\n\t\t\t<h2 class=\"elementor-heading-title elementor-size-default\">NO ES POSIBLE ACCEDER AL RECINTO SIN CONCERTAR<br>CITA PREVIA EN EL TEL\u00c9FONO 678 235 508<\/h2>\t\t<\/div>\n\t\t\t\t<\/div>\n\t\t\t\t\t<\/div>\n\t\t<\/div>\n\t\t\t\t\t\t\t<\/div>\n\t\t<\/section>\n\t\t\t\t<section class=\"elementor-section elementor-top-section elementor-element elementor-element-a999799 elementor-section-boxed elementor-section-height-default elementor-section-height-default\" data-id=\"a999799\" data-element_type=\"section\">\n\t\t\t\t\t\t<div class=\"elementor-container elementor-column-gap-default\">\n\t\t\t\t\t<div class=\"elementor-column elementor-col-100 elementor-top-column elementor-element elementor-element-739302d\" data-id=\"739302d\" data-element_type=\"column\">\n\t\t\t<div class=\"elementor-widget-wrap elementor-element-populated\">\n\t\t\t\t\t\t\t\t<div class=\"elementor-element elementor-element-cd3f199 elementor-cta--layout-image-left elementor-cta--skin-classic elementor-animated-content elementor-bg-transform elementor-bg-transform-zoom-in elementor-widget elementor-widget-call-to-action\" data-id=\"cd3f199\" data-element_type=\"widget\" data-widget_type=\"call-to-action.default\">\n\t\t\t\t<div class=\"elementor-widget-container\">\n\t\t\t<link rel=\"stylesheet\" href=\"https:\/\/espaciolaplaza.es\/wp-content\/plugins\/elementor-pro\/assets\/css\/widget-call-to-action.min.css\">\t\t<div class=\"elementor-cta\">\n\t\t\t\t\t<div class=\"elementor-cta__bg-wrapper\">\n\t\t\t\t<div class=\"elementor-cta__bg elementor-bg\" style=\"background-image: url(https:\/\/espaciolaplaza.es\/wp-content\/uploads\/2022\/02\/Captura-de-pantalla-2022-02-28-a-las-12.58.18.jpg);\" role=\"img\" aria-label=\"Captura de pantalla 2022-02-28 a las 12.58.18\"><\/div>\n\t\t\t\t<div class=\"elementor-cta__bg-overlay\"><\/div>\n\t\t\t<\/div>\n\t\t\t\t\t\t\t<div class=\"elementor-cta__content\">\n\t\t\t\t\n\t\t\t\t<h2 class=\"elementor-cta__title elementor-cta__content-item elementor-content-item\">\u201cAproximaci\u00f3n al contexto arqueol\u00f3gico de las estelas gigantes de Los Corrales de Buelna\u201d<\/h2>\n\t\t\t\t\t\t\t\t\t<div class=\"elementor-cta__description elementor-cta__content-item elementor-content-item\">\n\t\t\t\t\t\t<br>\nLino Mantec\u00f3n Callejo y Javier Marcos Mart\u00ednez<br> Arque\u00f3logos\t\t\t\t\t<\/div>\n\t\t\t\t\n\t\t\t\t\t\t\t\t\t<div class=\"elementor-cta__button-wrapper elementor-cta__content-item elementor-content-item \">\n\t\t\t\t\t<a class=\"elementor-cta__button elementor-button elementor-size-sm\" href=\"http:\/\/espaciolaplaza.es\/wp-content\/uploads\/2022\/02\/ESTUDIO-FINAL-Estelas-discoideas_Corrales-de-BuelnaBR_signed.pdf\" target=\"_blank\">\n\t\t\t\t\t\tVer documento\t\t\t\t\t<\/a>\n\t\t\t\t\t<\/div>\n\t\t\t\t\t\t\t<\/div>\n\t\t\t\t\t\t<\/div>\n\t\t\t\t<\/div>\n\t\t\t\t<\/div>\n\t\t\t\t<div class=\"elementor-element elementor-element-0e66388 elementor-widget-divider--separator-type-pattern elementor-widget-divider--no-spacing elementor-widget-divider--view-line elementor-widget elementor-widget-divider\" data-id=\"0e66388\" data-element_type=\"widget\" data-widget_type=\"divider.default\">\n\t\t\t\t<div class=\"elementor-widget-container\">\n\t\t\t<style>\/*! elementor - v3.15.0 - 09-08-2023 *\/\n.elementor-widget-divider{--divider-border-style:none;--divider-border-width:1px;--divider-color:#0c0d0e;--divider-icon-size:20px;--divider-element-spacing:10px;--divider-pattern-height:24px;--divider-pattern-size:20px;--divider-pattern-url:none;--divider-pattern-repeat:repeat-x}.elementor-widget-divider .elementor-divider{display:flex}.elementor-widget-divider .elementor-divider__text{font-size:15px;line-height:1;max-width:95%}.elementor-widget-divider .elementor-divider__element{margin:0 var(--divider-element-spacing);flex-shrink:0}.elementor-widget-divider .elementor-icon{font-size:var(--divider-icon-size)}.elementor-widget-divider .elementor-divider-separator{display:flex;margin:0;direction:ltr}.elementor-widget-divider--view-line_icon .elementor-divider-separator,.elementor-widget-divider--view-line_text .elementor-divider-separator{align-items:center}.elementor-widget-divider--view-line_icon .elementor-divider-separator:after,.elementor-widget-divider--view-line_icon .elementor-divider-separator:before,.elementor-widget-divider--view-line_text .elementor-divider-separator:after,.elementor-widget-divider--view-line_text .elementor-divider-separator:before{display:block;content:\"\";border-bottom:0;flex-grow:1;border-top:var(--divider-border-width) var(--divider-border-style) var(--divider-color)}.elementor-widget-divider--element-align-left .elementor-divider .elementor-divider-separator>.elementor-divider__svg:first-of-type{flex-grow:0;flex-shrink:100}.elementor-widget-divider--element-align-left .elementor-divider-separator:before{content:none}.elementor-widget-divider--element-align-left .elementor-divider__element{margin-left:0}.elementor-widget-divider--element-align-right .elementor-divider .elementor-divider-separator>.elementor-divider__svg:last-of-type{flex-grow:0;flex-shrink:100}.elementor-widget-divider--element-align-right .elementor-divider-separator:after{content:none}.elementor-widget-divider--element-align-right .elementor-divider__element{margin-right:0}.elementor-widget-divider:not(.elementor-widget-divider--view-line_text):not(.elementor-widget-divider--view-line_icon) .elementor-divider-separator{border-top:var(--divider-border-width) var(--divider-border-style) var(--divider-color)}.elementor-widget-divider--separator-type-pattern{--divider-border-style:none}.elementor-widget-divider--separator-type-pattern.elementor-widget-divider--view-line .elementor-divider-separator,.elementor-widget-divider--separator-type-pattern:not(.elementor-widget-divider--view-line) .elementor-divider-separator:after,.elementor-widget-divider--separator-type-pattern:not(.elementor-widget-divider--view-line) .elementor-divider-separator:before,.elementor-widget-divider--separator-type-pattern:not([class*=elementor-widget-divider--view]) .elementor-divider-separator{width:100%;min-height:var(--divider-pattern-height);-webkit-mask-size:var(--divider-pattern-size) 100%;mask-size:var(--divider-pattern-size) 100%;-webkit-mask-repeat:var(--divider-pattern-repeat);mask-repeat:var(--divider-pattern-repeat);background-color:var(--divider-color);-webkit-mask-image:var(--divider-pattern-url);mask-image:var(--divider-pattern-url)}.elementor-widget-divider--no-spacing{--divider-pattern-size:auto}.elementor-widget-divider--bg-round{--divider-pattern-repeat:round}.rtl .elementor-widget-divider .elementor-divider__text{direction:rtl}.e-con-inner>.elementor-widget-divider,.e-con>.elementor-widget-divider{width:var(--container-widget-width,100%);--flex-grow:var(--container-widget-flex-grow)}<\/style>\t\t<div class=\"elementor-divider\" style=\"--divider-pattern-url: url(&quot;data:image\/svg+xml,%3Csvg xmlns=&#039;http:\/\/www.w3.org\/2000\/svg&#039; preserveAspectRatio=&#039;xMidYMid meet&#039; overflow=&#039;visible&#039; height=&#039;100%&#039; viewBox=&#039;0 0 120 26&#039; fill=&#039;black&#039; stroke=&#039;none&#039;%3E%3Cpath d=&#039;M11.9,15.9L11.9,15.9L0,16c-0.2-3.7,1.5-5.7,4.9-6C10,9.6,12.4,14.2,11.9,15.9zM26.9,15.9L26.9,15.9L15,16c0.5-3.7,2.5-5.7,5.9-6C26,9.6,27.4,14.2,26.9,15.9z M37.1,10c3.4,0.3,5.1,2.3,4.9,6H30.1C29.5,14.4,31.9,9.6,37.1,10z M57,15.9L57,15.9L45,16c0-3.4,1.6-5.4,4.9-5.9C54.8,9.3,57.4,14.2,57,15.9z M71.9,15.9L71.9,15.9L60,16c-0.2-3.7,1.5-5.7,4.9-6C70,9.6,72.4,14.2,71.9,15.9z M82.2,10c3.4,0.3,5,2.3,4.8,6H75.3C74,13,77.1,9.6,82.2,10zM101.9,15.9L101.9,15.9L90,16c-0.2-3.7,1.5-5.7,4.9-6C100,9.6,102.4,14.2,101.9,15.9z M112.1,10.1c2.7,0.5,4.3,2.5,4.9,5.9h-11.9l0,0C104.5,14.4,108,9.3,112.1,10.1z&#039;\/%3E%3C\/svg%3E&quot;);\">\n\t\t\t<span class=\"elementor-divider-separator\">\n\t\t\t\t\t\t<\/span>\n\t\t<\/div>\n\t\t\t\t<\/div>\n\t\t\t\t<\/div>\n\t\t\t\t<div class=\"elementor-element elementor-element-8000e43 elementor-widget elementor-widget-heading\" data-id=\"8000e43\" data-element_type=\"widget\" data-widget_type=\"heading.default\">\n\t\t\t\t<div class=\"elementor-widget-container\">\n\t\t\t<h2 class=\"elementor-heading-title elementor-size-default\">Estelas de Barros<\/h2>\t\t<\/div>\n\t\t\t\t<\/div>\n\t\t\t\t\t<\/div>\n\t\t<\/div>\n\t\t\t\t\t\t\t<\/div>\n\t\t<\/section>\n\t\t\t\t<section class=\"elementor-section elementor-top-section elementor-element elementor-element-954eb79 elementor-section-height-min-height elementor-section-boxed elementor-section-height-default elementor-section-items-middle\" data-id=\"954eb79\" data-element_type=\"section\">\n\t\t\t\t\t\t<div class=\"elementor-container elementor-column-gap-default\">\n\t\t\t\t\t<div class=\"elementor-column elementor-col-50 elementor-top-column elementor-element elementor-element-2ba1d85\" data-id=\"2ba1d85\" data-element_type=\"column\" data-settings=\"{&quot;background_background&quot;:&quot;classic&quot;}\">\n\t\t\t<div class=\"elementor-widget-wrap elementor-element-populated\">\n\t\t\t\t\t\t\t\t<div class=\"elementor-element elementor-element-aae537a elementor-widget elementor-widget-image\" data-id=\"aae537a\" data-element_type=\"widget\" data-widget_type=\"image.default\">\n\t\t\t\t<div class=\"elementor-widget-container\">\n\t\t\t<style>\/*! elementor - v3.15.0 - 09-08-2023 *\/\n.elementor-widget-image{text-align:center}.elementor-widget-image a{display:inline-block}.elementor-widget-image a img[src$=\".svg\"]{width:48px}.elementor-widget-image img{vertical-align:middle;display:inline-block}<\/style>\t\t\t\t\t\t\t\t\t\t\t\t<img decoding=\"async\" loading=\"lazy\" width=\"800\" height=\"600\" src=\"https:\/\/espaciolaplaza.es\/wp-content\/uploads\/2021\/09\/Estela-Barros-I-anverso-2-1.jpg\" class=\"attachment-large size-large wp-image-541\" alt=\"\" srcset=\"https:\/\/espaciolaplaza.es\/wp-content\/uploads\/2021\/09\/Estela-Barros-I-anverso-2-1.jpg 960w, https:\/\/espaciolaplaza.es\/wp-content\/uploads\/2021\/09\/Estela-Barros-I-anverso-2-1-300x225.jpg 300w, https:\/\/espaciolaplaza.es\/wp-content\/uploads\/2021\/09\/Estela-Barros-I-anverso-2-1-768x576.jpg 768w\" sizes=\"(max-width: 800px) 100vw, 800px\" \/>\t\t\t\t\t\t\t\t\t\t\t\t\t\t\t<\/div>\n\t\t\t\t<\/div>\n\t\t\t\t\t<\/div>\n\t\t<\/div>\n\t\t\t\t<div class=\"elementor-column elementor-col-50 elementor-top-column elementor-element elementor-element-50d6686\" data-id=\"50d6686\" data-element_type=\"column\">\n\t\t\t<div class=\"elementor-widget-wrap elementor-element-populated\">\n\t\t\t\t\t\t\t\t<div class=\"elementor-element elementor-element-1bfb521 elementor-widget elementor-widget-heading\" data-id=\"1bfb521\" data-element_type=\"widget\" data-widget_type=\"heading.default\">\n\t\t\t\t<div class=\"elementor-widget-container\">\n\t\t\t<h2 class=\"elementor-heading-title elementor-size-default\">Estela de Barros I<\/h2>\t\t<\/div>\n\t\t\t\t<\/div>\n\t\t\t\t<div class=\"elementor-element elementor-element-7a92daa elementor-widget elementor-widget-text-editor\" data-id=\"7a92daa\" data-element_type=\"widget\" data-widget_type=\"text-editor.default\">\n\t\t\t\t<div class=\"elementor-widget-container\">\n\t\t\t\t\t\t\t<p>Probablemente una de las estelas m\u00e1s populares y con mayor presencia en el imaginario colectivo de los c\u00e1ntabros. Su imagen forma parte del <b>escudo de Cantabria<\/b> desde 1984, siendo declarada <b>Bien de Inter\u00e9s Cultural<\/b> en 1985. Adem\u00e1s de formar parte del escudo, su imagen ha sido empleada en numerosas representaciones iconogr\u00e1ficas e identitarias como el <b>l\u00e1baru c\u00e1ntabro<\/b>.<span class=\"Apple-converted-space\">\u00a0 <\/span>Seg\u00fan cuenta la tradici\u00f3n, cuando se hall\u00f3 la estela apareci\u00f3 una imagen de la Virgen, lo que motiv\u00f3 la construcci\u00f3n de la ermita de la Rueda, edificio junto al que se sit\u00faan las estelas. En el anverso se observan relieves con un disco central de cuatro cuartos crecientes enfrentados con c\u00edrculos en su interior. Alrededor del cual se disponen tres c\u00edrculos conc\u00e9ntricos, rematados con otro decorado con tri\u00e1ngulos is\u00f3sceles. El reverso es id\u00e9ntico, a excepci\u00f3n de que los c\u00edrculos del disco central de los cuartos crecientes son sustituidos por tri\u00e1ngulos is\u00f3sceles.<\/p>\t\t\t\t\t\t<\/div>\n\t\t\t\t<\/div>\n\t\t\t\t\t<\/div>\n\t\t<\/div>\n\t\t\t\t\t\t\t<\/div>\n\t\t<\/section>\n\t\t\t\t<section class=\"elementor-section elementor-top-section elementor-element elementor-element-3787ed6 elementor-section-boxed elementor-section-height-default elementor-section-height-default\" data-id=\"3787ed6\" data-element_type=\"section\">\n\t\t\t\t\t\t<div class=\"elementor-container elementor-column-gap-default\">\n\t\t\t\t\t<div class=\"elementor-column elementor-col-50 elementor-top-column elementor-element elementor-element-55137f7\" data-id=\"55137f7\" data-element_type=\"column\" data-settings=\"{&quot;background_background&quot;:&quot;classic&quot;}\">\n\t\t\t<div class=\"elementor-widget-wrap elementor-element-populated\">\n\t\t\t\t\t\t\t\t<div class=\"elementor-element elementor-element-e5cc86b elementor-widget elementor-widget-image\" data-id=\"e5cc86b\" data-element_type=\"widget\" data-widget_type=\"image.default\">\n\t\t\t\t<div class=\"elementor-widget-container\">\n\t\t\t\t\t\t\t\t\t\t\t\t\t\t\t<img decoding=\"async\" loading=\"lazy\" width=\"306\" height=\"350\" src=\"https:\/\/espaciolaplaza.es\/wp-content\/uploads\/2022\/01\/barros2-1.jpg\" class=\"attachment-large size-large wp-image-1448\" alt=\"\" srcset=\"https:\/\/espaciolaplaza.es\/wp-content\/uploads\/2022\/01\/barros2-1.jpg 306w, https:\/\/espaciolaplaza.es\/wp-content\/uploads\/2022\/01\/barros2-1-262x300.jpg 262w\" sizes=\"(max-width: 306px) 100vw, 306px\" \/>\t\t\t\t\t\t\t\t\t\t\t\t\t\t\t<\/div>\n\t\t\t\t<\/div>\n\t\t\t\t\t<\/div>\n\t\t<\/div>\n\t\t\t\t<div class=\"elementor-column elementor-col-50 elementor-top-column elementor-element elementor-element-299f429\" data-id=\"299f429\" data-element_type=\"column\">\n\t\t\t<div class=\"elementor-widget-wrap elementor-element-populated\">\n\t\t\t\t\t\t\t\t<div class=\"elementor-element elementor-element-d875d14 elementor-widget elementor-widget-heading\" data-id=\"d875d14\" data-element_type=\"widget\" data-widget_type=\"heading.default\">\n\t\t\t\t<div class=\"elementor-widget-container\">\n\t\t\t<h2 class=\"elementor-heading-title elementor-size-default\">Estela de Barros II<\/h2>\t\t<\/div>\n\t\t\t\t<\/div>\n\t\t\t\t<div class=\"elementor-element elementor-element-610aa52 elementor-widget elementor-widget-text-editor\" data-id=\"610aa52\" data-element_type=\"widget\" data-widget_type=\"text-editor.default\">\n\t\t\t\t<div class=\"elementor-widget-container\">\n\t\t\t\t\t\t\t<p><span style=\"font-size: 16px;\">La <\/span><b style=\"font-style: inherit;\">Estela de Barros<\/b><span style=\"font-size: 16px;\"> fue hallada completamente <\/span><b style=\"font-style: inherit;\">fragmentada<\/b><span style=\"font-size: 16px;\"> en siete trozos en el interior de la <\/span><b style=\"font-style: inherit;\">ermita de la Virgen de la Rueda<\/b><span style=\"font-size: 16px;\">. En 1977 se extrajeron las diferentes piezas y en <\/span><b style=\"font-style: inherit;\">1999 se unieron<\/b><span style=\"font-size: 16px;\">, con el aspecto que presenta actualmente. El hecho de que apareciera fragmentada ha generado dudas siempre sobre si se trata de una sola estela o son varias. La <\/span><b style=\"font-style: inherit;\">estela de Barros II es una de las m\u00e1s grandes<\/b><span style=\"font-size: 16px;\"> que se han encontrado. La decoraci\u00f3n de esta estela es id\u00e9ntica en el anverso y el reverso conformado por un disco rodeado de cuatro cuartos crecientes dentro de tres c\u00edrculos conc\u00e9ntricos y con un c\u00edrculo exterior a base de tri\u00e1ngulos is\u00f3sceles.<\/span><\/p>\t\t\t\t\t\t<\/div>\n\t\t\t\t<\/div>\n\t\t\t\t\t<\/div>\n\t\t<\/div>\n\t\t\t\t\t\t\t<\/div>\n\t\t<\/section>\n\t\t\t\t<section class=\"elementor-section elementor-top-section elementor-element elementor-element-c22cc78 elementor-section-boxed elementor-section-height-default elementor-section-height-default\" data-id=\"c22cc78\" data-element_type=\"section\">\n\t\t\t\t\t\t<div class=\"elementor-container elementor-column-gap-default\">\n\t\t\t\t\t<div class=\"elementor-column elementor-col-100 elementor-top-column elementor-element elementor-element-1a8fbc7\" data-id=\"1a8fbc7\" data-element_type=\"column\">\n\t\t\t<div class=\"elementor-widget-wrap elementor-element-populated\">\n\t\t\t\t\t\t\t\t<div class=\"elementor-element elementor-element-a215453 elementor-widget-divider--separator-type-pattern elementor-widget-divider--no-spacing elementor-widget-divider--view-line elementor-widget elementor-widget-divider\" data-id=\"a215453\" data-element_type=\"widget\" data-widget_type=\"divider.default\">\n\t\t\t\t<div class=\"elementor-widget-container\">\n\t\t\t\t\t<div class=\"elementor-divider\" style=\"--divider-pattern-url: url(&quot;data:image\/svg+xml,%3Csvg xmlns=&#039;http:\/\/www.w3.org\/2000\/svg&#039; preserveAspectRatio=&#039;xMidYMid meet&#039; overflow=&#039;visible&#039; height=&#039;100%&#039; viewBox=&#039;0 0 120 26&#039; fill=&#039;black&#039; stroke=&#039;none&#039;%3E%3Cpath d=&#039;M11.9,15.9L11.9,15.9L0,16c-0.2-3.7,1.5-5.7,4.9-6C10,9.6,12.4,14.2,11.9,15.9zM26.9,15.9L26.9,15.9L15,16c0.5-3.7,2.5-5.7,5.9-6C26,9.6,27.4,14.2,26.9,15.9z M37.1,10c3.4,0.3,5.1,2.3,4.9,6H30.1C29.5,14.4,31.9,9.6,37.1,10z M57,15.9L57,15.9L45,16c0-3.4,1.6-5.4,4.9-5.9C54.8,9.3,57.4,14.2,57,15.9z M71.9,15.9L71.9,15.9L60,16c-0.2-3.7,1.5-5.7,4.9-6C70,9.6,72.4,14.2,71.9,15.9z M82.2,10c3.4,0.3,5,2.3,4.8,6H75.3C74,13,77.1,9.6,82.2,10zM101.9,15.9L101.9,15.9L90,16c-0.2-3.7,1.5-5.7,4.9-6C100,9.6,102.4,14.2,101.9,15.9z M112.1,10.1c2.7,0.5,4.3,2.5,4.9,5.9h-11.9l0,0C104.5,14.4,108,9.3,112.1,10.1z&#039;\/%3E%3C\/svg%3E&quot;);\">\n\t\t\t<span class=\"elementor-divider-separator\">\n\t\t\t\t\t\t<\/span>\n\t\t<\/div>\n\t\t\t\t<\/div>\n\t\t\t\t<\/div>\n\t\t\t\t<div class=\"elementor-element elementor-element-0886190 elementor-widget elementor-widget-heading\" data-id=\"0886190\" data-element_type=\"widget\" data-widget_type=\"heading.default\">\n\t\t\t\t<div class=\"elementor-widget-container\">\n\t\t\t<h2 class=\"elementor-heading-title elementor-size-default\">Estelas de Lombera<\/h2>\t\t<\/div>\n\t\t\t\t<\/div>\n\t\t\t\t<div class=\"elementor-element elementor-element-bbfa4cc elementor-widget elementor-widget-heading\" data-id=\"bbfa4cc\" data-element_type=\"widget\" data-widget_type=\"heading.default\">\n\t\t\t\t<div class=\"elementor-widget-container\">\n\t\t\t<h2 class=\"elementor-heading-title elementor-size-default\">Adem\u00e1s de las Estelas de Barros, existen otras tres Estelas que fueron halladas en el barrio de Lombera, que actualmente se encuentran en el MUPAC (Museo de Prehistoria y Arqueolog\u00eda de Cantabria).<\/h2>\t\t<\/div>\n\t\t\t\t<\/div>\n\t\t\t\t<div class=\"elementor-element elementor-element-52e4ea2 elementor-widget-divider--view-line elementor-widget elementor-widget-divider\" data-id=\"52e4ea2\" data-element_type=\"widget\" data-widget_type=\"divider.default\">\n\t\t\t\t<div class=\"elementor-widget-container\">\n\t\t\t\t\t<div class=\"elementor-divider\">\n\t\t\t<span class=\"elementor-divider-separator\">\n\t\t\t\t\t\t<\/span>\n\t\t<\/div>\n\t\t\t\t<\/div>\n\t\t\t\t<\/div>\n\t\t\t\t\t<\/div>\n\t\t<\/div>\n\t\t\t\t\t\t\t<\/div>\n\t\t<\/section>\n\t\t\t\t<section class=\"elementor-section elementor-top-section elementor-element elementor-element-d541606 elementor-section-boxed elementor-section-height-default elementor-section-height-default\" data-id=\"d541606\" data-element_type=\"section\">\n\t\t\t\t\t\t<div class=\"elementor-container elementor-column-gap-default\">\n\t\t\t\t\t<div class=\"elementor-column elementor-col-33 elementor-top-column elementor-element elementor-element-5a9544e\" data-id=\"5a9544e\" data-element_type=\"column\" data-settings=\"{&quot;background_background&quot;:&quot;classic&quot;}\">\n\t\t\t<div class=\"elementor-widget-wrap elementor-element-populated\">\n\t\t\t\t\t\t\t\t<div class=\"elementor-element elementor-element-b528984 elementor-widget elementor-widget-heading\" data-id=\"b528984\" data-element_type=\"widget\" data-widget_type=\"heading.default\">\n\t\t\t\t<div class=\"elementor-widget-container\">\n\t\t\t<h2 class=\"elementor-heading-title elementor-size-default\">Estela de Lombera I<\/h2>\t\t<\/div>\n\t\t\t\t<\/div>\n\t\t\t\t<div class=\"elementor-element elementor-element-4ab4c25 elementor-widget elementor-widget-image\" data-id=\"4ab4c25\" data-element_type=\"widget\" data-widget_type=\"image.default\">\n\t\t\t\t<div class=\"elementor-widget-container\">\n\t\t\t\t\t\t\t\t\t\t\t\t\t\t\t<img decoding=\"async\" loading=\"lazy\" width=\"800\" height=\"600\" src=\"https:\/\/espaciolaplaza.es\/wp-content\/uploads\/2021\/09\/Estela-Lombera-1-anverso-1.jpg\" class=\"attachment-large size-large wp-image-540\" alt=\"\" srcset=\"https:\/\/espaciolaplaza.es\/wp-content\/uploads\/2021\/09\/Estela-Lombera-1-anverso-1.jpg 960w, https:\/\/espaciolaplaza.es\/wp-content\/uploads\/2021\/09\/Estela-Lombera-1-anverso-1-300x225.jpg 300w, https:\/\/espaciolaplaza.es\/wp-content\/uploads\/2021\/09\/Estela-Lombera-1-anverso-1-768x576.jpg 768w\" sizes=\"(max-width: 800px) 100vw, 800px\" \/>\t\t\t\t\t\t\t\t\t\t\t\t\t\t\t<\/div>\n\t\t\t\t<\/div>\n\t\t\t\t<div class=\"elementor-element elementor-element-f068180 elementor-widget elementor-widget-text-editor\" data-id=\"f068180\" data-element_type=\"widget\" data-widget_type=\"text-editor.default\">\n\t\t\t\t<div class=\"elementor-widget-container\">\n\t\t\t\t\t\t\t<p>Est\u00e1 reconstruida por varios fragmentos hallados en 1937 en el altar de la ermita de San Cipriano, en Lombera. Mide 1,90m de di\u00e1metro y presenta bajorrelieves en ambas caras. En el anverso, seis cuartos crecientes rodeados de dos circunferencias conc\u00e9ntricas y, en el reverso, esv\u00e1stica solar de 5 brazos curvos con giro a la izquierda.<\/p>\t\t\t\t\t\t<\/div>\n\t\t\t\t<\/div>\n\t\t\t\t\t<\/div>\n\t\t<\/div>\n\t\t\t\t<div class=\"elementor-column elementor-col-33 elementor-top-column elementor-element elementor-element-e0c6109\" data-id=\"e0c6109\" data-element_type=\"column\">\n\t\t\t<div class=\"elementor-widget-wrap elementor-element-populated\">\n\t\t\t\t\t\t\t\t<div class=\"elementor-element elementor-element-3b3de92 elementor-widget elementor-widget-heading\" data-id=\"3b3de92\" data-element_type=\"widget\" data-widget_type=\"heading.default\">\n\t\t\t\t<div class=\"elementor-widget-container\">\n\t\t\t<h2 class=\"elementor-heading-title elementor-size-default\">Estela de Lombera II<\/h2>\t\t<\/div>\n\t\t\t\t<\/div>\n\t\t\t\t<div class=\"elementor-element elementor-element-7ee36e6 elementor-widget elementor-widget-image\" data-id=\"7ee36e6\" data-element_type=\"widget\" data-widget_type=\"image.default\">\n\t\t\t\t<div class=\"elementor-widget-container\">\n\t\t\t\t\t\t\t\t\t\t\t\t\t\t\t<img decoding=\"async\" loading=\"lazy\" width=\"800\" height=\"600\" src=\"https:\/\/espaciolaplaza.es\/wp-content\/uploads\/2021\/09\/Estela-Lombera-II-reverso-2-1.jpg\" class=\"attachment-large size-large wp-image-537\" alt=\"\" srcset=\"https:\/\/espaciolaplaza.es\/wp-content\/uploads\/2021\/09\/Estela-Lombera-II-reverso-2-1.jpg 960w, https:\/\/espaciolaplaza.es\/wp-content\/uploads\/2021\/09\/Estela-Lombera-II-reverso-2-1-300x225.jpg 300w, https:\/\/espaciolaplaza.es\/wp-content\/uploads\/2021\/09\/Estela-Lombera-II-reverso-2-1-768x576.jpg 768w\" sizes=\"(max-width: 800px) 100vw, 800px\" \/>\t\t\t\t\t\t\t\t\t\t\t\t\t\t\t<\/div>\n\t\t\t\t<\/div>\n\t\t\t\t<div class=\"elementor-element elementor-element-99f0bd9 elementor-widget elementor-widget-text-editor\" data-id=\"99f0bd9\" data-element_type=\"widget\" data-widget_type=\"text-editor.default\">\n\t\t\t\t<div class=\"elementor-widget-container\">\n\t\t\t\t\t\t\t<p>Al igual que la Estela de Lombera I, fue hallada en la ermita de San Cipriano en 1937. Mide 1,70m de di\u00e1metro. Bordeando la estela, hay un motivo de forma triangular. En el anverso, cuatro cuartos crecientes rodeados de tres circunferencias conc\u00e9ntricas y, en el reverso, esv\u00e1stica solar de 5 brazos curvos con giro a la derecha.<\/p>\t\t\t\t\t\t<\/div>\n\t\t\t\t<\/div>\n\t\t\t\t\t<\/div>\n\t\t<\/div>\n\t\t\t\t<div class=\"elementor-column elementor-col-33 elementor-top-column elementor-element elementor-element-ca41b68\" data-id=\"ca41b68\" data-element_type=\"column\">\n\t\t\t<div class=\"elementor-widget-wrap elementor-element-populated\">\n\t\t\t\t\t\t\t\t<div class=\"elementor-element elementor-element-35ae11f elementor-widget elementor-widget-heading\" data-id=\"35ae11f\" data-element_type=\"widget\" data-widget_type=\"heading.default\">\n\t\t\t\t<div class=\"elementor-widget-container\">\n\t\t\t<h2 class=\"elementor-heading-title elementor-size-default\">Estela de Lombera III<\/h2>\t\t<\/div>\n\t\t\t\t<\/div>\n\t\t\t\t<div class=\"elementor-element elementor-element-ec018d1 elementor-widget elementor-widget-image\" data-id=\"ec018d1\" data-element_type=\"widget\" data-widget_type=\"image.default\">\n\t\t\t\t<div class=\"elementor-widget-container\">\n\t\t\t\t\t\t\t\t\t\t\t\t\t\t\t<img decoding=\"async\" loading=\"lazy\" width=\"800\" height=\"587\" src=\"https:\/\/espaciolaplaza.es\/wp-content\/uploads\/2021\/09\/Parque-de-Las-Estelas-1.jpg\" class=\"attachment-large size-large wp-image-535\" alt=\"\" srcset=\"https:\/\/espaciolaplaza.es\/wp-content\/uploads\/2021\/09\/Parque-de-Las-Estelas-1.jpg 982w, https:\/\/espaciolaplaza.es\/wp-content\/uploads\/2021\/09\/Parque-de-Las-Estelas-1-300x220.jpg 300w, https:\/\/espaciolaplaza.es\/wp-content\/uploads\/2021\/09\/Parque-de-Las-Estelas-1-768x563.jpg 768w\" sizes=\"(max-width: 800px) 100vw, 800px\" \/>\t\t\t\t\t\t\t\t\t\t\t\t\t\t\t<\/div>\n\t\t\t\t<\/div>\n\t\t\t\t<div class=\"elementor-element elementor-element-e2a8cfb elementor-widget elementor-widget-text-editor\" data-id=\"e2a8cfb\" data-element_type=\"widget\" data-widget_type=\"text-editor.default\">\n\t\t\t\t<div class=\"elementor-widget-container\">\n\t\t\t\t\t\t\t<p>De esta tercera estela solamente ha llegado hasta nuestros d\u00edas un fragmento que fue encontrado en la pared que limita la finca de la ermita de San Cipriano. Se cree que pudo tener un di\u00e1metro de 1,30m y el reverso no grabado. En el anverso presenta bajorrelieves de cuartos crecientes enfrentados. Actualmente no est\u00e1 en exhibici\u00f3n.<\/p>\t\t\t\t\t\t<\/div>\n\t\t\t\t<\/div>\n\t\t\t\t\t<\/div>\n\t\t<\/div>\n\t\t\t\t\t\t\t<\/div>\n\t\t<\/section>\n\t\t\t\t\t\t\t<\/div>\n\t\t","protected":false},"excerpt":{"rendered":"<p>Parque de las Estelas El Parque de las Estelas, situado en el pueblo de Barros, fue dise\u00f1ado por el arquitecto Pedro Arbea e inaugurado en el a\u00f1o 2001 para albergar las dos estelas de Barros. Las estelas, probablemente, sea uno de los vestigios m\u00e1s significativos y emblem\u00e1ticos del pueblo c\u00e1ntabro. Los c\u00e1ntabros, t\u00e9rmino romano para [&hellip;]<\/p>\n","protected":false},"author":1,"featured_media":0,"parent":159,"menu_order":0,"comment_status":"closed","ping_status":"closed","template":"elementor_header_footer","meta":{"footnotes":""},"_links":{"self":[{"href":"https:\/\/espaciolaplaza.es\/index.php\/wp-json\/wp\/v2\/pages\/532"}],"collection":[{"href":"https:\/\/espaciolaplaza.es\/index.php\/wp-json\/wp\/v2\/pages"}],"about":[{"href":"https:\/\/espaciolaplaza.es\/index.php\/wp-json\/wp\/v2\/types\/page"}],"author":[{"embeddable":true,"href":"https:\/\/espaciolaplaza.es\/index.php\/wp-json\/wp\/v2\/users\/1"}],"replies":[{"embeddable":true,"href":"https:\/\/espaciolaplaza.es\/index.php\/wp-json\/wp\/v2\/comments?post=532"}],"version-history":[{"count":31,"href":"https:\/\/espaciolaplaza.es\/index.php\/wp-json\/wp\/v2\/pages\/532\/revisions"}],"predecessor-version":[{"id":2652,"href":"https:\/\/espaciolaplaza.es\/index.php\/wp-json\/wp\/v2\/pages\/532\/revisions\/2652"}],"up":[{"embeddable":true,"href":"https:\/\/espaciolaplaza.es\/index.php\/wp-json\/wp\/v2\/pages\/159"}],"wp:attachment":[{"href":"https:\/\/espaciolaplaza.es\/index.php\/wp-json\/wp\/v2\/media?parent=532"}],"curies":[{"name":"wp","href":"https:\/\/api.w.org\/{rel}","templated":true}]}}